{"id":97,"date":"2023-10-01T20:26:39","date_gmt":"2023-10-01T18:26:39","guid":{"rendered":"https:\/\/smartcity.stuttgart.de\/?post_type=project&#038;p=97"},"modified":"2025-11-03T10:50:36","modified_gmt":"2025-11-03T09:50:36","slug":"open-data-portal","status":"publish","type":"project","link":"https:\/\/digitalmonitor.stuttgart.de\/index.php\/project\/open-data-portal\/","title":{"rendered":"Open Data Portal"},"content":{"rendered":"<p>[et_pb_section fb_built=&#8220;1&#8243; custom_padding_last_edited=&#8220;on|desktop&#8220; _builder_version=&#8220;4.24.0&#8243; _module_preset=&#8220;default&#8220; width=&#8220;100%&#8220; width_tablet=&#8220;100%&#8220; width_phone=&#8220;100%&#8220; width_last_edited=&#8220;on|phone&#8220; max_width=&#8220;100%&#8220; custom_margin=&#8220;||100px||false|false&#8220; custom_margin_tablet=&#8220;||50px||false|false&#8220; custom_margin_phone=&#8220;0px|0px|50px|0px|false|false&#8220; custom_margin_last_edited=&#8220;on|phone&#8220; custom_padding_tablet=&#8220;&#8220; custom_padding_phone=&#8220;0px|0px|0px|0px|false|false&#8220; module_alignment_tablet=&#8220;&#8220; module_alignment_phone=&#8220;center&#8220; module_alignment_last_edited=&#8220;on|phone&#8220; global_colors_info=&#8220;{}&#8220;][et_pb_row custom_padding_last_edited=&#8220;on|phone&#8220; disabled_on=&#8220;off|off|off&#8220; _builder_version=&#8220;4.24.0&#8243; _module_preset=&#8220;default&#8220; custom_margin=&#8220;0px||||false|false&#8220; custom_margin_tablet=&#8220;||||false|false&#8220; custom_margin_phone=&#8220;||||false|false&#8220; custom_margin_last_edited=&#8220;on|desktop&#8220; custom_padding=&#8220;0px||||false|false&#8220; custom_padding_tablet=&#8220;0px||||false|false&#8220; custom_padding_phone=&#8220;0px||||false|false&#8220; global_colors_info=&#8220;{}&#8220;][et_pb_column type=&#8220;4_4&#8243; _builder_version=&#8220;4.24.0&#8243; _module_preset=&#8220;default&#8220; global_colors_info=&#8220;{}&#8220;][et_pb_post_nav in_same_term=&#8220;off&#8220; prev_text=&#8220;n\u00e4chstes Projekt&#8220; next_text=&#8220;vorheriges Projekt&#8220; prev_text_tablet=&#8220;n\u00e4chstes Projekt&#8220; prev_text_phone=&#8220;n\u00e4chstes&#8220; prev_text_last_edited=&#8220;on|desktop&#8220; next_text_tablet=&#8220;vorheriges Projekt&#8220; next_text_phone=&#8220;vorheriges&#8220; next_text_last_edited=&#8220;on|desktop&#8220; _builder_version=&#8220;4.24.0&#8243; _module_preset=&#8220;default&#8220; width_tablet=&#8220;&#8220; width_phone=&#8220;100%&#8220; width_last_edited=&#8220;on|phone&#8220; max_width=&#8220;100%&#8220; min_height=&#8220;20px&#8220; min_height_tablet=&#8220;20px&#8220; min_height_phone=&#8220;20px&#8220; min_height_last_edited=&#8220;on|desktop&#8220; height=&#8220;20px&#8220; max_height=&#8220;20px&#8220; custom_margin=&#8220;||||false|false&#8220; custom_margin_tablet=&#8220;||||false|false&#8220; custom_margin_phone=&#8220;0px||||false|false&#8220; custom_margin_last_edited=&#8220;on|phone&#8220; custom_padding=&#8220;0px||||false|false&#8220; global_colors_info=&#8220;{}&#8220;][\/et_pb_post_nav][et_pb_divider color=&#8220;#cccccc&#8220; _builder_version=&#8220;4.24.0&#8243; _module_preset=&#8220;default&#8220; global_colors_info=&#8220;{}&#8220;][\/et_pb_divider][\/et_pb_column][\/et_pb_row][et_pb_row custom_padding_last_edited=&#8220;on|phone&#8220; _builder_version=&#8220;4.24.0&#8243; _module_preset=&#8220;default&#8220; custom_margin=&#8220;0px||0px||false|false&#8220; custom_margin_tablet=&#8220;0px||0px||false|false&#8220; custom_margin_phone=&#8220;-110px||||false|false&#8220; custom_margin_last_edited=&#8220;on|desktop&#8220; custom_padding=&#8220;0px||0px||false|false&#8220; custom_padding_tablet=&#8220;0px||0px||false|false&#8220; custom_padding_phone=&#8220;0px||0px||false|false&#8220; global_colors_info=&#8220;{}&#8220;][et_pb_column type=&#8220;4_4&#8243; _builder_version=&#8220;4.24.0&#8243; _module_preset=&#8220;default&#8220; global_colors_info=&#8220;{}&#8220;][et_pb_heading title=&#8220;Open Data Portal&#8220; _builder_version=&#8220;4.24.0&#8243; _module_preset=&#8220;default&#8220; title_font=&#8220;|700|||||||&#8220; title_font_size=&#8220;31px&#8220; title_line_height=&#8220;1.3em&#8220; title_font_size_tablet=&#8220;31px&#8220; title_font_size_phone=&#8220;27px&#8220; title_font_size_last_edited=&#8220;on|tablet&#8220; global_colors_info=&#8220;{}&#8220;][\/et_pb_heading][\/et_pb_column][\/et_pb_row][et_pb_row column_structure=&#8220;2_3,1_3&#8243; _builder_version=&#8220;4.24.0&#8243; _module_preset=&#8220;default&#8220; custom_margin=&#8220;0px||100px||false|false&#8220; custom_margin_tablet=&#8220;0px||||false|false&#8220; custom_margin_phone=&#8220;0px||50px||false|false&#8220; custom_margin_last_edited=&#8220;on|phone&#8220; custom_padding=&#8220;0px|||0px|false|false&#8220; global_colors_info=&#8220;{}&#8220;][et_pb_column type=&#8220;2_3&#8243; _builder_version=&#8220;4.24.0&#8243; _module_preset=&#8220;default&#8220; global_colors_info=&#8220;{}&#8220;][et_pb_text quote_border_color=&#8220;#ffb300&#8243; _builder_version=&#8220;4.24.0&#8243; _module_preset=&#8220;default&#8220; text_font=&#8220;Open Sans||||||||&#8220; text_text_color=&#8220;#666666&#8243; text_line_height=&#8220;2em&#8220; quote_font=&#8220;||||||||&#8220; quote_text_align=&#8220;left&#8220; quote_text_color=&#8220;#333333&#8243; quote_line_height=&#8220;2em&#8220; custom_margin=&#8220;0px||0px||false|false&#8220; custom_padding=&#8220;|40px|40px||false|false&#8220; text_font_tablet=&#8220;Open Sans||||||||&#8220; text_font_phone=&#8220;Open Sans||||||||&#8220; text_font_last_edited=&#8220;on|desktop&#8220; text_font_size_tablet=&#8220;&#8220; text_font_size_phone=&#8220;14px&#8220; text_font_size_last_edited=&#8220;on|phone&#8220; quote_font_size_tablet=&#8220;&#8220; quote_font_size_phone=&#8220;&#8220; quote_font_size_last_edited=&#8220;on|phone&#8220; global_colors_info=&#8220;{}&#8220;]<\/p>\n<blockquote>\n<p>Daten sind der Schl\u00fcssel zu klugen Entscheidungen \u2013 und sie schaffen Transparenz, die Vertrauen weckt. Doch damit Daten ihre volle Wirkung entfalten k\u00f6nnen, m\u00fcssen sie zuverl\u00e4ssig, f\u00fcr alle frei zug\u00e4nglich und ohne Einschr\u00e4nkungen nutzbar sein.<\/p>\n<\/blockquote>\n<p>[\/et_pb_text][et_pb_image src=&#8220;https:\/\/digitalmonitor.stuttgart.de\/wp-content\/uploads\/2025\/11\/schreibtisch.jpg&#8220; alt=&#8220;Ein minimalistisch eingerichteter Schreibtisch mit Bildschirm und Pflanzen ist zu sehen.&#8220; title_text=&#8220;schreibtisch&#8220; show_in_lightbox=&#8220;on&#8220; force_fullwidth=&#8220;on&#8220; disabled_on=&#8220;off|off|off&#8220; _builder_version=&#8220;4.24.0&#8243; _module_preset=&#8220;default&#8220; width_tablet=&#8220;60%&#8220; width_phone=&#8220;100%&#8220; width_last_edited=&#8220;on|phone&#8220; custom_margin=&#8220;0px||0px||false|false&#8220; custom_padding=&#8220;0px||0px||false|false&#8220; hover_enabled=&#8220;0&#8243; box_shadow_style=&#8220;preset1&#8243; box_shadow_spread=&#8220;-7px&#8220; global_colors_info=&#8220;{}&#8220; sticky_enabled=&#8220;0&#8243;][\/et_pb_image][et_pb_text disabled_on=&#8220;on|on|on&#8220; _builder_version=&#8220;4.24.0&#8243; _module_preset=&#8220;default&#8220; text_font_size=&#8220;13px&#8220; text_line_height=&#8220;1.6em&#8220; module_alignment=&#8220;left&#8220; custom_margin=&#8220;10px||0px|0px|false|false&#8220; custom_padding=&#8220;0px||14px||false|false&#8220; disabled=&#8220;on&#8220; global_colors_info=&#8220;{}&#8220;]<\/p>\n<p>\u00a9 Bild mit KI generiert<\/p>\n<p>[\/et_pb_text][et_pb_text _builder_version=&#8220;4.24.0&#8243; _module_preset=&#8220;default&#8220; text_font=&#8220;Open Sans||||||||&#8220; text_text_color=&#8220;#333333&#8243; text_line_height=&#8220;2em&#8220; custom_padding=&#8220;40px|40px|||false|false&#8220; border_radii=&#8220;off||||&#8220; global_colors_info=&#8220;{}&#8220;]<\/p>\n<p>Stellen Sie sich vor, Sie k\u00f6nnten wichtige Informationen selbst entdecken, analysieren oder sogar eigene Ideen und Anwendungen entwickeln. Genau das erm\u00f6glichen offene Daten: B\u00fcrgerinnen und B\u00fcrger erhalten neue M\u00f6glichkeiten, sich zu informieren und aktiv einzubringen. Unternehmen und Organisationen k\u00f6nnen Prozesse verbessern, innovative L\u00f6sungen entwickeln und neue Gesch\u00e4ftsmodelle schaffen. Auch die Stadtverwaltung profitiert, indem sie effizienter arbeitet und die Zusammenarbeit mit der B\u00fcrgerschaft st\u00e4rkt.<\/p>\n<p>Ein umfassendes Open-Data-Angebot ist daher ein zentraler Bestandteil des Smart-City-Konzepts der Landeshauptstadt Stuttgart. Es bietet die Basis f\u00fcr mehr Transparenz, Mitgestaltung und eine digitale Zukunft, die allen zugutekommt.<\/p>\n<p>[\/et_pb_text][\/et_pb_column][et_pb_column type=&#8220;1_3&#8243; _builder_version=&#8220;4.24.0&#8243; _module_preset=&#8220;default&#8220; global_colors_info=&#8220;{}&#8220;][et_pb_divider color=&#8220;#cccccc&#8220; disabled_on=&#8220;off|on|on&#8220; _builder_version=&#8220;4.24.0&#8243; _module_preset=&#8220;default&#8220; custom_margin=&#8220;0px||0px||false|false&#8220; custom_padding=&#8220;50px||20px||false|false&#8220; global_colors_info=&#8220;{}&#8220;][\/et_pb_divider][et_pb_blurb title=&#8220;Verwaltung&#8220; url=&#8220;@ET-DC@eyJkeW5hbWljIjp0cnVlLCJjb250ZW50IjoicG9zdF9saW5rX3VybF9wYWdlIiwic2V0dGluZ3MiOnsicG9zdF9pZCI6IjE0NjUifX0=@&#8220; image=&#8220;https:\/\/smartcity.stuttgart.de\/wp-content\/uploads\/2024\/07\/handlungsfeld-verwaltung.png&#8220; alt=&#8220;Icon Verwaltung&#8220; image_icon_width=&#8220;35%&#8220; icon_alignment=&#8220;left&#8220; _builder_version=&#8220;4.24.0&#8243; _dynamic_attributes=&#8220;link_option_url,url&#8220; _module_preset=&#8220;default&#8220; header_font=&#8220;|700||on|||||&#8220; header_font_size=&#8220;16px&#8220; header_line_height=&#8220;0em&#8220; image_icon_custom_margin=&#8220;0px||0px|0px|false|false&#8220; image_icon_custom_padding=&#8220;0px||0px||false|false&#8220; custom_margin=&#8220;0px||0px||false|false&#8220; custom_padding=&#8220;0px||0px||false|false&#8220; link_option_url=&#8220;@ET-DC@eyJkeW5hbWljIjp0cnVlLCJjb250ZW50IjoicG9zdF9saW5rX3VybF9wYWdlIiwic2V0dGluZ3MiOnsicG9zdF9pZCI6IjE0NjUifX0=@&#8220; border_color_all_image=&#8220;RGBA(255,255,255,0)&#8220; global_colors_info=&#8220;{}&#8220;][\/et_pb_blurb][et_pb_divider color=&#8220;#cccccc&#8220; disabled_on=&#8220;off|off|off&#8220; _builder_version=&#8220;4.24.0&#8243; _module_preset=&#8220;default&#8220; custom_margin=&#8220;0px||0px||false|false&#8220; custom_padding=&#8220;50px||20px||false|false&#8220; global_colors_info=&#8220;{}&#8220;][\/et_pb_divider][et_pb_blurb title=&#8220;In Umsetzung&#8220; use_icon=&#8220;on&#8220; font_icon=&#8220;&#xf024;||fa||900&#8243; icon_placement=&#8220;left&#8220; image_icon_width=&#8220;25px&#8220; _builder_version=&#8220;4.24.0&#8243; _module_preset=&#8220;default&#8220; header_font=&#8220;||||||||&#8220; header_font_size=&#8220;15px&#8220; header_line_height=&#8220;1.6em&#8220; background_color=&#8220;RGBA(255,255,255,0)&#8220; custom_margin=&#8220;0px||0px|0px|false|false&#8220; custom_padding=&#8220;15px|40px|0px|0px|false|false&#8220; global_colors_info=&#8220;{}&#8220;][\/et_pb_blurb][et_pb_blurb title=&#8220;01\/2023 &#8211; 12\/2025&#8243; use_icon=&#8220;on&#8220; font_icon=&#8220;&#xf073;||fa||400&#8243; icon_placement=&#8220;left&#8220; image_icon_width=&#8220;25px&#8220; _builder_version=&#8220;4.24.0&#8243; _module_preset=&#8220;default&#8220; header_font=&#8220;||||||||&#8220; header_font_size=&#8220;15px&#8220; header_line_height=&#8220;1.6em&#8220; background_color=&#8220;RGBA(255,255,255,0)&#8220; custom_margin=&#8220;0px||0px|0px|false|false&#8220; custom_padding=&#8220;40px|40px|0px|0px|false|false&#8220; global_colors_info=&#8220;{}&#8220;][\/et_pb_blurb][et_pb_blurb title=&#8220;Stadtmessungsamt,&#8220; url=&#8220;https:\/\/www.stuttgart.de\/organigramm\/verwaltungseinheit\/stadtmessungsamt.php&#8220; use_icon=&#8220;on&#8220; font_icon=&#8220;&#xf3c5;||fa||900&#8243; icon_placement=&#8220;left&#8220; image_icon_width=&#8220;25px&#8220; _builder_version=&#8220;4.24.0&#8243; _module_preset=&#8220;default&#8220; header_font=&#8220;||||||||&#8220; header_font_size=&#8220;15px&#8220; header_line_height=&#8220;1.6em&#8220; background_color=&#8220;RGBA(255,255,255,0)&#8220; custom_margin=&#8220;0px||0px|0px|false|false&#8220; custom_padding=&#8220;40px|40px|0px|0px|false|false&#8220; global_colors_info=&#8220;{}&#8220;]<\/p>\n<p><a href=\"https:\/\/www.stuttgart.de\/organigramm\/verwaltungseinheit\/do.it-amt-fuer-digitalisierung-organisation-und-it.php\">Amt f\u00fcr Digitalisierung, Organisation und IT,<\/a><\/p>\n<p><a href=\"https:\/\/www.stuttgart.de\/organigramm\/verwaltungseinheit\/statistisches-amt.php\" target=\"_blank\" rel=\"noopener\">Statistisches Amt<\/a><\/p>\n<p>[\/et_pb_blurb][et_pb_blurb title=&#8220;Open Data Portal&#8220; url=&#8220;https:\/\/opendata.stuttgart.de\/&#8220; url_new_window=&#8220;on&#8220; use_icon=&#8220;on&#8220; font_icon=&#8220;&#xe02b;||divi||400&#8243; icon_placement=&#8220;left&#8220; image_icon_width=&#8220;25px&#8220; _builder_version=&#8220;4.24.0&#8243; _module_preset=&#8220;default&#8220; header_font=&#8220;||||||||&#8220; header_font_size=&#8220;15px&#8220; header_line_height=&#8220;1.6em&#8220; background_color=&#8220;RGBA(255,255,255,0)&#8220; custom_margin=&#8220;0px||0px|0px|false|false&#8220; custom_padding=&#8220;40px|40px|0px|0px|false|false&#8220; global_colors_info=&#8220;{}&#8220;][\/et_pb_blurb][et_pb_divider color=&#8220;#cccccc&#8220; _builder_version=&#8220;4.24.0&#8243; _module_preset=&#8220;default&#8220; custom_margin=&#8220;0px||0px||false|false&#8220; custom_padding=&#8220;50px||20px||false|false&#8220; global_colors_info=&#8220;{}&#8220;][\/et_pb_divider][et_pb_heading title=&#8220;Nachhaltigkeitsziele&#8220; _builder_version=&#8220;4.24.0&#8243; _module_preset=&#8220;default&#8220; module_alignment=&#8220;left&#8220; global_colors_info=&#8220;{}&#8220;][\/et_pb_heading][et_pb_text _builder_version=&#8220;4.24.0&#8243; _dynamic_attributes=&#8220;link_option_url&#8220; _module_preset=&#8220;default&#8220; text_text_color=&#8220;#333333&#8243; text_font_size=&#8220;15px&#8220; text_line_height=&#8220;2em&#8220; background_color=&#8220;RGBA(255,255,255,0)&#8220; custom_margin=&#8220;0px||0px||false|false&#8220; custom_padding=&#8220;0px||0px||false|false&#8220; link_option_url=&#8220;@ET-DC@eyJkeW5hbWljIjp0cnVlLCJjb250ZW50IjoicG9zdF9saW5rX3VybF9wYWdlIiwic2V0dGluZ3MiOnsicG9zdF9pZCI6IjM0MiJ9fQ==@&#8220; border_color_all=&#8220;#cccccc&#8220; global_colors_info=&#8220;{}&#8220;]<\/p>\n<p><img loading=\"lazy\" decoding=\"async\" src=\"https:\/\/smartcity.stuttgart.de\/wp-content\/uploads\/2024\/07\/11.jpg\" width=\"130\" height=\"130\" alt=\"\" class=\"wp-image-599 alignnone size-thumbnail\" \/> \u00a0 <img loading=\"lazy\" decoding=\"async\" src=\"https:\/\/smartcity.stuttgart.de\/wp-content\/uploads\/2024\/07\/16.jpg\" width=\"130\" height=\"130\" alt=\"\" class=\"wp-image-601 alignnone size-full\" \/><\/p>\n<p>[\/et_pb_text][\/et_pb_column][\/et_pb_row][\/et_pb_section]<\/p>\n","protected":false},"excerpt":{"rendered":"<p>Daten sind der Schl\u00fcssel zu klugen Entscheidungen \u2013 und sie schaffen Transparenz, die Vertrauen weckt. Doch damit Daten ihre volle Wirkung entfalten k\u00f6nnen, m\u00fcssen sie zuverl\u00e4ssig, f\u00fcr alle frei zug\u00e4nglich und ohne Einschr\u00e4nkungen nutzbar sein. \u00a9 Bild mit KI generiertStellen Sie sich vor, Sie k\u00f6nnten wichtige Informationen selbst entdecken, analysieren oder sogar eigene Ideen und [&hellip;]<\/p>\n","protected":false},"author":2,"featured_media":3935,"comment_status":"closed","ping_status":"closed","template":"","meta":{"_et_pb_use_builder":"on","_et_pb_old_content":"<p>[et_pb_section fb_built=\"1\" _builder_version=\"4.24.0\" _module_preset=\"default\" global_colors_info=\"{}\"][et_pb_row column_structure=\"3_5,2_5\" _builder_version=\"4.24.0\" _module_preset=\"default\" global_colors_info=\"{}\"][et_pb_column type=\"3_5\" _builder_version=\"4.24.0\" _module_preset=\"default\" global_colors_info=\"{}\"][et_pb_heading title=\"Digitale Serviceleistungen\" _builder_version=\"4.24.0\" _module_preset=\"default\" global_colors_info=\"{}\"][\/et_pb_heading][et_pb_image src=\"https:\/\/smartcity.stuttgart.de\/wp-content\/uploads\/2024\/04\/Regiobike-1_Leif-Piechowski_Rechte-LHS-scaled.jpeg\" alt=\"Kinder stizten in der Schule mit Tablets in der Hand\" title_text=\"Regio Rad Stuttgart\" _builder_version=\"4.24.0\" _module_preset=\"default\" width=\"100%\" max_height=\"100%\" box_shadow_style=\"preset3\" global_colors_info=\"{}\"][\/et_pb_image][et_pb_text _builder_version=\"4.24.0\" _module_preset=\"default\" text_font_size=\"15px\" text_line_height=\"1.8em\" global_colors_info=\"{}\"]<\/p><div class=\"SP-Text\"><div class=\"SP-Paragraph\" data-sp-table=\"\" data-sp-table-bootstrapped=\"sp-92\"><p>Im Rahmen der Digitalisierungsstrategie<\/p><p><a class=\"SP-Paragraph__link\" href=\"https:\/\/www.stuttgart.de\/service\/digitalisierung\/strategie-fuer-eine-digitale-stadtverwaltung.php\">\u00a0<span class=\"SP-Paragraph__linkText\"><span class=\"SP-Paragraph__linkTitle\">\u201eDigital MoveS \u2013 Stuttgart.Gestaltet.Zukunft\u201c<\/span><\/span><\/a> hat sich die Landeshauptstadt Stuttgart zum Ziel gesetzt, ihre Verwaltungsleistungen sukzessive auch online anzubieten. Medienbruchfreie Online\u2010Prozesse erm\u00f6glichen die noch schnellere Bearbeitung von Anliegen, bestenfalls sogar ohne das Mitwirken der Sachbearbeitung. So wird z.B. die Meldebescheinigung nach der Antragstellung fast ohne Zeitverz\u00f6gerung digital ausgestellt.<\/p><p>Aktuell sind schon \u00fcber 200 Verwaltungsleistungen online. Monatlich kommen neue Online\u2010Angebote hinzu. Das Gesetz zur Verbesserung des Onlinezugangs zu Verwaltungsleistungen (Onlinezugangsgesetz \u2013 OZG) sieht vor, dass Kommunen ihre Verwaltungsleistungen \u00fcber Verwaltungsportale auch digital anbieten.\u00a0<\/p><p>Kontakt: <a class=\"SP-encrypted-email SP-Paragraph__link\" href=\"mailto:egovernment%E2%9A%B9stuttgart%E2%97%A6de\" data-sp-email=\"\" data-sp-email-bootstrapped=\"sp-147\"><span class=\"SP-Paragraph__linkText\"><span class=\"SP-Paragraph__linkTitle\">egovernment@<i>stuttgart<\/i>de<\/span><\/span><\/a><\/p><\/div><\/div><p>[\/et_pb_text][\/et_pb_column][et_pb_column type=\"2_5\" _builder_version=\"4.24.0\" _module_preset=\"default\" global_colors_info=\"{}\"][et_pb_text _builder_version=\"4.24.0\" _module_preset=\"default\" text_line_height=\"1.9em\" header_text_color=\"#000000\" header_3_line_height=\"1.2em\" global_colors_info=\"{}\"]<\/p><h3>Handlungsfeld<br \/><strong>Mobillit\u00e4t<\/strong><\/h3><p>[\/et_pb_text][et_pb_circle_counter title=\"Projekt abgeschlossen\" number=\"100\" bar_bg_color=\"#7CDA24\" _builder_version=\"4.24.0\" _module_preset=\"default\" number_text_color=\"#000000\" width=\"80%\" module_alignment=\"left\" global_colors_info=\"{}\"][\/et_pb_circle_counter][\/et_pb_column][\/et_pb_row][\/et_pb_section]<\/p>","_et_gb_content_width":"","footnotes":""},"project_category":[7,23],"project_tag":[13],"class_list":["post-97","project","type-project","status-publish","has-post-thumbnail","hentry","project_category-in-umsetzung","project_category-handlungsfeld-verwaltung","project_tag-verwaltung"],"_links":{"self":[{"href":"https:\/\/digitalmonitor.stuttgart.de\/index.php\/wp-json\/wp\/v2\/project\/97"}],"collection":[{"href":"https:\/\/digitalmonitor.stuttgart.de\/index.php\/wp-json\/wp\/v2\/project"}],"about":[{"href":"https:\/\/digitalmonitor.stuttgart.de\/index.php\/wp-json\/wp\/v2\/types\/project"}],"author":[{"embeddable":true,"href":"https:\/\/digitalmonitor.stuttgart.de\/index.php\/wp-json\/wp\/v2\/users\/2"}],"replies":[{"embeddable":true,"href":"https:\/\/digitalmonitor.stuttgart.de\/index.php\/wp-json\/wp\/v2\/comments?post=97"}],"version-history":[{"count":67,"href":"https:\/\/digitalmonitor.stuttgart.de\/index.php\/wp-json\/wp\/v2\/project\/97\/revisions"}],"predecessor-version":[{"id":6618,"href":"https:\/\/digitalmonitor.stuttgart.de\/index.php\/wp-json\/wp\/v2\/project\/97\/revisions\/6618"}],"wp:featuredmedia":[{"embeddable":true,"href":"https:\/\/digitalmonitor.stuttgart.de\/index.php\/wp-json\/wp\/v2\/media\/3935"}],"wp:attachment":[{"href":"https:\/\/digitalmonitor.stuttgart.de\/index.php\/wp-json\/wp\/v2\/media?parent=97"}],"wp:term":[{"taxonomy":"project_category","embeddable":true,"href":"https:\/\/digitalmonitor.stuttgart.de\/index.php\/wp-json\/wp\/v2\/project_category?post=97"},{"taxonomy":"project_tag","embeddable":true,"href":"https:\/\/digitalmonitor.stuttgart.de\/index.php\/wp-json\/wp\/v2\/project_tag?post=97"}],"curies":[{"name":"wp","href":"https:\/\/api.w.org\/{rel}","templated":true}]}}