{"id":6184,"date":"2023-04-11T21:00:50","date_gmt":"2023-04-11T19:00:50","guid":{"rendered":"https:\/\/digitalmonitor.stuttgart.de\/?post_type=project&#038;p=6184"},"modified":"2026-02-26T13:49:52","modified_gmt":"2026-02-26T12:49:52","slug":"engagement-portal","status":"publish","type":"project","link":"https:\/\/digitalmonitor.stuttgart.de\/index.php\/project\/engagement-portal\/","title":{"rendered":"Engagement-Portal f\u00fcr Stuttgart"},"content":{"rendered":"<p>[et_pb_section fb_built=&#8220;1&#8243; custom_padding_last_edited=&#8220;on|desktop&#8220; _builder_version=&#8220;4.24.0&#8243; _module_preset=&#8220;default&#8220; custom_margin=&#8220;||100px||false|false&#8220; custom_margin_tablet=&#8220;||50px||false|false&#8220; custom_margin_phone=&#8220;0px|0px||0px|false|false&#8220; custom_margin_last_edited=&#8220;on|phone&#8220; custom_padding_tablet=&#8220;&#8220; custom_padding_phone=&#8220;0px||0px|0px|false|false&#8220; global_colors_info=&#8220;{}&#8220;][et_pb_row custom_padding_last_edited=&#8220;on|phone&#8220; disabled_on=&#8220;off|off|off&#8220; _builder_version=&#8220;4.24.0&#8243; _module_preset=&#8220;default&#8220; custom_margin=&#8220;0px||||false|false&#8220; custom_margin_tablet=&#8220;||||false|false&#8220; custom_margin_phone=&#8220;||||false|false&#8220; custom_margin_last_edited=&#8220;on|desktop&#8220; custom_padding=&#8220;0px||||false|false&#8220; custom_padding_tablet=&#8220;0px||||false|false&#8220; custom_padding_phone=&#8220;0px||||false|false&#8220; global_colors_info=&#8220;{}&#8220;][et_pb_column type=&#8220;4_4&#8243; _builder_version=&#8220;4.24.0&#8243; _module_preset=&#8220;default&#8220; global_colors_info=&#8220;{}&#8220;][et_pb_post_nav in_same_term=&#8220;off&#8220; prev_text=&#8220;n\u00e4chstes Projekt&#8220; next_text=&#8220;vorheriges Projekt&#8220; prev_text_tablet=&#8220;n\u00e4chstes Projekt&#8220; prev_text_phone=&#8220;n\u00e4chstes&#8220; prev_text_last_edited=&#8220;on|desktop&#8220; next_text_tablet=&#8220;vorheriges Projekt&#8220; next_text_phone=&#8220;vorheriges&#8220; next_text_last_edited=&#8220;on|desktop&#8220; _builder_version=&#8220;4.24.0&#8243; _module_preset=&#8220;default&#8220; width_tablet=&#8220;&#8220; width_phone=&#8220;100%&#8220; width_last_edited=&#8220;on|phone&#8220; max_width=&#8220;100%&#8220; min_height=&#8220;20px&#8220; min_height_tablet=&#8220;20px&#8220; min_height_phone=&#8220;20px&#8220; min_height_last_edited=&#8220;on|desktop&#8220; height=&#8220;20px&#8220; max_height=&#8220;20px&#8220; custom_margin=&#8220;||||false|false&#8220; custom_margin_tablet=&#8220;||||false|false&#8220; custom_margin_phone=&#8220;0px||||false|false&#8220; custom_margin_last_edited=&#8220;on|phone&#8220; custom_padding=&#8220;0px||||false|false&#8220; global_colors_info=&#8220;{}&#8220;][\/et_pb_post_nav][et_pb_divider color=&#8220;#cccccc&#8220; _builder_version=&#8220;4.24.0&#8243; _module_preset=&#8220;default&#8220; global_colors_info=&#8220;{}&#8220;][\/et_pb_divider][\/et_pb_column][\/et_pb_row][et_pb_row custom_padding_last_edited=&#8220;on|phone&#8220; _builder_version=&#8220;4.24.0&#8243; _module_preset=&#8220;default&#8220; custom_margin=&#8220;0px||0px||false|false&#8220; custom_margin_tablet=&#8220;0px||0px||false|false&#8220; custom_margin_phone=&#8220;-110px||||false|false&#8220; custom_margin_last_edited=&#8220;on|desktop&#8220; custom_padding=&#8220;0px||0px||false|false&#8220; custom_padding_tablet=&#8220;0px||0px||false|false&#8220; custom_padding_phone=&#8220;0px||0px||false|false&#8220; global_colors_info=&#8220;{}&#8220;][et_pb_column type=&#8220;4_4&#8243; _builder_version=&#8220;4.24.0&#8243; _module_preset=&#8220;default&#8220; global_colors_info=&#8220;{}&#8220;][et_pb_heading title=&#8220;Engagement-Portal f\u00fcr Stuttgart&#8220; _builder_version=&#8220;4.24.0&#8243; _module_preset=&#8220;default&#8220; title_font=&#8220;|700|||||||&#8220; title_font_size=&#8220;31px&#8220; title_line_height=&#8220;1.3em&#8220; title_font_size_tablet=&#8220;31px&#8220; title_font_size_phone=&#8220;27px&#8220; title_font_size_last_edited=&#8220;on|tablet&#8220; global_colors_info=&#8220;{}&#8220;][\/et_pb_heading][\/et_pb_column][\/et_pb_row][et_pb_row column_structure=&#8220;2_3,1_3&#8243; _builder_version=&#8220;4.24.0&#8243; _module_preset=&#8220;default&#8220; custom_margin=&#8220;0px||||false|false&#8220; custom_padding=&#8220;0px||||false|false&#8220; global_colors_info=&#8220;{}&#8220;][et_pb_column type=&#8220;2_3&#8243; _builder_version=&#8220;4.24.0&#8243; _module_preset=&#8220;default&#8220; global_colors_info=&#8220;{}&#8220;][et_pb_text quote_border_color=&#8220;#dd23bb&#8220; _builder_version=&#8220;4.24.0&#8243; _module_preset=&#8220;default&#8220; text_font=&#8220;Open Sans||||||||&#8220; text_text_color=&#8220;#666666&#8243; text_line_height=&#8220;2em&#8220; quote_text_color=&#8220;#333333&#8243; custom_margin=&#8220;0px||0px||false|false&#8220; custom_padding=&#8220;|40px|0px||false|false&#8220; global_colors_info=&#8220;{}&#8220;]<\/p>\n<blockquote>\n<p>Das Engagement-Portal (vorl\u00e4ufiger Arbeitstitel) ist ein gemeinsames Projekt der Stadt Stuttgart, der B\u00fcrgerstiftung Stuttgart und des Freiwilligenzentrums Caleidoskop. Es soll eine zentrale digitale Plattform f\u00fcr Engagement in Stuttgart werden, da es derzeit keinen einzigen Ort gibt, an dem alle Informationen dazu zusammengestellt sind.<\/p>\n<\/blockquote>\n<p>[\/et_pb_text][et_pb_image src=&#8220;https:\/\/digitalmonitor.stuttgart.de\/wp-content\/uploads\/2025\/06\/Engagement_Portal.jpg&#8220; alt=&#8220;Skizze in schwarz-wei\u00df. Frau sitzt auf einer schwarzen Kugel mit einem Laptop. \u00dcber ihr sind mehrere Kreise miteinander zu einem Netzwerk verbunden.&#8220; title_text=&#8220;Engagement_Portal&#8220; force_fullwidth=&#8220;on&#8220; disabled_on=&#8220;off|off|off&#8220; _builder_version=&#8220;4.24.0&#8243; _module_preset=&#8220;default&#8220; width_tablet=&#8220;60%&#8220; width_phone=&#8220;100%&#8220; width_last_edited=&#8220;on|phone&#8220; custom_margin=&#8220;0px||0px||false|false&#8220; custom_padding=&#8220;0px||0px||false|false&#8220; box_shadow_style=&#8220;preset1&#8243; box_shadow_spread=&#8220;-11px&#8220; global_colors_info=&#8220;{}&#8220;][\/et_pb_image][et_pb_text disabled_on=&#8220;on|on|on&#8220; _builder_version=&#8220;4.24.0&#8243; _module_preset=&#8220;default&#8220; text_font_size=&#8220;13px&#8220; text_line_height=&#8220;1.6em&#8220; module_alignment=&#8220;left&#8220; custom_margin=&#8220;10px||0px|0px|false|false&#8220; custom_padding=&#8220;0px||14px||false|false&#8220; disabled=&#8220;on&#8220; global_colors_info=&#8220;{}&#8220;]\u00a9 Bild mit KI generiert<br \/>\n[\/et_pb_text][et_pb_text _builder_version=&#8220;4.24.0&#8243; _module_preset=&#8220;default&#8220; header_4_line_height=&#8220;1.5em&#8220; custom_margin=&#8220;30px||||false|false&#8220; header_4_font_size_tablet=&#8220;&#8220; header_4_font_size_phone=&#8220;&#8220; header_4_font_size_last_edited=&#8220;on|phone&#8220; global_colors_info=&#8220;{}&#8220;]<\/p>\n<h4><strong>Ziele des Portals sind:<\/strong><\/h4>\n<div class=\"_message-content_3ffle_2 _message-content--markdown_3ffle_20\">\n<ul>\n<li>Informationen zum Engagement in Stuttgart f\u00fcr verschiedene Zielgruppen sammeln und \u00fcbersichtlich pr\u00e4sentieren<\/li>\n<li>Pers\u00f6nliche Geschichten, Gesichter und Engagementfelder hervorheben (Spotlights)<\/li>\n<li>F\u00fcr Engagement werben und Menschen motivieren, sich in Stuttgart zu engagieren<\/li>\n<li>Die Sichtbarkeit von Initiativen, Projekten und Angeboten erh\u00f6hen<\/li>\n<\/ul>\n<h4><strong>Das Portal bietet allen Zielgruppen einen einfachen Zugang zum Thema Engagement:<\/strong><\/h4>\n<ul>\n<li>Personen, die Interesse an Freiwilligenarbeit haben oder sich engagieren m\u00f6chten<\/li>\n<li>Personen, die bereits engagiert sind<\/li>\n<li>Organisationen und Initiativen, die mit Engagierten zusammenarbeiten<\/li>\n<li>Unternehmen und Stiftungen, die sich engagieren oder engagieren wollen<\/li>\n<\/ul>\n<p>Zum Start wird eine einfache, gut durchdachte Webseite mit den wichtigsten Inhalten erstellt. In den n\u00e4chsten Jahren wird die Seite je nach Bedarf schrittweise erweitert. Das Design ist frisch und kreativ, die Texte sind einheitlich, verst\u00e4ndlich und einladend. Hohe Anspr\u00fcche an Barrierefreiheit und Nachhaltigkeit werden erf\u00fcllt. Die Webseite wird aktiv mit den zuk\u00fcnftigen Nutzerinnen und Nutzern entwickelt, um optimal auf ihre Bed\u00fcrfnisse einzugehen.<\/p>\n<\/div>\n<p>[\/et_pb_text][\/et_pb_column][et_pb_column type=&#8220;1_3&#8243; _builder_version=&#8220;4.24.0&#8243; _module_preset=&#8220;default&#8220; global_colors_info=&#8220;{}&#8220;][et_pb_divider color=&#8220;#cccccc&#8220; disabled_on=&#8220;off|on|on&#8220; _builder_version=&#8220;4.24.0&#8243; _module_preset=&#8220;default&#8220; custom_margin=&#8220;0px||0px||false|false&#8220; custom_padding=&#8220;50px||20px||false|false&#8220; global_colors_info=&#8220;{}&#8220;][\/et_pb_divider][et_pb_blurb title=&#8220;Gesellschaft und Kultur&#8220; image=&#8220;https:\/\/digitalmonitor.stuttgart.de\/wp-content\/uploads\/2024\/09\/gesellschaft-und-kultur.png&#8220; alt=&#8220;Icon Verwaltung&#8220; image_icon_width=&#8220;35%&#8220; icon_alignment=&#8220;left&#8220; _builder_version=&#8220;4.24.0&#8243; _dynamic_attributes=&#8220;link_option_url&#8220; _module_preset=&#8220;default&#8220; header_font=&#8220;|700||on|||||&#8220; header_font_size=&#8220;16px&#8220; header_line_height=&#8220;0em&#8220; image_icon_custom_margin=&#8220;0px||0px|0px|false|false&#8220; image_icon_custom_padding=&#8220;0px||0px||false|false&#8220; custom_margin=&#8220;0px||0px||false|false&#8220; custom_padding=&#8220;0px||0px||false|false&#8220; link_option_url=&#8220;@ET-DC@eyJkeW5hbWljIjp0cnVlLCJjb250ZW50IjoicG9zdF9saW5rX3VybF9wYWdlIiwic2V0dGluZ3MiOnsicG9zdF9pZCI6IjE0NjAifX0=@&#8220; border_color_all_image=&#8220;RGBA(255,255,255,0)&#8220; global_colors_info=&#8220;{}&#8220;][\/et_pb_blurb][et_pb_divider color=&#8220;#cccccc&#8220; disabled_on=&#8220;off|off|off&#8220; _builder_version=&#8220;4.24.0&#8243; _module_preset=&#8220;default&#8220; custom_margin=&#8220;0px||0px||false|false&#8220; custom_padding=&#8220;50px||20px||false|false&#8220; global_colors_info=&#8220;{}&#8220;][\/et_pb_divider][et_pb_blurb title=&#8220;In Umsetzung&#8220; use_icon=&#8220;on&#8220; font_icon=&#8220;&#xf024;||fa||900&#8243; icon_placement=&#8220;left&#8220; image_icon_width=&#8220;25px&#8220; _builder_version=&#8220;4.24.0&#8243; _module_preset=&#8220;default&#8220; header_font=&#8220;||||||||&#8220; header_font_size=&#8220;15px&#8220; header_line_height=&#8220;1.6em&#8220; background_color=&#8220;RGBA(255,255,255,0)&#8220; custom_margin=&#8220;0px||0px|0px|false|false&#8220; custom_padding=&#8220;15px|40px|0px|0px|false|false&#8220; global_colors_info=&#8220;{}&#8220;][\/et_pb_blurb][et_pb_blurb title=&#8220;01\/2025 &#8211; 07\/2026&#8243; use_icon=&#8220;on&#8220; font_icon=&#8220;&#xf073;||fa||400&#8243; icon_placement=&#8220;left&#8220; image_icon_width=&#8220;25px&#8220; _builder_version=&#8220;4.24.0&#8243; _module_preset=&#8220;default&#8220; header_font=&#8220;||||||||&#8220; header_font_size=&#8220;15px&#8220; header_line_height=&#8220;1.6em&#8220; background_color=&#8220;RGBA(255,255,255,0)&#8220; custom_margin=&#8220;0px||0px|0px|false|false&#8220; custom_padding=&#8220;40px|40px|0px|0px|false|false&#8220; global_colors_info=&#8220;{}&#8220;][\/et_pb_blurb][et_pb_blurb title=&#8220;Haupt- und Personalamt&#8220; url=&#8220;https:\/\/www.stuttgart.de\/organigramm\/verwaltungseinheit\/haupt-und-personalamt.php&#8220; use_icon=&#8220;on&#8220; font_icon=&#8220;&#xf3c5;||fa||900&#8243; icon_placement=&#8220;left&#8220; image_icon_width=&#8220;25px&#8220; _builder_version=&#8220;4.24.0&#8243; _module_preset=&#8220;default&#8220; header_font=&#8220;||||||||&#8220; header_font_size=&#8220;15px&#8220; header_line_height=&#8220;1.6em&#8220; background_color=&#8220;RGBA(255,255,255,0)&#8220; custom_margin=&#8220;0px||0px|0px|false|false&#8220; custom_padding=&#8220;40px|40px|0px|0px|false|false&#8220; global_colors_info=&#8220;{}&#8220;][\/et_pb_blurb][et_pb_blurb title=&#8220;www.eiswelt-stuttgart.de&#8220; url=&#8220;https:\/\/www.eiswelt-stuttgart.de&#8220; url_new_window=&#8220;on&#8220; use_icon=&#8220;on&#8220; font_icon=&#8220;&#xe02b;||divi||400&#8243; icon_placement=&#8220;left&#8220; image_icon_width=&#8220;25px&#8220; disabled_on=&#8220;on|on|on&#8220; _builder_version=&#8220;4.24.0&#8243; _module_preset=&#8220;default&#8220; header_font=&#8220;||||||||&#8220; header_font_size=&#8220;15px&#8220; header_line_height=&#8220;1.6em&#8220; background_color=&#8220;RGBA(255,255,255,0)&#8220; custom_margin=&#8220;0px||0px|0px|false|false&#8220; custom_padding=&#8220;40px|40px|0px|0px|false|false&#8220; disabled=&#8220;on&#8220; global_colors_info=&#8220;{}&#8220;][\/et_pb_blurb][et_pb_divider color=&#8220;#cccccc&#8220; _builder_version=&#8220;4.24.0&#8243; _module_preset=&#8220;default&#8220; custom_margin=&#8220;0px||0px||false|false&#8220; custom_padding=&#8220;50px||20px||false|false&#8220; global_colors_info=&#8220;{}&#8220;][\/et_pb_divider][et_pb_heading title=&#8220;Nachhaltigkeitsziele&#8220; _builder_version=&#8220;4.24.0&#8243; _module_preset=&#8220;default&#8220; module_alignment=&#8220;left&#8220; global_colors_info=&#8220;{}&#8220;][\/et_pb_heading][et_pb_text _builder_version=&#8220;4.24.0&#8243; _dynamic_attributes=&#8220;link_option_url&#8220; _module_preset=&#8220;default&#8220; text_text_color=&#8220;#333333&#8243; text_font_size=&#8220;15px&#8220; text_line_height=&#8220;2em&#8220; background_color=&#8220;RGBA(255,255,255,0)&#8220; custom_margin=&#8220;0px||0px||false|false&#8220; custom_padding=&#8220;0px||0px||false|false&#8220; link_option_url=&#8220;@ET-DC@eyJkeW5hbWljIjp0cnVlLCJjb250ZW50IjoicG9zdF9saW5rX3VybF9wYWdlIiwic2V0dGluZ3MiOnsicG9zdF9pZCI6IjM0MiJ9fQ==@&#8220; border_color_all=&#8220;#cccccc&#8220; global_colors_info=&#8220;{}&#8220;]<img loading=\"lazy\" decoding=\"async\" src=\"https:\/\/smartcity.stuttgart.de\/wp-content\/uploads\/2024\/07\/5.jpg\" width=\"130\" height=\"130\" alt=\"\" class=\"wp-image-599 alignnone size-thumbnail\" \/>\u00a0 <img loading=\"lazy\" decoding=\"async\" src=\"https:\/\/smartcity.stuttgart.de\/wp-content\/uploads\/2024\/07\/6.jpg\" width=\"130\" height=\"130\" alt=\"\" class=\"wp-image-601 alignnone size-full\" \/>\u00a0 <img loading=\"lazy\" decoding=\"async\" src=\"https:\/\/smartcity.stuttgart.de\/wp-content\/uploads\/2024\/07\/10.jpg\" width=\"130\" height=\"130\" alt=\"\" class=\"wp-image-603 alignnone size-full\" \/>\u00a0 <img loading=\"lazy\" decoding=\"async\" src=\"https:\/\/smartcity.stuttgart.de\/wp-content\/uploads\/2024\/07\/16.jpg\" width=\"130\" height=\"130\" alt=\"\" class=\"wp-image-605 alignnone size-thumbnail\" \/>[\/et_pb_text][\/et_pb_column][\/et_pb_row][\/et_pb_section]<\/p>\n","protected":false},"excerpt":{"rendered":"<p>Das Engagement-Portal (vorl\u00e4ufiger Arbeitstitel) ist ein gemeinsames Projekt der Stadt Stuttgart, der B\u00fcrgerstiftung Stuttgart und des Freiwilligenzentrums Caleidoskop. Es soll eine zentrale digitale Plattform f\u00fcr Engagement in Stuttgart werden, da es derzeit keinen einzigen Ort gibt, an dem alle Informationen dazu zusammengestellt sind. \u00a9 Bild mit KI generiert Ziele des Portals sind: Informationen zum Engagement [&hellip;]<\/p>\n","protected":false},"author":2,"featured_media":6212,"comment_status":"closed","ping_status":"closed","template":"","meta":{"_et_pb_use_builder":"on","_et_pb_old_content":"<p>[et_pb_section fb_built=\"1\" custom_padding_last_edited=\"on|desktop\" _builder_version=\"4.24.0\" _module_preset=\"default\" custom_margin=\"||100px||false|false\" custom_margin_tablet=\"||50px||false|false\" custom_margin_phone=\"0px|0px||0px|false|false\" custom_margin_last_edited=\"on|phone\" custom_padding_tablet=\"\" custom_padding_phone=\"0px||0px|0px|false|false\" global_colors_info=\"{}\"][et_pb_row custom_padding_last_edited=\"on|phone\" disabled_on=\"off|off|off\" _builder_version=\"4.24.0\" _module_preset=\"default\" custom_margin=\"0px||||false|false\" custom_margin_tablet=\"||||false|false\" custom_margin_phone=\"||||false|false\" custom_margin_last_edited=\"on|desktop\" custom_padding=\"0px||||false|false\" custom_padding_tablet=\"0px||||false|false\" custom_padding_phone=\"0px||||false|false\" global_colors_info=\"{}\"][et_pb_column type=\"4_4\" _builder_version=\"4.24.0\" _module_preset=\"default\" global_colors_info=\"{}\"][et_pb_post_nav in_same_term=\"off\" prev_text=\"n\u00e4chstes Projekt\" next_text=\"vorheriges Projekt\" prev_text_tablet=\"n\u00e4chstes Projekt\" prev_text_phone=\"n\u00e4chstes\" prev_text_last_edited=\"on|desktop\" next_text_tablet=\"vorheriges Projekt\" next_text_phone=\"vorheriges\" next_text_last_edited=\"on|desktop\" _builder_version=\"4.24.0\" _module_preset=\"default\" width_tablet=\"\" width_phone=\"100%\" width_last_edited=\"on|phone\" max_width=\"100%\" min_height=\"20px\" min_height_tablet=\"20px\" min_height_phone=\"20px\" min_height_last_edited=\"on|desktop\" height=\"20px\" max_height=\"20px\" custom_margin=\"||||false|false\" custom_margin_tablet=\"||||false|false\" custom_margin_phone=\"0px||||false|false\" custom_margin_last_edited=\"on|phone\" custom_padding=\"0px||||false|false\" global_colors_info=\"{}\"][\/et_pb_post_nav][et_pb_divider color=\"#cccccc\" _builder_version=\"4.24.0\" _module_preset=\"default\" global_colors_info=\"{}\"][\/et_pb_divider][\/et_pb_column][\/et_pb_row][et_pb_row custom_padding_last_edited=\"on|phone\" _builder_version=\"4.24.0\" _module_preset=\"default\" custom_margin=\"0px||0px||false|false\" custom_margin_tablet=\"0px||0px||false|false\" custom_margin_phone=\"-110px||||false|false\" custom_margin_last_edited=\"on|desktop\" custom_padding=\"0px||0px||false|false\" custom_padding_tablet=\"0px||0px||false|false\" custom_padding_phone=\"0px||0px||false|false\" global_colors_info=\"{}\"][et_pb_column type=\"4_4\" _builder_version=\"4.24.0\" _module_preset=\"default\" global_colors_info=\"{}\"][et_pb_heading title=\"Online Ticketshop f\u00fcr die Eiswelt Stuttgart\" _builder_version=\"4.24.0\" _module_preset=\"default\" title_font=\"|700|||||||\" title_font_size=\"31px\" title_line_height=\"1.3em\" title_font_size_tablet=\"31px\" title_font_size_phone=\"27px\" title_font_size_last_edited=\"on|tablet\" global_colors_info=\"{}\"][\/et_pb_heading][\/et_pb_column][\/et_pb_row][et_pb_row column_structure=\"2_3,1_3\" _builder_version=\"4.24.0\" _module_preset=\"default\" custom_margin=\"0px||||false|false\" custom_padding=\"0px||||false|false\" global_colors_info=\"{}\"][et_pb_column type=\"2_3\" _builder_version=\"4.24.0\" _module_preset=\"default\" global_colors_info=\"{}\"][et_pb_text quote_border_color=\"#11ffee\" _builder_version=\"4.24.0\" _module_preset=\"default\" text_font=\"Open Sans||||||||\" text_text_color=\"#666666\" text_line_height=\"2em\" quote_text_color=\"#333333\" custom_margin=\"0px||0px||false|false\" custom_padding=\"|40px|0px||false|false\" global_colors_info=\"{}\"]<\/p><blockquote><p>Die Eiswelt im Sport- und Erholungsgebiet Waldau bietet zwei \u00fcberdachte und beheizte Eislaufhallen, die w\u00e4hrend der Wintermonate vielf\u00e4ltige Aktivit\u00e4ten erm\u00f6glichen.<\/p><\/blockquote><p>[\/et_pb_text][et_pb_image src=\"https:\/\/smartcity.stuttgart.de\/wp-content\/uploads\/2024\/11\/Stuttgart_Hauptmotiv_neu.jpg\" alt=\"Nahfaufnahme von Schlittschuhen auf dem Eis.\" title_text=\"Stuttgart_Hauptmotiv_neu\" show_in_lightbox=\"on\" force_fullwidth=\"on\" disabled_on=\"off|off|off\" _builder_version=\"4.24.0\" _module_preset=\"default\" width_tablet=\"60%\" width_phone=\"100%\" width_last_edited=\"on|phone\" custom_margin=\"0px||0px||false|false\" custom_padding=\"0px||0px||false|false\" box_shadow_style=\"preset1\" box_shadow_spread=\"-7px\" global_colors_info=\"{}\"][\/et_pb_image][et_pb_text disabled_on=\"on|on|on\" _builder_version=\"4.24.0\" _module_preset=\"default\" text_font_size=\"13px\" text_line_height=\"1.6em\" module_alignment=\"left\" custom_margin=\"10px||0px|0px|false|false\" custom_padding=\"0px||14px||false|false\" disabled=\"on\" global_colors_info=\"{}\"]<\/p><p>\u00a9 Bild mit KI generiert<\/p><p>[\/et_pb_text][et_pb_text _builder_version=\"4.24.0\" _module_preset=\"default\" header_4_line_height=\"1.5em\" custom_margin=\"30px||||false|false\" header_4_font_size_tablet=\"\" header_4_font_size_phone=\"\" header_4_font_size_last_edited=\"on|phone\" global_colors_info=\"{}\"]<\/p><h4><strong>Bequeme Online-Ticketbuchung f\u00fcr Publikumsl\u00e4ufe<\/strong><\/h4><p>In diesen Hallen finden nicht nur \u00f6ffentliche Publikumsl\u00e4ufe statt, sondern auch Sportveranstaltungen und Vereinstraining. F\u00fcr den Publikumslauf k\u00f6nnen die Besucherinnen und Besucher seit der Saison 2024\/2025 ihre Tickets zum Schlittschuhlaufen bequem online buchen und bezahlen. Dies macht den Besuch noch einfacher und komfortabler, da die Tickets im Voraus gesichert werden k\u00f6nnen, ohne an der Kasse anstehen zu m\u00fcssen. Die Eiswelt in Waldau ist somit ein idealer Ort f\u00fcr alle Eislauffans, sei es f\u00fcr Freizeitvergn\u00fcgen oder sportliche Aktivit\u00e4ten.<\/p><p>[\/et_pb_text][\/et_pb_column][et_pb_column type=\"1_3\" _builder_version=\"4.24.0\" _module_preset=\"default\" global_colors_info=\"{}\"][et_pb_divider color=\"#cccccc\" disabled_on=\"off|on|on\" _builder_version=\"4.24.0\" _module_preset=\"default\" custom_margin=\"0px||0px||false|false\" custom_padding=\"50px||20px||false|false\" global_colors_info=\"{}\"][\/et_pb_divider][et_pb_blurb title=\"Soziales und Gesundheit\" image=\"https:\/\/smartcity.stuttgart.de\/wp-content\/uploads\/2024\/09\/soziales-und-gesundheit.png\" alt=\"Icon Verwaltung\" image_icon_width=\"35%\" icon_alignment=\"left\" _builder_version=\"4.24.0\" _dynamic_attributes=\"link_option_url\" _module_preset=\"default\" header_font=\"|700||on|||||\" header_font_size=\"16px\" header_line_height=\"0em\" image_icon_custom_margin=\"0px||0px|0px|false|false\" image_icon_custom_padding=\"0px||0px||false|false\" custom_margin=\"0px||0px||false|false\" custom_padding=\"0px||0px||false|false\" link_option_url=\"@ET-DC@eyJkeW5hbWljIjp0cnVlLCJjb250ZW50IjoicG9zdF9saW5rX3VybF9wYWdlIiwic2V0dGluZ3MiOnsicG9zdF9pZCI6IjEyNjgifX0=@\" border_color_all_image=\"RGBA(255,255,255,0)\" global_colors_info=\"{}\"][\/et_pb_blurb][et_pb_divider color=\"#cccccc\" disabled_on=\"off|off|off\" _builder_version=\"4.24.0\" _module_preset=\"default\" custom_margin=\"0px||0px||false|false\" custom_padding=\"50px||20px||false|false\" global_colors_info=\"{}\"][\/et_pb_divider][et_pb_blurb title=\"Abgeschlossen\" use_icon=\"on\" font_icon=\"\uf11e||fa||900\" icon_placement=\"left\" image_icon_width=\"25px\" _builder_version=\"4.24.0\" _module_preset=\"default\" header_font=\"||||||||\" header_font_size=\"15px\" header_line_height=\"1.6em\" background_color=\"RGBA(255,255,255,0)\" custom_margin=\"0px||0px|0px|false|false\" custom_padding=\"15px|40px|0px|0px|false|false\" global_colors_info=\"{}\"][\/et_pb_blurb][et_pb_blurb title=\"01\/2023 - 09\/2024\" use_icon=\"on\" font_icon=\"\uf073||fa||400\" icon_placement=\"left\" image_icon_width=\"25px\" _builder_version=\"4.24.0\" _module_preset=\"default\" header_font=\"||||||||\" header_font_size=\"15px\" header_line_height=\"1.6em\" background_color=\"RGBA(255,255,255,0)\" custom_margin=\"0px||0px|0px|false|false\" custom_padding=\"40px|40px|0px|0px|false|false\" global_colors_info=\"{}\"][\/et_pb_blurb][et_pb_blurb title=\"Amt f\u00fcr Sport und Bewegung\" url=\"https:\/\/www.stuttgart.de\/organigramm\/verwaltungseinheit\/stadtmessungsamt.php\" use_icon=\"on\" font_icon=\"\uf3c5||fa||900\" icon_placement=\"left\" image_icon_width=\"25px\" _builder_version=\"4.24.0\" _module_preset=\"default\" header_font=\"||||||||\" header_font_size=\"15px\" header_line_height=\"1.6em\" background_color=\"RGBA(255,255,255,0)\" custom_margin=\"0px||0px|0px|false|false\" custom_padding=\"40px|40px|0px|0px|false|false\" global_colors_info=\"{}\"][\/et_pb_blurb][et_pb_blurb title=\"www.eiswelt-stuttgart.de\" url=\"https:\/\/www.eiswelt-stuttgart.de\" url_new_window=\"on\" use_icon=\"on\" font_icon=\"\ue02b||divi||400\" icon_placement=\"left\" image_icon_width=\"25px\" _builder_version=\"4.24.0\" _module_preset=\"default\" header_font=\"||||||||\" header_font_size=\"15px\" header_line_height=\"1.6em\" background_color=\"RGBA(255,255,255,0)\" custom_margin=\"0px||0px|0px|false|false\" custom_padding=\"40px|40px|0px|0px|false|false\" global_colors_info=\"{}\"][\/et_pb_blurb][et_pb_divider color=\"#cccccc\" _builder_version=\"4.24.0\" _module_preset=\"default\" custom_margin=\"0px||0px||false|false\" custom_padding=\"50px||20px||false|false\" global_colors_info=\"{}\"][\/et_pb_divider][et_pb_heading title=\"Nachhaltigkeitsziele\" _builder_version=\"4.24.0\" _module_preset=\"default\" module_alignment=\"left\" global_colors_info=\"{}\"][\/et_pb_heading][et_pb_text _builder_version=\"4.24.0\" _dynamic_attributes=\"link_option_url\" _module_preset=\"default\" text_text_color=\"#333333\" text_font_size=\"15px\" text_line_height=\"2em\" background_color=\"RGBA(255,255,255,0)\" custom_margin=\"0px||0px||false|false\" custom_padding=\"0px||0px||false|false\" link_option_url=\"@ET-DC@eyJkeW5hbWljIjp0cnVlLCJjb250ZW50IjoicG9zdF9saW5rX3VybF9wYWdlIiwic2V0dGluZ3MiOnsicG9zdF9pZCI6IjM0MiJ9fQ==@\" border_color_all=\"#cccccc\" global_colors_info=\"{}\"]<\/p><p><img class=\"wp-image-599 alignnone size-thumbnail\" src=\"https:\/\/smartcity.stuttgart.de\/wp-content\/uploads\/2024\/07\/3.jpg\" alt=\"\" width=\"130\" height=\"130\" \/>\u00a0 <img class=\"wp-image-601 alignnone size-full\" src=\"https:\/\/smartcity.stuttgart.de\/wp-content\/uploads\/2024\/07\/10.jpg\" alt=\"\" width=\"130\" height=\"130\" \/>\u00a0\u00a0\u00a0<\/p><p>[\/et_pb_text][\/et_pb_column][\/et_pb_row][\/et_pb_section]<\/p>","_et_gb_content_width":"","footnotes":""},"project_category":[31,7],"project_tag":[19],"class_list":["post-6184","project","type-project","status-publish","has-post-thumbnail","hentry","project_category-handlungsfeld-gesellschaft-und-kultur","project_category-in-umsetzung","project_tag-gesundheit-und-soziales"],"_links":{"self":[{"href":"https:\/\/digitalmonitor.stuttgart.de\/index.php\/wp-json\/wp\/v2\/project\/6184"}],"collection":[{"href":"https:\/\/digitalmonitor.stuttgart.de\/index.php\/wp-json\/wp\/v2\/project"}],"about":[{"href":"https:\/\/digitalmonitor.stuttgart.de\/index.php\/wp-json\/wp\/v2\/types\/project"}],"author":[{"embeddable":true,"href":"https:\/\/digitalmonitor.stuttgart.de\/index.php\/wp-json\/wp\/v2\/users\/2"}],"replies":[{"embeddable":true,"href":"https:\/\/digitalmonitor.stuttgart.de\/index.php\/wp-json\/wp\/v2\/comments?post=6184"}],"version-history":[{"count":23,"href":"https:\/\/digitalmonitor.stuttgart.de\/index.php\/wp-json\/wp\/v2\/project\/6184\/revisions"}],"predecessor-version":[{"id":6681,"href":"https:\/\/digitalmonitor.stuttgart.de\/index.php\/wp-json\/wp\/v2\/project\/6184\/revisions\/6681"}],"wp:featuredmedia":[{"embeddable":true,"href":"https:\/\/digitalmonitor.stuttgart.de\/index.php\/wp-json\/wp\/v2\/media\/6212"}],"wp:attachment":[{"href":"https:\/\/digitalmonitor.stuttgart.de\/index.php\/wp-json\/wp\/v2\/media?parent=6184"}],"wp:term":[{"taxonomy":"project_category","embeddable":true,"href":"https:\/\/digitalmonitor.stuttgart.de\/index.php\/wp-json\/wp\/v2\/project_category?post=6184"},{"taxonomy":"project_tag","embeddable":true,"href":"https:\/\/digitalmonitor.stuttgart.de\/index.php\/wp-json\/wp\/v2\/project_tag?post=6184"}],"curies":[{"name":"wp","href":"https:\/\/api.w.org\/{rel}","templated":true}]}}