{"id":6091,"date":"2024-10-01T10:50:11","date_gmt":"2024-10-01T08:50:11","guid":{"rendered":"https:\/\/digitalmonitor.stuttgart.de\/?post_type=project&#038;p=6091"},"modified":"2025-05-27T16:14:43","modified_gmt":"2025-05-27T14:14:43","slug":"ki-hub","status":"publish","type":"project","link":"https:\/\/digitalmonitor.stuttgart.de\/index.php\/project\/ki-hub\/","title":{"rendered":"Gr\u00fcndung des KI-Hubs"},"content":{"rendered":"<p>[et_pb_section fb_built=&#8220;1&#8243; custom_padding_last_edited=&#8220;on|phone&#8220; _builder_version=&#8220;4.24.0&#8243; _module_preset=&#8220;default&#8220; custom_margin_tablet=&#8220;&#8220; custom_margin_phone=&#8220;0px|0px||0px|false|false&#8220; custom_margin_last_edited=&#8220;on|phone&#8220; custom_padding_tablet=&#8220;&#8220; custom_padding_phone=&#8220;0px|0px|0px|1px|false|false&#8220; global_colors_info=&#8220;{}&#8220;][et_pb_row custom_padding_last_edited=&#8220;on|phone&#8220; disabled_on=&#8220;off|off|off&#8220; _builder_version=&#8220;4.24.0&#8243; _module_preset=&#8220;default&#8220; custom_margin=&#8220;0px||||false|false&#8220; custom_margin_tablet=&#8220;||||false|false&#8220; custom_margin_phone=&#8220;||||false|false&#8220; custom_margin_last_edited=&#8220;on|desktop&#8220; custom_padding=&#8220;0px||||false|false&#8220; custom_padding_tablet=&#8220;0px||||false|false&#8220; custom_padding_phone=&#8220;0px||||false|false&#8220; global_colors_info=&#8220;{}&#8220;][et_pb_column type=&#8220;4_4&#8243; _builder_version=&#8220;4.24.0&#8243; _module_preset=&#8220;default&#8220; global_colors_info=&#8220;{}&#8220;][et_pb_post_nav in_same_term=&#8220;off&#8220; prev_text=&#8220;n\u00e4chstes Projekt&#8220; next_text=&#8220;vorheriges Projekt&#8220; prev_text_tablet=&#8220;n\u00e4chstes Projekt&#8220; prev_text_phone=&#8220;n\u00e4chstes&#8220; prev_text_last_edited=&#8220;on|phone&#8220; next_text_tablet=&#8220;vorheriges Projekt&#8220; next_text_phone=&#8220;vorheriges&#8220; next_text_last_edited=&#8220;on|desktop&#8220; _builder_version=&#8220;4.24.0&#8243; _module_preset=&#8220;default&#8220; width_tablet=&#8220;&#8220; width_phone=&#8220;100%&#8220; width_last_edited=&#8220;on|phone&#8220; max_width=&#8220;100%&#8220; min_height=&#8220;20px&#8220; min_height_tablet=&#8220;20px&#8220; min_height_phone=&#8220;20px&#8220; min_height_last_edited=&#8220;on|desktop&#8220; height=&#8220;20px&#8220; max_height=&#8220;20px&#8220; custom_margin=&#8220;||||false|false&#8220; custom_margin_tablet=&#8220;||||false|false&#8220; custom_margin_phone=&#8220;0px||||false|false&#8220; custom_margin_last_edited=&#8220;on|phone&#8220; custom_padding=&#8220;0px||||false|false&#8220; global_colors_info=&#8220;{}&#8220;][\/et_pb_post_nav][et_pb_divider color=&#8220;#cccccc&#8220; _builder_version=&#8220;4.24.0&#8243; _module_preset=&#8220;default&#8220; global_colors_info=&#8220;{}&#8220;][\/et_pb_divider][\/et_pb_column][\/et_pb_row][et_pb_row column_structure=&#8220;3_5,2_5&#8243; custom_padding_last_edited=&#8220;on|phone&#8220; _builder_version=&#8220;4.24.0&#8243; _module_preset=&#8220;default&#8220; custom_margin=&#8220;0px||0px||false|false&#8220; custom_margin_tablet=&#8220;0px||0px||false|false&#8220; custom_margin_phone=&#8220;-110px||||false|false&#8220; custom_margin_last_edited=&#8220;on|desktop&#8220; custom_padding=&#8220;0px||0px||false|false&#8220; custom_padding_tablet=&#8220;0px||0px||false|false&#8220; custom_padding_phone=&#8220;0px||0px||false|false&#8220; global_colors_info=&#8220;{}&#8220;][et_pb_column type=&#8220;3_5&#8243; _builder_version=&#8220;4.24.0&#8243; _module_preset=&#8220;default&#8220; global_colors_info=&#8220;{}&#8220;][et_pb_heading title=&#8220;Gr\u00fcndung KI-Hub zur stadtweiten Koordination des KI-Einsatzes&#8220; _builder_version=&#8220;4.24.0&#8243; _module_preset=&#8220;default&#8220; title_font=&#8220;|700|||||||&#8220; title_font_size=&#8220;31px&#8220; title_line_height=&#8220;1.3em&#8220; title_font_size_tablet=&#8220;31px&#8220; title_font_size_phone=&#8220;27px&#8220; title_font_size_last_edited=&#8220;on|tablet&#8220; global_colors_info=&#8220;{}&#8220;][\/et_pb_heading][\/et_pb_column][et_pb_column type=&#8220;2_5&#8243; _builder_version=&#8220;4.24.0&#8243; _module_preset=&#8220;default&#8220; global_colors_info=&#8220;{}&#8220;][\/et_pb_column][\/et_pb_row][et_pb_row column_structure=&#8220;2_3,1_3&#8243; custom_padding_last_edited=&#8220;on|desktop&#8220; _builder_version=&#8220;4.24.0&#8243; _module_preset=&#8220;default&#8220; custom_margin=&#8220;0px||100px||false|false&#8220; custom_margin_tablet=&#8220;0px||100px||false|false&#8220; custom_margin_phone=&#8220;0px||50px||false|false&#8220; custom_margin_last_edited=&#8220;on|phone&#8220; custom_padding=&#8220;0px||||false|false&#8220; custom_padding_tablet=&#8220;0px||||false|false&#8220; custom_padding_phone=&#8220;||0px||false|false&#8220; global_colors_info=&#8220;{}&#8220;][et_pb_column type=&#8220;2_3&#8243; _builder_version=&#8220;4.24.0&#8243; _module_preset=&#8220;default&#8220; global_colors_info=&#8220;{}&#8220;][et_pb_text quote_border_color=&#8220;#ffb300&#8243; _builder_version=&#8220;4.24.0&#8243; _module_preset=&#8220;default&#8220; text_font=&#8220;Open Sans||||||||&#8220; text_text_color=&#8220;#666666&#8243; text_font_size=&#8220;15px&#8220; quote_text_color=&#8220;#333333&#8243; quote_line_height=&#8220;2em&#8220; custom_margin=&#8220;0px||0px||false|false&#8220; custom_padding=&#8220;|40px|40px||false|false&#8220; text_font_size_tablet=&#8220;&#8220; text_font_size_phone=&#8220;14px&#8220; text_font_size_last_edited=&#8220;on|tablet&#8220; global_colors_info=&#8220;{}&#8220;]<\/p>\n<blockquote>\n<p>Mit dem Aufbau eines stadtinternen <strong>KI-Hubs<\/strong> schafft die Landeshauptstadt Stuttgart eine zentrale Plattform, um den Einsatz von K\u00fcnstlicher Intelligenz (KI) in der Verwaltung strategisch zu steuern, zu koordinieren und weiterzuentwickeln.<\/p>\n<\/blockquote>\n<p>[\/et_pb_text][et_pb_image src=&#8220;https:\/\/digitalmonitor.stuttgart.de\/wp-content\/uploads\/2025\/05\/Protokolle-mit-KI-1-scaled.jpg&#8220; alt=&#8220;Frau steht im Halbprofil vor einer interaktiven Wall, die verschiene Diagramme anzeigt.&#8220; title_text=&#8220;Protokolle-mit-KI&#8220; force_fullwidth=&#8220;on&#8220; src_tablet=&#8220;https:\/\/smartcity.stuttgart.de\/wp-content\/uploads\/2024\/09\/datenplattform-scaled.jpg&#8220; src_phone=&#8220;https:\/\/smartcity.stuttgart.de\/wp-content\/uploads\/2024\/09\/datenplattform-scaled.jpg&#8220; src_last_edited=&#8220;off|desktop&#8220; disabled_on=&#8220;off|off|off&#8220; _builder_version=&#8220;4.24.0&#8243; _module_preset=&#8220;default&#8220; width_tablet=&#8220;60%&#8220; width_phone=&#8220;100%&#8220; width_last_edited=&#8220;on|phone&#8220; custom_margin=&#8220;0px||0px||false|false&#8220; custom_padding=&#8220;0px||0px||false|false&#8220; box_shadow_style=&#8220;preset1&#8243; box_shadow_spread=&#8220;-7px&#8220; global_colors_info=&#8220;{}&#8220;][\/et_pb_image][et_pb_text disabled_on=&#8220;on|on|on&#8220; _builder_version=&#8220;4.24.0&#8243; _module_preset=&#8220;default&#8220; text_font_size=&#8220;13px&#8220; text_line_height=&#8220;1.6em&#8220; module_alignment=&#8220;left&#8220; custom_margin=&#8220;10px||0px|0px|false|false&#8220; custom_padding=&#8220;0px||14px||false|false&#8220; disabled=&#8220;on&#8220; global_colors_info=&#8220;{}&#8220;]\u00a9 Bild mit KI generiert<br \/>\n[\/et_pb_text][et_pb_text _builder_version=&#8220;4.24.0&#8243; _module_preset=&#8220;default&#8220; text_font=&#8220;Open Sans||||||||&#8220; text_text_color=&#8220;#333333&#8243; text_font_size=&#8220;15px&#8220; text_line_height=&#8220;2em&#8220; custom_padding=&#8220;40px|40px|||false|false&#8220; hover_enabled=&#8220;0&#8243; border_radii=&#8220;off||||&#8220; global_colors_info=&#8220;{}&#8220; sticky_enabled=&#8220;0&#8243;]<\/p>\n<h4><strong>Was macht der KI-Hub?<\/strong><\/h4>\n<p>Der Hub bringt Know-how, Menschen und Technologien zusammen \u2013 und unterst\u00fctzt Fach\u00e4mter dabei, den Einsatz von KI praktisch und rechtssicher umzusetzen.<\/p>\n<p><strong>Zu den zentralen Aufgaben geh\u00f6ren:<\/strong><\/p>\n<ul>\n<li><strong>Projektunterst\u00fctzung:<\/strong> Begleitung bei der Konzeption und Umsetzung von KI-Anwendungen \u2013 von der ersten Idee bis zum Prototypen (z.\u202fB. durch Proof-of-Concepts)<\/li>\n<li><strong>Machbarkeitsanalysen:<\/strong> Technische, rechtliche und organisatorische Pr\u00fcfungen zur Einf\u00fchrung von KI in konkreten Verwaltungsprozessen<\/li>\n<li><strong>Strategische Weiterentwicklung:<\/strong> Aufbau einer stadtweiten KI-Strategie im Einklang mit den Zielen der digitalen Transformation<\/li>\n<li><strong>Koordination und Vernetzung:<\/strong> Abstimmung zwischen \u00c4mtern, Fachbereichen und externen Partnern zur Nutzung von Synergien<\/li>\n<li><strong>Rechtskonformit\u00e4t &amp; Monitoring:<\/strong> Strukturierte Umsetzung der Anforderungen der KI-Verordnung f\u00fcr die kommunale Praxis<\/li>\n<\/ul>\n<h4><strong><\/strong><\/h4>\n<h4><strong><\/strong><\/h4>\n<h4><strong>Wof\u00fcr ist der KI-Hub wichtig?<\/strong><\/h4>\n<p>Der Einsatz von K\u00fcnstlicher Intelligenz stellt Kommunen vor vielf\u00e4ltige Chancen \u2013 aber auch Herausforderungen. Der KI-Hub soll dazu beitragen, dass innovative Anwendungen unter Ber\u00fccksichtigung von <strong>Datenschutz, Transparenz und Gemeinwohlorientierung<\/strong> entwickelt und eingesetzt werden.<\/p>\n<p>Zugleich dient er als <strong>Wissensspeicher, Impulsgeber und Vernetzungsstelle<\/strong> f\u00fcr alle KI-bezogenen Aktivit\u00e4ten in der Stadtverwaltung.<\/p>\n<h4><strong><\/strong><\/h4>\n<h4><strong><\/strong><\/h4>\n<h4><strong>Was wollen wir damit erreichen?<\/strong><\/h4>\n<p>Mit dem KI-Hub verfolgt die Landeshauptstadt Stuttgart das Ziel, den <strong>Einsatz von K\u00fcnstlicher Intelligenz in der Verwaltung verantwortungsvoll und zukunftsorientiert zu gestalten<\/strong>. Durch die koordinierte Entwicklung und praxisnahe Umsetzung innovativer KI-L\u00f6sungen soll der digitale Wandel strategisch begleitet und fachlich unterst\u00fctzt werden.<\/p>\n<p>[\/et_pb_text][\/et_pb_column][et_pb_column type=&#8220;1_3&#8243; _builder_version=&#8220;4.24.0&#8243; _module_preset=&#8220;default&#8220; global_colors_info=&#8220;{}&#8220;][et_pb_divider color=&#8220;#cccccc&#8220; disabled_on=&#8220;off|on|on&#8220; _builder_version=&#8220;4.24.0&#8243; _module_preset=&#8220;default&#8220; custom_margin=&#8220;0px||0px||false|false&#8220; custom_padding=&#8220;50px||20px||false|false&#8220; global_colors_info=&#8220;{}&#8220;][\/et_pb_divider][et_pb_blurb title=&#8220;Verwaltung&#8220; image=&#8220;https:\/\/smartcity.stuttgart.de\/wp-content\/uploads\/2024\/07\/handlungsfeld-verwaltung.png&#8220; alt=&#8220;Icon Verwaltung&#8220; image_icon_width=&#8220;35%&#8220; icon_alignment=&#8220;left&#8220; _builder_version=&#8220;4.24.0&#8243; _dynamic_attributes=&#8220;link_option_url&#8220; _module_preset=&#8220;default&#8220; header_font=&#8220;|700||on|||||&#8220; header_font_size=&#8220;16px&#8220; header_line_height=&#8220;0em&#8220; image_icon_custom_margin=&#8220;0px||0px|0px|false|false&#8220; image_icon_custom_padding=&#8220;0px||0px||false|false&#8220; custom_margin=&#8220;0px||0px||false|false&#8220; custom_padding=&#8220;0px||0px||false|false&#8220; link_option_url=&#8220;@ET-DC@eyJkeW5hbWljIjp0cnVlLCJjb250ZW50IjoicG9zdF9saW5rX3VybF9wYWdlIiwic2V0dGluZ3MiOnsicG9zdF9pZCI6IjE0NjUifX0=@&#8220; border_color_all_image=&#8220;RGBA(255,255,255,0)&#8220; global_colors_info=&#8220;{}&#8220;][\/et_pb_blurb][et_pb_divider color=&#8220;#cccccc&#8220; disabled_on=&#8220;off|off|off&#8220; _builder_version=&#8220;4.24.0&#8243; _module_preset=&#8220;default&#8220; custom_margin=&#8220;0px||0px||false|false&#8220; custom_padding=&#8220;50px||20px||false|false&#8220; global_colors_info=&#8220;{}&#8220;][\/et_pb_divider][et_pb_blurb title=&#8220;In Umsetzung&#8220; use_icon=&#8220;on&#8220; font_icon=&#8220;&#xf024;||fa||900&#8243; icon_placement=&#8220;left&#8220; image_icon_width=&#8220;25px&#8220; font_icon_last_edited=&#8220;off|desktop&#8220; _builder_version=&#8220;4.24.0&#8243; _module_preset=&#8220;default&#8220; header_font=&#8220;||||||||&#8220; header_font_size=&#8220;15px&#8220; header_line_height=&#8220;1.6em&#8220; background_color=&#8220;RGBA(255,255,255,0)&#8220; custom_margin=&#8220;0px||0px|0px|false|false&#8220; custom_padding=&#8220;15px|40px|0px|0px|false|false&#8220; global_colors_info=&#8220;{}&#8220;][\/et_pb_blurb][et_pb_blurb title=&#8220;Beginn 01\/2025&#8243; use_icon=&#8220;on&#8220; font_icon=&#8220;&#xf073;||fa||400&#8243; icon_placement=&#8220;left&#8220; image_icon_width=&#8220;25px&#8220; _builder_version=&#8220;4.24.0&#8243; _module_preset=&#8220;default&#8220; header_font=&#8220;||||||||&#8220; header_font_size=&#8220;15px&#8220; header_line_height=&#8220;1.6em&#8220; background_color=&#8220;RGBA(255,255,255,0)&#8220; custom_margin=&#8220;0px||0px|0px|false|false&#8220; custom_padding=&#8220;40px|40px|0px|0px|false|false&#8220; global_colors_info=&#8220;{}&#8220;][\/et_pb_blurb][et_pb_blurb title=&#8220;DO.IT- Amt f\u00fcr Digitalisierung, Organisation und IT&#8220; url=&#8220;https:\/\/www.stuttgart.de\/organigramm\/verwaltungseinheit\/do.it-amt-fuer-digitalisierung-organisation-und-it.php&#8220; use_icon=&#8220;on&#8220; font_icon=&#8220;&#xf3c5;||fa||900&#8243; icon_placement=&#8220;left&#8220; image_icon_width=&#8220;25px&#8220; _builder_version=&#8220;4.24.0&#8243; _module_preset=&#8220;default&#8220; header_font=&#8220;||||||||&#8220; header_font_size=&#8220;15px&#8220; header_line_height=&#8220;1.6em&#8220; background_color=&#8220;RGBA(255,255,255,0)&#8220; custom_margin=&#8220;0px||0px|0px|false|false&#8220; custom_padding=&#8220;40px|40px|0px|0px|false|false&#8220; global_colors_info=&#8220;{}&#8220;][\/et_pb_blurb][et_pb_blurb title=&#8220;sdg.dashboardstr.de&#8220; url=&#8220;https:\/\/sdg.dashboardstr.de\/&#8220; url_new_window=&#8220;on&#8220; use_icon=&#8220;on&#8220; font_icon=&#8220;&#xe02b;||divi||400&#8243; icon_placement=&#8220;left&#8220; image_icon_width=&#8220;25px&#8220; disabled_on=&#8220;on|on|on&#8220; _builder_version=&#8220;4.24.0&#8243; _module_preset=&#8220;default&#8220; header_font=&#8220;||||||||&#8220; header_font_size=&#8220;15px&#8220; header_line_height=&#8220;1.6em&#8220; background_color=&#8220;RGBA(255,255,255,0)&#8220; custom_margin=&#8220;0px||0px|0px|false|false&#8220; custom_padding=&#8220;40px|40px|0px|0px|false|false&#8220; disabled=&#8220;on&#8220; global_colors_info=&#8220;{}&#8220;][\/et_pb_blurb][et_pb_divider color=&#8220;#cccccc&#8220; _builder_version=&#8220;4.24.0&#8243; _module_preset=&#8220;default&#8220; custom_margin=&#8220;0px||0px||false|false&#8220; custom_padding=&#8220;50px||20px||false|false&#8220; global_colors_info=&#8220;{}&#8220;][\/et_pb_divider][et_pb_heading title=&#8220;Nachhaltigkeitsziele&#8220; _builder_version=&#8220;4.24.0&#8243; _module_preset=&#8220;default&#8220; module_alignment=&#8220;left&#8220; global_colors_info=&#8220;{}&#8220;][\/et_pb_heading][et_pb_text _builder_version=&#8220;4.24.0&#8243; _dynamic_attributes=&#8220;link_option_url&#8220; _module_preset=&#8220;default&#8220; text_text_color=&#8220;#333333&#8243; text_font_size=&#8220;15px&#8220; text_line_height=&#8220;2em&#8220; background_color=&#8220;RGBA(255,255,255,0)&#8220; custom_margin=&#8220;0px||0px||false|false&#8220; custom_padding=&#8220;0px||0px||false|false&#8220; link_option_url=&#8220;@ET-DC@eyJkeW5hbWljIjp0cnVlLCJjb250ZW50IjoicG9zdF9saW5rX3VybF9wYWdlIiwic2V0dGluZ3MiOnsicG9zdF9pZCI6IjM0MiJ9fQ==@&#8220; border_color_all=&#8220;#cccccc&#8220; global_colors_info=&#8220;{}&#8220;]<\/p>\n<p><img loading=\"lazy\" decoding=\"async\" class=\"wp-image-601 alignnone size-full\" src=\"https:\/\/smartcity.stuttgart.de\/wp-content\/uploads\/2024\/07\/4.jpg\" alt=\"\" width=\"130\" height=\"130\" \/>\u00a0 <img loading=\"lazy\" decoding=\"async\" class=\"wp-image-603 alignnone size-full\" src=\"https:\/\/smartcity.stuttgart.de\/wp-content\/uploads\/2024\/07\/5.jpg\" alt=\"\" width=\"130\" height=\"130\" \/><br \/><img loading=\"lazy\" decoding=\"async\" class=\"wp-image-601 alignnone size-full\" src=\"https:\/\/smartcity.stuttgart.de\/wp-content\/uploads\/2024\/07\/9.jpg\" alt=\"\" width=\"130\" height=\"130\" srcset=\"https:\/\/digitalmonitor.stuttgart.de\/wp-content\/uploads\/2024\/07\/9.jpg 300w, https:\/\/digitalmonitor.stuttgart.de\/wp-content\/uploads\/2024\/07\/9-150x150.jpg 150w\" sizes=\"(max-width: 130px) 100vw, 130px\" \/>\u00a0 <img loading=\"lazy\" decoding=\"async\" class=\"wp-image-603 alignnone size-full\" src=\"https:\/\/smartcity.stuttgart.de\/wp-content\/uploads\/2024\/07\/10.jpg\" alt=\"\" width=\"130\" height=\"130\" \/><br \/><img loading=\"lazy\" decoding=\"async\" class=\"wp-image-601 alignnone size-full\" src=\"https:\/\/smartcity.stuttgart.de\/wp-content\/uploads\/2024\/07\/11.jpg\" alt=\"\" width=\"130\" height=\"130\" \/>\u00a0 <img loading=\"lazy\" decoding=\"async\" class=\"wp-image-603 alignnone size-full\" src=\"https:\/\/smartcity.stuttgart.de\/wp-content\/uploads\/2024\/07\/17.jpg\" alt=\"\" width=\"130\" height=\"130\" \/><\/p>\n<p>[\/et_pb_text][\/et_pb_column][\/et_pb_row][\/et_pb_section]<\/p>\n","protected":false},"excerpt":{"rendered":"<p>Mit dem Aufbau eines stadtinternen KI-Hubs schafft die Landeshauptstadt Stuttgart eine zentrale Plattform, um den Einsatz von K\u00fcnstlicher Intelligenz (KI) in der Verwaltung strategisch zu steuern, zu koordinieren und weiterzuentwickeln. \u00a9 Bild mit KI generiert Was macht der KI-Hub? Der Hub bringt Know-how, Menschen und Technologien zusammen \u2013 und unterst\u00fctzt Fach\u00e4mter dabei, den Einsatz von [&hellip;]<\/p>\n","protected":false},"author":1,"featured_media":6008,"comment_status":"closed","ping_status":"closed","template":"","meta":{"_et_pb_use_builder":"on","_et_pb_old_content":"<p>[et_pb_section fb_built=\"1\" custom_padding_last_edited=\"on|phone\" _builder_version=\"4.24.0\" _module_preset=\"default\" custom_margin_tablet=\"\" custom_margin_phone=\"0px|0px||0px|false|false\" custom_margin_last_edited=\"on|phone\" custom_padding_tablet=\"\" custom_padding_phone=\"0px|0px|0px|1px|false|false\" global_colors_info=\"{}\"][et_pb_row custom_padding_last_edited=\"on|phone\" disabled_on=\"off|off|off\" _builder_version=\"4.24.0\" _module_preset=\"default\" custom_margin=\"0px||||false|false\" custom_margin_tablet=\"||||false|false\" custom_margin_phone=\"||||false|false\" custom_margin_last_edited=\"on|desktop\" custom_padding=\"0px||||false|false\" custom_padding_tablet=\"0px||||false|false\" custom_padding_phone=\"0px||||false|false\" global_colors_info=\"{}\"][et_pb_column type=\"4_4\" _builder_version=\"4.24.0\" _module_preset=\"default\" global_colors_info=\"{}\"][et_pb_post_nav in_same_term=\"off\" prev_text=\"n\u00e4chstes Projekt\" next_text=\"vorheriges Projekt\" prev_text_tablet=\"n\u00e4chstes Projekt\" prev_text_phone=\"n\u00e4chstes\" prev_text_last_edited=\"on|phone\" next_text_tablet=\"vorheriges Projekt\" next_text_phone=\"vorheriges\" next_text_last_edited=\"on|desktop\" _builder_version=\"4.24.0\" _module_preset=\"default\" width_tablet=\"\" width_phone=\"100%\" width_last_edited=\"on|phone\" max_width=\"100%\" min_height=\"20px\" min_height_tablet=\"20px\" min_height_phone=\"20px\" min_height_last_edited=\"on|desktop\" height=\"20px\" max_height=\"20px\" custom_margin=\"||||false|false\" custom_margin_tablet=\"||||false|false\" custom_margin_phone=\"0px||||false|false\" custom_margin_last_edited=\"on|phone\" custom_padding=\"0px||||false|false\" global_colors_info=\"{}\"][\/et_pb_post_nav][et_pb_divider color=\"#cccccc\" _builder_version=\"4.24.0\" _module_preset=\"default\" global_colors_info=\"{}\"][\/et_pb_divider][\/et_pb_column][\/et_pb_row][et_pb_row column_structure=\"3_5,2_5\" custom_padding_last_edited=\"on|phone\" _builder_version=\"4.24.0\" _module_preset=\"default\" custom_margin=\"0px||0px||false|false\" custom_margin_tablet=\"0px||0px||false|false\" custom_margin_phone=\"-110px||||false|false\" custom_margin_last_edited=\"on|desktop\" custom_padding=\"0px||0px||false|false\" custom_padding_tablet=\"0px||0px||false|false\" custom_padding_phone=\"0px||0px||false|false\" global_colors_info=\"{}\"][et_pb_column type=\"3_5\" _builder_version=\"4.24.0\" _module_preset=\"default\" global_colors_info=\"{}\"][et_pb_heading title=\"Echtzeit\u00fcbersetzung am Telefon \u2013 Besserer B\u00fcrgerkontakt bei der 115\" _builder_version=\"4.24.0\" _module_preset=\"default\" title_font=\"|700|||||||\" title_font_size=\"31px\" title_line_height=\"1.3em\" title_font_size_tablet=\"31px\" title_font_size_phone=\"27px\" title_font_size_last_edited=\"on|tablet\" global_colors_info=\"{}\"][\/et_pb_heading][\/et_pb_column][et_pb_column type=\"2_5\" _builder_version=\"4.24.0\" _module_preset=\"default\" global_colors_info=\"{}\"][\/et_pb_column][\/et_pb_row][et_pb_row column_structure=\"2_3,1_3\" custom_padding_last_edited=\"on|desktop\" _builder_version=\"4.24.0\" _module_preset=\"default\" custom_margin=\"0px||100px||false|false\" custom_margin_tablet=\"0px||100px||false|false\" custom_margin_phone=\"0px||50px||false|false\" custom_margin_last_edited=\"on|phone\" custom_padding=\"0px||||false|false\" custom_padding_tablet=\"0px||||false|false\" custom_padding_phone=\"||0px||false|false\" global_colors_info=\"{}\"][et_pb_column type=\"2_3\" _builder_version=\"4.24.0\" _module_preset=\"default\" global_colors_info=\"{}\"][et_pb_text quote_border_color=\"#ffb300\" _builder_version=\"4.24.0\" _module_preset=\"default\" text_font=\"Open Sans||||||||\" text_text_color=\"#666666\" text_font_size=\"15px\" quote_text_color=\"#333333\" quote_line_height=\"2em\" custom_margin=\"0px||0px||false|false\" custom_padding=\"|40px|40px||false|false\" text_font_size_tablet=\"\" text_font_size_phone=\"14px\" text_font_size_last_edited=\"on|tablet\" global_colors_info=\"{}\"]<\/p><blockquote><p>Verst\u00e4ndigung am Telefon ist f\u00fcr viele B\u00fcrgerinnen und B\u00fcrger, die kein oder nur wenig Deutsch sprechen, eine gro\u00dfe Herausforderung \u2013 insbesondere im Kontakt mit der Verwaltung. Die Landeshauptstadt Stuttgart testet daher mit dem <strong>\u201eLive-Call-Translator\u201c<\/strong> eine innovative KI-L\u00f6sung, die Sprachbarrieren im direkten Gespr\u00e4ch \u00fcberwindet.<\/p><\/blockquote><p>[\/et_pb_text][et_pb_image src=\"https:\/\/digitalmonitor.stuttgart.de\/wp-content\/uploads\/2025\/05\/ki-echtzeit-uebersetzung.jpg\" alt=\"Zwei Personen, die Headsets tragen unterhalten sich miteinander. Zwischen ihnen sind viele verschiedene L\u00e4nderflaggen zu sehen.\" title_text=\"ki-echtzeit-\u00fcbersetzung\" force_fullwidth=\"on\" src_tablet=\"https:\/\/smartcity.stuttgart.de\/wp-content\/uploads\/2024\/09\/datenplattform-scaled.jpg\" src_phone=\"https:\/\/smartcity.stuttgart.de\/wp-content\/uploads\/2024\/09\/datenplattform-scaled.jpg\" src_last_edited=\"off|desktop\" disabled_on=\"off|off|off\" _builder_version=\"4.24.0\" _module_preset=\"default\" width_tablet=\"60%\" width_phone=\"100%\" width_last_edited=\"on|phone\" custom_margin=\"0px||0px||false|false\" custom_padding=\"0px||0px||false|false\" box_shadow_style=\"preset1\" box_shadow_spread=\"-7px\" global_colors_info=\"{}\"][\/et_pb_image][et_pb_text disabled_on=\"on|on|on\" _builder_version=\"4.24.0\" _module_preset=\"default\" text_font_size=\"13px\" text_line_height=\"1.6em\" module_alignment=\"left\" custom_margin=\"10px||0px|0px|false|false\" custom_padding=\"0px||14px||false|false\" disabled=\"on\" global_colors_info=\"{}\"]\u00a9 Bild mit KI generiert<br \/>[\/et_pb_text][et_pb_text _builder_version=\"4.24.0\" _module_preset=\"default\" text_font=\"Open Sans||||||||\" text_text_color=\"#333333\" text_font_size=\"15px\" text_line_height=\"2em\" custom_padding=\"40px|40px|||false|false\" hover_enabled=\"0\" border_radii=\"off||||\" global_colors_info=\"{}\" sticky_enabled=\"0\"]<\/p><p>Die Anwendung erm\u00f6glicht es, Telefonate in mehreren Sprachen in Echtzeit zu f\u00fchren \u2013 zun\u00e4chst auf Englisch, Franz\u00f6sisch, Spanisch, T\u00fcrkisch und Ukrainisch. Dabei wird das Gesprochene w\u00e4hrend des Gespr\u00e4chs automatisch \u00fcbersetzt, sodass beide Seiten sich fl\u00fcssig und sicher verst\u00e4ndigen k\u00f6nnen.<\/p><h3><strong>So funktioniert der Live-Call-Translator<\/strong><\/h3><ul><li><strong>Echtzeit\u00fcbersetzung:<\/strong> Das System \u00fcbersetzt eingehende und ausgehende Sprachbeitr\u00e4ge live \u2013 w\u00e4hrend des Gespr\u00e4chs<\/li><li><strong>Mehrsprachiger Einsatz:<\/strong> Fokus auf die f\u00fcnf am h\u00e4ufigsten ben\u00f6tigten Sprachen in der Verwaltung<\/li><li><strong>Niedrigschwellige Nutzung:<\/strong> Keine zus\u00e4tzliche Technik notwendig \u2013 Integration erfolgt direkt \u00fcber den Telefonarbeitsplatz<\/li><li><strong>Datenschutzkonform:<\/strong> Die L\u00f6sung erf\u00fcllt alle Anforderungen an sichere und vertrauliche Kommunikation<\/li><\/ul><h3><strong>Was wollen wir damit erreichen?<\/strong><\/h3><p>Mit dem Einsatz des Live-Call-Translators verfolgt die Landeshauptstadt Stuttgart das Ziel, <strong>Sprachbarrieren im telefonischen Kontakt mit der Verwaltung abzubauen<\/strong><strong>. <\/strong>Die L\u00f6sung soll <strong>Missverst\u00e4ndnisse vermeiden<\/strong>, die <strong>Bearbeitung von Anliegen effizienter machen<\/strong> und einen sp\u00fcrbaren Beitrag zur <strong>Willkommenskultur und Zug\u00e4nglichkeit kommunaler Leistungen<\/strong> leisten.<\/p><p>Dar\u00fcber hinaus st\u00e4rkt der Einsatz innovativer Technologien das <strong>moderne und b\u00fcrgernahe Erscheinungsbild der Stadtverwaltung<\/strong> \u2013 und zeigt, wie Digitalisierung gezielt f\u00fcr mehr Teilhabe sorgen kann.<\/p><p>[\/et_pb_text][\/et_pb_column][et_pb_column type=\"1_3\" _builder_version=\"4.24.0\" _module_preset=\"default\" global_colors_info=\"{}\"][et_pb_divider color=\"#cccccc\" disabled_on=\"off|on|on\" _builder_version=\"4.24.0\" _module_preset=\"default\" custom_margin=\"0px||0px||false|false\" custom_padding=\"50px||20px||false|false\" global_colors_info=\"{}\"][\/et_pb_divider][et_pb_blurb title=\"Verwaltung\" image=\"https:\/\/smartcity.stuttgart.de\/wp-content\/uploads\/2024\/07\/handlungsfeld-verwaltung.png\" alt=\"Icon Verwaltung\" image_icon_width=\"35%\" icon_alignment=\"left\" _builder_version=\"4.24.0\" _dynamic_attributes=\"link_option_url\" _module_preset=\"default\" header_font=\"|700||on|||||\" header_font_size=\"16px\" header_line_height=\"0em\" image_icon_custom_margin=\"0px||0px|0px|false|false\" image_icon_custom_padding=\"0px||0px||false|false\" custom_margin=\"0px||0px||false|false\" custom_padding=\"0px||0px||false|false\" link_option_url=\"@ET-DC@eyJkeW5hbWljIjp0cnVlLCJjb250ZW50IjoicG9zdF9saW5rX3VybF9wYWdlIiwic2V0dGluZ3MiOnsicG9zdF9pZCI6IjE0NjUifX0=@\" border_color_all_image=\"RGBA(255,255,255,0)\" global_colors_info=\"{}\"][\/et_pb_blurb][et_pb_divider color=\"#cccccc\" disabled_on=\"off|off|off\" _builder_version=\"4.24.0\" _module_preset=\"default\" custom_margin=\"0px||0px||false|false\" custom_padding=\"50px||20px||false|false\" global_colors_info=\"{}\"][\/et_pb_divider][et_pb_blurb title=\"In Umsetzung\" use_icon=\"on\" font_icon=\"\uf024||fa||900\" icon_placement=\"left\" image_icon_width=\"25px\" font_icon_last_edited=\"off|desktop\" _builder_version=\"4.24.0\" _module_preset=\"default\" header_font=\"||||||||\" header_font_size=\"15px\" header_line_height=\"1.6em\" background_color=\"RGBA(255,255,255,0)\" custom_margin=\"0px||0px|0px|false|false\" custom_padding=\"15px|40px|0px|0px|false|false\" global_colors_info=\"{}\"][\/et_pb_blurb][et_pb_blurb title=\"06\/2024 - 06\/2025\" use_icon=\"on\" font_icon=\"\uf073||fa||400\" icon_placement=\"left\" image_icon_width=\"25px\" _builder_version=\"4.24.0\" _module_preset=\"default\" header_font=\"||||||||\" header_font_size=\"15px\" header_line_height=\"1.6em\" background_color=\"RGBA(255,255,255,0)\" custom_margin=\"0px||0px|0px|false|false\" custom_padding=\"40px|40px|0px|0px|false|false\" global_colors_info=\"{}\"][\/et_pb_blurb][et_pb_blurb title=\"DO.IT- Amt f\u00fcr Digitalisierung, Organisation und IT\" url=\"https:\/\/www.stuttgart.de\/organigramm\/verwaltungseinheit\/do.it-amt-fuer-digitalisierung-organisation-und-it.php\" use_icon=\"on\" font_icon=\"\uf3c5||fa||900\" icon_placement=\"left\" image_icon_width=\"25px\" _builder_version=\"4.24.0\" _module_preset=\"default\" header_font=\"||||||||\" header_font_size=\"15px\" header_line_height=\"1.6em\" background_color=\"RGBA(255,255,255,0)\" custom_margin=\"0px||0px|0px|false|false\" custom_padding=\"40px|40px|0px|0px|false|false\" global_colors_info=\"{}\"][\/et_pb_blurb][et_pb_blurb title=\"sdg.dashboardstr.de\" url=\"https:\/\/sdg.dashboardstr.de\/\" url_new_window=\"on\" use_icon=\"on\" font_icon=\"\ue02b||divi||400\" icon_placement=\"left\" image_icon_width=\"25px\" disabled_on=\"on|on|on\" _builder_version=\"4.24.0\" _module_preset=\"default\" header_font=\"||||||||\" header_font_size=\"15px\" header_line_height=\"1.6em\" background_color=\"RGBA(255,255,255,0)\" custom_margin=\"0px||0px|0px|false|false\" custom_padding=\"40px|40px|0px|0px|false|false\" disabled=\"on\" global_colors_info=\"{}\"][\/et_pb_blurb][et_pb_divider color=\"#cccccc\" _builder_version=\"4.24.0\" _module_preset=\"default\" custom_margin=\"0px||0px||false|false\" custom_padding=\"50px||20px||false|false\" global_colors_info=\"{}\"][\/et_pb_divider][et_pb_heading title=\"Nachhaltigkeitsziele\" _builder_version=\"4.24.0\" _module_preset=\"default\" module_alignment=\"left\" global_colors_info=\"{}\"][\/et_pb_heading][et_pb_text _builder_version=\"4.24.0\" _dynamic_attributes=\"link_option_url\" _module_preset=\"default\" text_text_color=\"#333333\" text_font_size=\"15px\" text_line_height=\"2em\" background_color=\"RGBA(255,255,255,0)\" custom_margin=\"0px||0px||false|false\" custom_padding=\"0px||0px||false|false\" link_option_url=\"@ET-DC@eyJkeW5hbWljIjp0cnVlLCJjb250ZW50IjoicG9zdF9saW5rX3VybF9wYWdlIiwic2V0dGluZ3MiOnsicG9zdF9pZCI6IjM0MiJ9fQ==@\" border_color_all=\"#cccccc\" global_colors_info=\"{}\"]<img class=\"wp-image-601 alignnone size-full\" src=\"https:\/\/smartcity.stuttgart.de\/wp-content\/uploads\/2024\/07\/9.jpg\" alt=\"\" width=\"130\" height=\"130\" \/>\u00a0 <img class=\"wp-image-603 alignnone size-full\" src=\"https:\/\/smartcity.stuttgart.de\/wp-content\/uploads\/2024\/07\/10.jpg\" alt=\"\" width=\"130\" height=\"130\" \/><br \/><img class=\"wp-image-601 alignnone size-full\" src=\"https:\/\/smartcity.stuttgart.de\/wp-content\/uploads\/2024\/07\/11.jpg\" alt=\"\" width=\"130\" height=\"130\" \/><br \/>[\/et_pb_text][\/et_pb_column][\/et_pb_row][\/et_pb_section]<\/p>","_et_gb_content_width":"","footnotes":""},"project_category":[7,23],"project_tag":[],"class_list":["post-6091","project","type-project","status-publish","has-post-thumbnail","hentry","project_category-in-umsetzung","project_category-handlungsfeld-verwaltung"],"_links":{"self":[{"href":"https:\/\/digitalmonitor.stuttgart.de\/index.php\/wp-json\/wp\/v2\/project\/6091"}],"collection":[{"href":"https:\/\/digitalmonitor.stuttgart.de\/index.php\/wp-json\/wp\/v2\/project"}],"about":[{"href":"https:\/\/digitalmonitor.stuttgart.de\/index.php\/wp-json\/wp\/v2\/types\/project"}],"author":[{"embeddable":true,"href":"https:\/\/digitalmonitor.stuttgart.de\/index.php\/wp-json\/wp\/v2\/users\/1"}],"replies":[{"embeddable":true,"href":"https:\/\/digitalmonitor.stuttgart.de\/index.php\/wp-json\/wp\/v2\/comments?post=6091"}],"version-history":[{"count":8,"href":"https:\/\/digitalmonitor.stuttgart.de\/index.php\/wp-json\/wp\/v2\/project\/6091\/revisions"}],"predecessor-version":[{"id":6165,"href":"https:\/\/digitalmonitor.stuttgart.de\/index.php\/wp-json\/wp\/v2\/project\/6091\/revisions\/6165"}],"wp:featuredmedia":[{"embeddable":true,"href":"https:\/\/digitalmonitor.stuttgart.de\/index.php\/wp-json\/wp\/v2\/media\/6008"}],"wp:attachment":[{"href":"https:\/\/digitalmonitor.stuttgart.de\/index.php\/wp-json\/wp\/v2\/media?parent=6091"}],"wp:term":[{"taxonomy":"project_category","embeddable":true,"href":"https:\/\/digitalmonitor.stuttgart.de\/index.php\/wp-json\/wp\/v2\/project_category?post=6091"},{"taxonomy":"project_tag","embeddable":true,"href":"https:\/\/digitalmonitor.stuttgart.de\/index.php\/wp-json\/wp\/v2\/project_tag?post=6091"}],"curies":[{"name":"wp","href":"https:\/\/api.w.org\/{rel}","templated":true}]}}