{"id":5815,"date":"2023-04-01T16:00:01","date_gmt":"2023-04-01T14:00:01","guid":{"rendered":"https:\/\/digitalmonitor.stuttgart.de\/?post_type=project&#038;p=5815"},"modified":"2025-02-07T12:46:03","modified_gmt":"2025-02-07T11:46:03","slug":"kulturfinder","status":"publish","type":"project","link":"https:\/\/digitalmonitor.stuttgart.de\/index.php\/project\/kulturfinder\/","title":{"rendered":"Kulturfinder 2.0"},"content":{"rendered":"<p>[et_pb_section fb_built=&#8220;1&#8243; custom_padding_last_edited=&#8220;on|desktop&#8220; _builder_version=&#8220;4.24.0&#8243; _module_preset=&#8220;default&#8220; custom_margin=&#8220;||100px||false|false&#8220; custom_margin_tablet=&#8220;||50px||false|false&#8220; custom_margin_phone=&#8220;0px|0px|50px|0px|false|false&#8220; custom_margin_last_edited=&#8220;on|phone&#8220; custom_padding_tablet=&#8220;&#8220; custom_padding_phone=&#8220;0px|0px|0px|0px|false|false&#8220; global_colors_info=&#8220;{}&#8220;][et_pb_row custom_padding_last_edited=&#8220;on|phone&#8220; disabled_on=&#8220;off|off|off&#8220; _builder_version=&#8220;4.24.0&#8243; _module_preset=&#8220;default&#8220; custom_margin=&#8220;0px||||false|false&#8220; custom_margin_tablet=&#8220;||||false|false&#8220; custom_margin_phone=&#8220;||||false|false&#8220; custom_margin_last_edited=&#8220;on|desktop&#8220; custom_padding=&#8220;0px||||false|false&#8220; custom_padding_tablet=&#8220;0px||||false|false&#8220; custom_padding_phone=&#8220;0px||||false|false&#8220; global_colors_info=&#8220;{}&#8220;][et_pb_column type=&#8220;4_4&#8243; _builder_version=&#8220;4.24.0&#8243; _module_preset=&#8220;default&#8220; global_colors_info=&#8220;{}&#8220;][et_pb_post_nav in_same_term=&#8220;off&#8220; prev_text=&#8220;n\u00e4chstes Projekt&#8220; next_text=&#8220;vorheriges Projekt&#8220; prev_text_tablet=&#8220;n\u00e4chstes Projekt&#8220; prev_text_phone=&#8220;n\u00e4chstes&#8220; prev_text_last_edited=&#8220;on|desktop&#8220; next_text_tablet=&#8220;vorheriges Projekt&#8220; next_text_phone=&#8220;vorheriges&#8220; next_text_last_edited=&#8220;on|desktop&#8220; _builder_version=&#8220;4.24.0&#8243; _module_preset=&#8220;default&#8220; width_tablet=&#8220;&#8220; width_phone=&#8220;100%&#8220; width_last_edited=&#8220;on|phone&#8220; max_width=&#8220;100%&#8220; min_height=&#8220;20px&#8220; min_height_tablet=&#8220;20px&#8220; min_height_phone=&#8220;20px&#8220; min_height_last_edited=&#8220;on|desktop&#8220; height=&#8220;20px&#8220; max_height=&#8220;20px&#8220; custom_margin=&#8220;||||false|false&#8220; custom_margin_tablet=&#8220;||||false|false&#8220; custom_margin_phone=&#8220;0px||||false|false&#8220; custom_margin_last_edited=&#8220;on|phone&#8220; custom_padding=&#8220;0px||||false|false&#8220; global_colors_info=&#8220;{}&#8220;][\/et_pb_post_nav][et_pb_divider color=&#8220;#cccccc&#8220; _builder_version=&#8220;4.24.0&#8243; _module_preset=&#8220;default&#8220; global_colors_info=&#8220;{}&#8220;][\/et_pb_divider][\/et_pb_column][\/et_pb_row][et_pb_row custom_padding_last_edited=&#8220;on|phone&#8220; _builder_version=&#8220;4.24.0&#8243; _module_preset=&#8220;default&#8220; custom_margin=&#8220;0px||0px||false|false&#8220; custom_margin_tablet=&#8220;0px||0px||false|false&#8220; custom_margin_phone=&#8220;-110px||||false|false&#8220; custom_margin_last_edited=&#8220;on|desktop&#8220; custom_padding=&#8220;0px||0px||false|false&#8220; custom_padding_tablet=&#8220;0px||0px||false|false&#8220; custom_padding_phone=&#8220;0px||0px||false|false&#8220; global_colors_info=&#8220;{}&#8220;][et_pb_column type=&#8220;4_4&#8243; _builder_version=&#8220;4.24.0&#8243; _module_preset=&#8220;default&#8220; global_colors_info=&#8220;{}&#8220;][et_pb_heading title=&#8220;Kulturfinder 2.0&#8243; _builder_version=&#8220;4.24.0&#8243; _module_preset=&#8220;default&#8220; title_font=&#8220;|700|||||||&#8220; title_font_size=&#8220;31px&#8220; title_line_height=&#8220;1.3em&#8220; title_font_size_tablet=&#8220;31px&#8220; title_font_size_phone=&#8220;27px&#8220; title_font_size_last_edited=&#8220;on|tablet&#8220; global_colors_info=&#8220;{}&#8220;][\/et_pb_heading][\/et_pb_column][\/et_pb_row][et_pb_row column_structure=&#8220;2_3,1_3&#8243; _builder_version=&#8220;4.24.0&#8243; _module_preset=&#8220;default&#8220; custom_margin=&#8220;0px||||false|false&#8220; custom_padding=&#8220;0px||||false|false&#8220; global_colors_info=&#8220;{}&#8220;][et_pb_column type=&#8220;2_3&#8243; _builder_version=&#8220;4.24.0&#8243; _module_preset=&#8220;default&#8220; global_colors_info=&#8220;{}&#8220;][et_pb_text quote_border_color=&#8220;#e01fbf&#8220; _builder_version=&#8220;4.24.0&#8243; _module_preset=&#8220;default&#8220; text_font=&#8220;Open Sans||||||||&#8220; text_text_color=&#8220;#666666&#8243; text_line_height=&#8220;2em&#8220; quote_text_color=&#8220;#333333&#8243; custom_margin=&#8220;0px||0px||false|false&#8220; custom_padding=&#8220;|40px|40px||false|false&#8220; global_colors_info=&#8220;{}&#8220;]<\/p>\n<blockquote>\n<p>Das Kulturamt plant zusammen mit der Abteilung Kommunikation und dem Amt f\u00fcr Digitalisierung, Organisation und IT (DO.IT) eine umfassende Kulturdatenbank \u2013 den \u201eKulturfinder 2.0\u201c. Diese Datenbank soll den Auftrag des Gemeinderats erf\u00fcllen, der den Aufbau eines verbesserten Kulturinformationssystems gefordert hat, um die Vielfalt der Kultur in Stuttgart zu pr\u00e4sentieren.<\/p>\n<\/blockquote>\n<p>[\/et_pb_text][et_pb_image src=&#8220;https:\/\/digitalmonitor.stuttgart.de\/wp-content\/uploads\/2025\/02\/kulturfinder-1.jpg&#8220; alt=&#8220;Schriftzug Kulturfinder auf tranparentem Hintergrund.&#8220; title_text=&#8220;kulturfinder&#8220; force_fullwidth=&#8220;on&#8220; disabled_on=&#8220;off|off|off&#8220; _builder_version=&#8220;4.24.0&#8243; _module_preset=&#8220;default&#8220; width_tablet=&#8220;60%&#8220; width_phone=&#8220;100%&#8220; width_last_edited=&#8220;on|phone&#8220; custom_margin=&#8220;0px||0px||false|false&#8220; custom_padding=&#8220;0px||0px||false|false&#8220; box_shadow_style=&#8220;preset1&#8243; box_shadow_spread=&#8220;-7px&#8220; global_colors_info=&#8220;{}&#8220;][\/et_pb_image][et_pb_text disabled_on=&#8220;on|on|on&#8220; _builder_version=&#8220;4.24.0&#8243; _module_preset=&#8220;default&#8220; text_font_size=&#8220;13px&#8220; text_line_height=&#8220;1.6em&#8220; module_alignment=&#8220;left&#8220; custom_margin=&#8220;10px||0px|0px|false|false&#8220; custom_padding=&#8220;0px||14px||false|false&#8220; disabled=&#8220;on&#8220; global_colors_info=&#8220;{}&#8220;]\u00a9 Bild mit KI generiert<br \/>\n[\/et_pb_text][et_pb_text _builder_version=&#8220;4.24.0&#8243; _module_preset=&#8220;default&#8220; text_font=&#8220;Open Sans||||||||&#8220; text_text_color=&#8220;#333333&#8243; text_line_height=&#8220;2em&#8220; custom_padding=&#8220;40px|40px|0px||false|false&#8220; border_radii=&#8220;off||||&#8220; global_colors_info=&#8220;{}&#8220;]<\/p>\n<div class=\"SP-Text\">Der Nachfolger des bestehenden Kulturfinders bietet den Stuttgarter Kulturinstitutionen die M\u00f6glichkeit, sich und ihre Angebote vorzustellen. Stuttgarter B\u00fcrgerinnen und B\u00fcrger sowie Besucherinnen und Besucher k\u00f6nnen dieses Angebot nach ihren individuellen W\u00fcnschen durchsuchen und filtern. Kulturinstitutionen in Stuttgart k\u00f6nnen ihre Angebote detailliert pr\u00e4sentieren und gezielt ihre Zielgruppen ansprechen (\u00fcber die Plattform MeinService Stuttgart). Interessierte k\u00f6nnen die vielf\u00e4ltigen Angebote dann auf einer eigenen Website mit einer intelligenten Suchfunktion oder durch verschiedene Filter nach dem passenden Angebot durchsuchen.<\/div>\n<p>[\/et_pb_text][\/et_pb_column][et_pb_column type=&#8220;1_3&#8243; _builder_version=&#8220;4.24.0&#8243; _module_preset=&#8220;default&#8220; global_colors_info=&#8220;{}&#8220;][et_pb_divider color=&#8220;#cccccc&#8220; disabled_on=&#8220;off|on|on&#8220; _builder_version=&#8220;4.24.0&#8243; _module_preset=&#8220;default&#8220; custom_margin=&#8220;0px||0px||false|false&#8220; custom_padding=&#8220;50px||20px||false|false&#8220; global_colors_info=&#8220;{}&#8220;][\/et_pb_divider][et_pb_blurb title=&#8220;Gesellschaft und Kultur&#8220; image=&#8220;https:\/\/smartcity.stuttgart.de\/wp-content\/uploads\/2024\/09\/gesellschaft-und-kultur.png&#8220; alt=&#8220;Icon Verwaltung&#8220; image_icon_width=&#8220;35%&#8220; icon_alignment=&#8220;left&#8220; _builder_version=&#8220;4.24.0&#8243; _dynamic_attributes=&#8220;link_option_url&#8220; _module_preset=&#8220;default&#8220; header_font=&#8220;|700||on|||||&#8220; header_font_size=&#8220;16px&#8220; header_line_height=&#8220;0em&#8220; image_icon_custom_margin=&#8220;0px||0px|0px|false|false&#8220; image_icon_custom_padding=&#8220;0px||0px||false|false&#8220; custom_margin=&#8220;0px||0px||false|false&#8220; custom_padding=&#8220;0px||0px||false|false&#8220; link_option_url=&#8220;@ET-DC@eyJkeW5hbWljIjp0cnVlLCJjb250ZW50IjoicG9zdF9saW5rX3VybF9wYWdlIiwic2V0dGluZ3MiOnsicG9zdF9pZCI6IjE0NjAifX0=@&#8220; border_color_all_image=&#8220;RGBA(255,255,255,0)&#8220; global_colors_info=&#8220;{}&#8220;][\/et_pb_blurb][et_pb_divider color=&#8220;#cccccc&#8220; disabled_on=&#8220;off|off|off&#8220; _builder_version=&#8220;4.24.0&#8243; _module_preset=&#8220;default&#8220; custom_margin=&#8220;0px||0px||false|false&#8220; custom_padding=&#8220;50px||20px||false|false&#8220; global_colors_info=&#8220;{}&#8220;][\/et_pb_divider][et_pb_blurb title=&#8220;In Umsetzung&#8220; use_icon=&#8220;on&#8220; font_icon=&#8220;&#xf024;||fa||900&#8243; icon_placement=&#8220;left&#8220; image_icon_width=&#8220;25px&#8220; _builder_version=&#8220;4.24.0&#8243; _module_preset=&#8220;default&#8220; header_font=&#8220;||||||||&#8220; header_font_size=&#8220;15px&#8220; header_line_height=&#8220;1.6em&#8220; background_color=&#8220;RGBA(255,255,255,0)&#8220; custom_margin=&#8220;0px||0px|0px|false|false&#8220; custom_padding=&#8220;15px|40px|0px|0px|false|false&#8220; global_colors_info=&#8220;{}&#8220;][\/et_pb_blurb][et_pb_blurb title=&#8220;03\/2021 &#8211; 10\/2025&#8243; use_icon=&#8220;on&#8220; font_icon=&#8220;&#xf073;||fa||400&#8243; icon_placement=&#8220;left&#8220; image_icon_width=&#8220;25px&#8220; _builder_version=&#8220;4.24.0&#8243; _module_preset=&#8220;default&#8220; header_font=&#8220;||||||||&#8220; header_font_size=&#8220;15px&#8220; header_line_height=&#8220;1.6em&#8220; background_color=&#8220;RGBA(255,255,255,0)&#8220; custom_margin=&#8220;0px||0px|0px|false|false&#8220; custom_padding=&#8220;40px|40px|0px|0px|false|false&#8220; global_colors_info=&#8220;{}&#8220;][\/et_pb_blurb][et_pb_blurb url=&#8220;https:\/\/www.stuttgart.de\/organigramm\/adresse\/stuttgart-marketing-gmbh.php&#8220; use_icon=&#8220;on&#8220; font_icon=&#8220;&#xf3c5;||fa||900&#8243; icon_placement=&#8220;left&#8220; image_icon_width=&#8220;25px&#8220; _builder_version=&#8220;4.24.0&#8243; _module_preset=&#8220;default&#8220; header_font=&#8220;||||||||&#8220; header_font_size=&#8220;15px&#8220; header_line_height=&#8220;1.6em&#8220; background_color=&#8220;RGBA(255,255,255,0)&#8220; custom_margin=&#8220;0px||0px|0px|false|false&#8220; custom_padding=&#8220;40px|40px|0px|0px|false|false&#8220; global_colors_info=&#8220;{}&#8220;]<\/p>\n<p><a href=\"https:\/\/www.stuttgart.de\/organigramm\/verwaltungseinheit\/kulturamt.php\" target=\"_blank\" rel=\"noopener\">Kulturamt<\/a><\/p>\n<p>[\/et_pb_blurb][et_pb_blurb title=&#8220;Digitales Fu\u00dfg\u00e4ngerleitsystem&#8220; url=&#8220;https:\/\/digitales-fussgaengerleitsystem.de&#8220; use_icon=&#8220;on&#8220; font_icon=&#8220;&#xe02b;||divi||400&#8243; icon_placement=&#8220;left&#8220; image_icon_width=&#8220;25px&#8220; disabled_on=&#8220;on|on|on&#8220; _builder_version=&#8220;4.24.0&#8243; _module_preset=&#8220;default&#8220; header_font=&#8220;||||||||&#8220; header_font_size=&#8220;15px&#8220; header_line_height=&#8220;1.6em&#8220; background_color=&#8220;RGBA(255,255,255,0)&#8220; custom_margin=&#8220;0px||0px|0px|false|false&#8220; custom_padding=&#8220;40px|40px|0px|0px|false|false&#8220; disabled=&#8220;on&#8220; global_colors_info=&#8220;{}&#8220;][\/et_pb_blurb][et_pb_divider color=&#8220;#cccccc&#8220; _builder_version=&#8220;4.24.0&#8243; _module_preset=&#8220;default&#8220; custom_margin=&#8220;0px||0px||false|false&#8220; custom_padding=&#8220;50px||20px||false|false&#8220; global_colors_info=&#8220;{}&#8220;][\/et_pb_divider][et_pb_heading title=&#8220;Nachhaltigkeitsziele&#8220; _builder_version=&#8220;4.24.0&#8243; _module_preset=&#8220;default&#8220; module_alignment=&#8220;left&#8220; global_colors_info=&#8220;{}&#8220;][\/et_pb_heading][et_pb_text _builder_version=&#8220;4.24.0&#8243; _dynamic_attributes=&#8220;link_option_url&#8220; _module_preset=&#8220;default&#8220; text_text_color=&#8220;#333333&#8243; text_font_size=&#8220;15px&#8220; text_line_height=&#8220;2em&#8220; background_color=&#8220;RGBA(255,255,255,0)&#8220; custom_margin=&#8220;0px||0px||false|false&#8220; custom_padding=&#8220;0px||0px||false|false&#8220; link_option_url=&#8220;@ET-DC@eyJkeW5hbWljIjp0cnVlLCJjb250ZW50IjoicG9zdF9saW5rX3VybF9wYWdlIiwic2V0dGluZ3MiOnsicG9zdF9pZCI6IjM0MiJ9fQ==@&#8220; border_color_all=&#8220;#cccccc&#8220; global_colors_info=&#8220;{}&#8220;]<img loading=\"lazy\" decoding=\"async\" class=\"wp-image-599 alignnone size-thumbnail\" src=\"https:\/\/smartcity.stuttgart.de\/wp-content\/uploads\/2024\/07\/5.jpg\" alt=\"\" width=\"130\" height=\"130\" \/>\u00a0 <img loading=\"lazy\" decoding=\"async\" class=\"wp-image-601 alignnone size-full\" src=\"https:\/\/smartcity.stuttgart.de\/wp-content\/uploads\/2024\/07\/6.jpg\" alt=\"\" width=\"130\" height=\"130\" \/>\u00a0 <img loading=\"lazy\" decoding=\"async\" class=\"wp-image-603 alignnone size-full\" src=\"https:\/\/smartcity.stuttgart.de\/wp-content\/uploads\/2024\/07\/10.jpg\" alt=\"\" width=\"130\" height=\"130\" \/>\u00a0 <img loading=\"lazy\" decoding=\"async\" class=\"wp-image-605 alignnone size-thumbnail\" src=\"https:\/\/smartcity.stuttgart.de\/wp-content\/uploads\/2024\/07\/16.jpg\" alt=\"\" width=\"130\" height=\"130\" \/>[\/et_pb_text][\/et_pb_column][\/et_pb_row][\/et_pb_section]<\/p>\n","protected":false},"excerpt":{"rendered":"<p>Das Kulturamt plant zusammen mit der Abteilung Kommunikation und dem Amt f\u00fcr Digitalisierung, Organisation und IT (DO.IT) eine umfassende Kulturdatenbank \u2013 den \u201eKulturfinder 2.0\u201c. Diese Datenbank soll den Auftrag des Gemeinderats erf\u00fcllen, der den Aufbau eines verbesserten Kulturinformationssystems gefordert hat, um die Vielfalt der Kultur in Stuttgart zu pr\u00e4sentieren. \u00a9 Bild mit KI generiert Der [&hellip;]<\/p>\n","protected":false},"author":1,"featured_media":5869,"comment_status":"closed","ping_status":"closed","template":"","meta":{"_et_pb_use_builder":"on","_et_pb_old_content":"<p>[et_pb_section fb_built=\"1\" custom_padding_last_edited=\"on|desktop\" _builder_version=\"4.24.0\" _module_preset=\"default\" custom_margin=\"||100px||false|false\" custom_margin_tablet=\"||50px||false|false\" custom_margin_phone=\"0px|0px|50px|0px|false|false\" custom_margin_last_edited=\"on|phone\" custom_padding_tablet=\"\" custom_padding_phone=\"0px|0px|0px|0px|false|false\" global_colors_info=\"{}\"][et_pb_row custom_padding_last_edited=\"on|phone\" disabled_on=\"off|off|off\" _builder_version=\"4.24.0\" _module_preset=\"default\" custom_margin=\"0px||||false|false\" custom_margin_tablet=\"||||false|false\" custom_margin_phone=\"||||false|false\" custom_margin_last_edited=\"on|desktop\" custom_padding=\"0px||||false|false\" custom_padding_tablet=\"0px||||false|false\" custom_padding_phone=\"0px||||false|false\" global_colors_info=\"{}\"][et_pb_column type=\"4_4\" _builder_version=\"4.24.0\" _module_preset=\"default\" global_colors_info=\"{}\"][et_pb_post_nav in_same_term=\"off\" prev_text=\"n\u00e4chstes Projekt\" next_text=\"vorheriges Projekt\" prev_text_tablet=\"n\u00e4chstes Projekt\" prev_text_phone=\"n\u00e4chstes\" prev_text_last_edited=\"on|desktop\" next_text_tablet=\"vorheriges Projekt\" next_text_phone=\"vorheriges\" next_text_last_edited=\"on|desktop\" _builder_version=\"4.24.0\" _module_preset=\"default\" width_tablet=\"\" width_phone=\"100%\" width_last_edited=\"on|phone\" max_width=\"100%\" min_height=\"20px\" min_height_tablet=\"20px\" min_height_phone=\"20px\" min_height_last_edited=\"on|desktop\" height=\"20px\" max_height=\"20px\" custom_margin=\"||||false|false\" custom_margin_tablet=\"||||false|false\" custom_margin_phone=\"0px||||false|false\" custom_margin_last_edited=\"on|phone\" custom_padding=\"0px||||false|false\" global_colors_info=\"{}\"][\/et_pb_post_nav][et_pb_divider color=\"#cccccc\" _builder_version=\"4.24.0\" _module_preset=\"default\" global_colors_info=\"{}\"][\/et_pb_divider][\/et_pb_column][\/et_pb_row][et_pb_row custom_padding_last_edited=\"on|phone\" _builder_version=\"4.24.0\" _module_preset=\"default\" custom_margin=\"0px||0px||false|false\" custom_margin_tablet=\"0px||0px||false|false\" custom_margin_phone=\"-110px||||false|false\" custom_margin_last_edited=\"on|desktop\" custom_padding=\"0px||0px||false|false\" custom_padding_tablet=\"0px||0px||false|false\" custom_padding_phone=\"0px||0px||false|false\" global_colors_info=\"{}\"][et_pb_column type=\"4_4\" _builder_version=\"4.24.0\" _module_preset=\"default\" global_colors_info=\"{}\"][et_pb_heading title=\"Website Kunst im \u00f6ffentlichen Raum\" _builder_version=\"4.24.0\" _module_preset=\"default\" title_font=\"|700|||||||\" title_font_size=\"31px\" title_line_height=\"1.3em\" hover_enabled=\"0\" title_font_size_tablet=\"31px\" title_font_size_phone=\"27px\" title_font_size_last_edited=\"on|tablet\" global_colors_info=\"{}\" sticky_enabled=\"0\"][\/et_pb_heading][\/et_pb_column][\/et_pb_row][et_pb_row column_structure=\"2_3,1_3\" _builder_version=\"4.24.0\" _module_preset=\"default\" custom_margin=\"0px||||false|false\" custom_padding=\"0px||||false|false\" global_colors_info=\"{}\"][et_pb_column type=\"2_3\" _builder_version=\"4.24.0\" _module_preset=\"default\" global_colors_info=\"{}\"][et_pb_text quote_border_color=\"#e01fbf\" _builder_version=\"4.24.0\" _module_preset=\"default\" text_font=\"Open Sans||||||||\" text_text_color=\"#666666\" text_line_height=\"2em\" quote_text_color=\"#333333\" custom_margin=\"0px||0px||false|false\" custom_padding=\"|40px|40px||false|false\" hover_enabled=\"0\" global_colors_info=\"{}\" sticky_enabled=\"0\"]<\/p><blockquote><p>Lorem ipsum dolor sit amet, consetetur sadipscing elitr, sed diam nonumy eirmod tempor invidunt ut labore et dolore magna aliquyam erat, sed diam voluptua. At vero eos et accusam et justo duo dolores et ea rebum<\/p><\/blockquote><p>[\/et_pb_text][et_pb_image src=\"https:\/\/smartcity.stuttgart.de\/wp-content\/uploads\/2024\/12\/Fussgaengerleitsystem1-scaled.jpg\" alt=\"Fu\u00dfg\u00e4ngerleitsystem-S\u00e4ule am Schlossplatz ist zu sehen.\" title_text=\"Fussgaengerleitsystem1\" force_fullwidth=\"on\" disabled_on=\"off|off|off\" _builder_version=\"4.24.0\" _module_preset=\"default\" width_tablet=\"60%\" width_phone=\"100%\" width_last_edited=\"on|phone\" custom_margin=\"0px||0px||false|false\" custom_padding=\"0px||0px||false|false\" box_shadow_style=\"preset1\" box_shadow_spread=\"-7px\" global_colors_info=\"{}\"][\/et_pb_image][et_pb_text disabled_on=\"on|on|on\" _builder_version=\"4.24.0\" _module_preset=\"default\" text_font_size=\"13px\" text_line_height=\"1.6em\" module_alignment=\"left\" custom_margin=\"10px||0px|0px|false|false\" custom_padding=\"0px||14px||false|false\" disabled=\"on\" global_colors_info=\"{}\"]\u00a9 Bild mit KI generiert<br \/>[\/et_pb_text][et_pb_text _builder_version=\"4.24.0\" _module_preset=\"default\" text_font=\"Open Sans||||||||\" text_text_color=\"#333333\" text_line_height=\"2em\" custom_padding=\"40px|40px|0px||false|false\" border_radii=\"off||||\" global_colors_info=\"{}\"]<\/p><div class=\"SP-Text\"><div class=\"SP-Paragraph\" data-sp-table=\"\" data-sp-table-bootstrapped=\"sp-18\"><h4><strong>Beitrag zur Belebung der Innenstadt<\/strong><\/h4><\/div><div class=\"SP-Paragraph\" data-sp-table=\"\" data-sp-table-bootstrapped=\"sp-18\"><p>Das Digitale Fu\u00dfg\u00e4ngerleitsystem Stuttgart (FLS) bietet Echtzeit-Veranstaltungshinweise und Informationen zu den wichtigsten Sehensw\u00fcrdigkeiten der Stadt. Damit tr\u00e4gt es aktiv zur Belebung und Attraktivierung der Innenstadt bei und regt die B\u00fcrgerinnen und B\u00fcrger sowie Besucher an, die vielf\u00e4ltigen Kultur- und Freizeitangebote in Stuttgart zu nutzen.<\/p><p>Das FLS setzt sich aus zwei Komponenten zusammen:<\/p><ol><li><strong>Physische Stelen<\/strong>: Diese Stelen verf\u00fcgen \u00fcber drei drehbare Wegweiser-Pfeile und hochaufl\u00f6sende LED-Displays, die Veranstaltungshinweise und Sehensw\u00fcrdigkeiten anzeigen. Dank Georeferenzierung passen sich die Pfeile bei jedem Wechsel der Anzeige neu an die jeweilige Spielst\u00e4tte oder den Point of Interest (PoI) an. Dieses besondere Feature zieht die Aufmerksamkeit der Passanten auf sich und verbessert die Orientierung in der Innenstadt.<\/li><li><strong>Mobile Webseite<\/strong>: \u00dcber einen QR-Code an jeder Stele k\u00f6nnen Nutzer auf eine mobile Webseite zugreifen, die weitere Informationen zur angezeigten Veranstaltung sowie Optionen zum Online-Ticketkauf und Google Maps-Routing bietet.<\/li><\/ol><p>Derzeit sind in Stuttgart drei Stelen installiert und in Betrieb, weitere Stelen sind bereits in Planung.<\/p><\/div><\/div><p>[\/et_pb_text][\/et_pb_column][et_pb_column type=\"1_3\" _builder_version=\"4.24.0\" _module_preset=\"default\" global_colors_info=\"{}\"][et_pb_divider color=\"#cccccc\" disabled_on=\"off|on|on\" _builder_version=\"4.24.0\" _module_preset=\"default\" custom_margin=\"0px||0px||false|false\" custom_padding=\"50px||20px||false|false\" global_colors_info=\"{}\"][\/et_pb_divider][et_pb_blurb title=\"Gesellschaft und Kultur\" image=\"https:\/\/smartcity.stuttgart.de\/wp-content\/uploads\/2024\/09\/gesellschaft-und-kultur.png\" alt=\"Icon Verwaltung\" image_icon_width=\"35%\" icon_alignment=\"left\" _builder_version=\"4.24.0\" _dynamic_attributes=\"link_option_url\" _module_preset=\"default\" header_font=\"|700||on|||||\" header_font_size=\"16px\" header_line_height=\"0em\" image_icon_custom_margin=\"0px||0px|0px|false|false\" image_icon_custom_padding=\"0px||0px||false|false\" custom_margin=\"0px||0px||false|false\" custom_padding=\"0px||0px||false|false\" link_option_url=\"@ET-DC@eyJkeW5hbWljIjp0cnVlLCJjb250ZW50IjoicG9zdF9saW5rX3VybF9wYWdlIiwic2V0dGluZ3MiOnsicG9zdF9pZCI6IjE0NjAifX0=@\" border_color_all_image=\"RGBA(255,255,255,0)\" global_colors_info=\"{}\"][\/et_pb_blurb][et_pb_divider color=\"#cccccc\" disabled_on=\"off|off|off\" _builder_version=\"4.24.0\" _module_preset=\"default\" custom_margin=\"0px||0px||false|false\" custom_padding=\"50px||20px||false|false\" global_colors_info=\"{}\"][\/et_pb_divider][et_pb_blurb title=\"In Umsetzung\" use_icon=\"on\" font_icon=\"\uf024||fa||900\" icon_placement=\"left\" image_icon_width=\"25px\" _builder_version=\"4.24.0\" _module_preset=\"default\" header_font=\"||||||||\" header_font_size=\"15px\" header_line_height=\"1.6em\" background_color=\"RGBA(255,255,255,0)\" custom_margin=\"0px||0px|0px|false|false\" custom_padding=\"15px|40px|0px|0px|false|false\" global_colors_info=\"{}\"][\/et_pb_blurb][et_pb_blurb title=\"seit 03\/2021\" use_icon=\"on\" font_icon=\"\uf073||fa||400\" icon_placement=\"left\" image_icon_width=\"25px\" _builder_version=\"4.24.0\" _module_preset=\"default\" header_font=\"||||||||\" header_font_size=\"15px\" header_line_height=\"1.6em\" background_color=\"RGBA(255,255,255,0)\" custom_margin=\"0px||0px|0px|false|false\" custom_padding=\"40px|40px|0px|0px|false|false\" global_colors_info=\"{}\"][\/et_pb_blurb][et_pb_blurb title=\"Marketing Stuttgart GmbH\" url=\"https:\/\/www.stuttgart.de\/organigramm\/adresse\/stuttgart-marketing-gmbh.php\" use_icon=\"on\" font_icon=\"\uf3c5||fa||900\" icon_placement=\"left\" image_icon_width=\"25px\" _builder_version=\"4.24.0\" _module_preset=\"default\" header_font=\"||||||||\" header_font_size=\"15px\" header_line_height=\"1.6em\" background_color=\"RGBA(255,255,255,0)\" custom_margin=\"0px||0px|0px|false|false\" custom_padding=\"40px|40px|0px|0px|false|false\" global_colors_info=\"{}\"][\/et_pb_blurb][et_pb_blurb title=\"Digitales Fu\u00dfg\u00e4ngerleitsystem\" url=\"https:\/\/digitales-fussgaengerleitsystem.de\" use_icon=\"on\" font_icon=\"\ue02b||divi||400\" icon_placement=\"left\" image_icon_width=\"25px\" _builder_version=\"4.24.0\" _module_preset=\"default\" header_font=\"||||||||\" header_font_size=\"15px\" header_line_height=\"1.6em\" background_color=\"RGBA(255,255,255,0)\" custom_margin=\"0px||0px|0px|false|false\" custom_padding=\"40px|40px|0px|0px|false|false\" global_colors_info=\"{}\"][\/et_pb_blurb][et_pb_divider color=\"#cccccc\" _builder_version=\"4.24.0\" _module_preset=\"default\" custom_margin=\"0px||0px||false|false\" custom_padding=\"50px||20px||false|false\" global_colors_info=\"{}\"][\/et_pb_divider][et_pb_heading title=\"Nachhaltigkeitsziele\" _builder_version=\"4.24.0\" _module_preset=\"default\" module_alignment=\"left\" global_colors_info=\"{}\"][\/et_pb_heading][et_pb_text _builder_version=\"4.24.0\" _dynamic_attributes=\"link_option_url\" _module_preset=\"default\" text_text_color=\"#333333\" text_font_size=\"15px\" text_line_height=\"2em\" background_color=\"RGBA(255,255,255,0)\" custom_margin=\"0px||0px||false|false\" custom_padding=\"0px||0px||false|false\" link_option_url=\"@ET-DC@eyJkeW5hbWljIjp0cnVlLCJjb250ZW50IjoicG9zdF9saW5rX3VybF9wYWdlIiwic2V0dGluZ3MiOnsicG9zdF9pZCI6IjM0MiJ9fQ==@\" border_color_all=\"#cccccc\" global_colors_info=\"{}\"]<img class=\"wp-image-599 alignnone size-thumbnail\" src=\"https:\/\/smartcity.stuttgart.de\/wp-content\/uploads\/2024\/07\/5.jpg\" alt=\"\" width=\"130\" height=\"130\" \/>\u00a0 <img class=\"wp-image-601 alignnone size-full\" src=\"https:\/\/smartcity.stuttgart.de\/wp-content\/uploads\/2024\/07\/6.jpg\" alt=\"\" width=\"130\" height=\"130\" \/>\u00a0 <img class=\"wp-image-603 alignnone size-full\" src=\"https:\/\/smartcity.stuttgart.de\/wp-content\/uploads\/2024\/07\/10.jpg\" alt=\"\" width=\"130\" height=\"130\" \/>\u00a0 <img class=\"wp-image-605 alignnone size-thumbnail\" src=\"https:\/\/smartcity.stuttgart.de\/wp-content\/uploads\/2024\/07\/16.jpg\" alt=\"\" width=\"130\" height=\"130\" \/>[\/et_pb_text][\/et_pb_column][\/et_pb_row][\/et_pb_section]<\/p>","_et_gb_content_width":"","footnotes":""},"project_category":[31,7],"project_tag":[],"class_list":["post-5815","project","type-project","status-publish","has-post-thumbnail","hentry","project_category-handlungsfeld-gesellschaft-und-kultur","project_category-in-umsetzung"],"_links":{"self":[{"href":"https:\/\/digitalmonitor.stuttgart.de\/index.php\/wp-json\/wp\/v2\/project\/5815"}],"collection":[{"href":"https:\/\/digitalmonitor.stuttgart.de\/index.php\/wp-json\/wp\/v2\/project"}],"about":[{"href":"https:\/\/digitalmonitor.stuttgart.de\/index.php\/wp-json\/wp\/v2\/types\/project"}],"author":[{"embeddable":true,"href":"https:\/\/digitalmonitor.stuttgart.de\/index.php\/wp-json\/wp\/v2\/users\/1"}],"replies":[{"embeddable":true,"href":"https:\/\/digitalmonitor.stuttgart.de\/index.php\/wp-json\/wp\/v2\/comments?post=5815"}],"version-history":[{"count":13,"href":"https:\/\/digitalmonitor.stuttgart.de\/index.php\/wp-json\/wp\/v2\/project\/5815\/revisions"}],"predecessor-version":[{"id":5907,"href":"https:\/\/digitalmonitor.stuttgart.de\/index.php\/wp-json\/wp\/v2\/project\/5815\/revisions\/5907"}],"wp:featuredmedia":[{"embeddable":true,"href":"https:\/\/digitalmonitor.stuttgart.de\/index.php\/wp-json\/wp\/v2\/media\/5869"}],"wp:attachment":[{"href":"https:\/\/digitalmonitor.stuttgart.de\/index.php\/wp-json\/wp\/v2\/media?parent=5815"}],"wp:term":[{"taxonomy":"project_category","embeddable":true,"href":"https:\/\/digitalmonitor.stuttgart.de\/index.php\/wp-json\/wp\/v2\/project_category?post=5815"},{"taxonomy":"project_tag","embeddable":true,"href":"https:\/\/digitalmonitor.stuttgart.de\/index.php\/wp-json\/wp\/v2\/project_tag?post=5815"}],"curies":[{"name":"wp","href":"https:\/\/api.w.org\/{rel}","templated":true}]}}