{"id":4499,"date":"2023-03-01T08:15:38","date_gmt":"2023-03-01T07:15:38","guid":{"rendered":"https:\/\/smartcity.stuttgart.de\/?post_type=project&#038;p=4499"},"modified":"2025-01-29T10:21:11","modified_gmt":"2025-01-29T09:21:11","slug":"digitale-teilhabe","status":"publish","type":"project","link":"https:\/\/digitalmonitor.stuttgart.de\/index.php\/project\/digitale-teilhabe\/","title":{"rendered":"Digital dabei. Digitale Teilhabe f\u00f6rdern."},"content":{"rendered":"<p>[et_pb_section fb_built=&#8220;1&#8243; custom_padding_last_edited=&#8220;on|desktop&#8220; _builder_version=&#8220;4.24.0&#8243; _module_preset=&#8220;default&#8220; custom_margin=&#8220;||100px||false|false&#8220; custom_margin_tablet=&#8220;||50px||false|false&#8220; custom_margin_phone=&#8220;0px|0px||0px|false|false&#8220; custom_margin_last_edited=&#8220;on|phone&#8220; custom_padding_tablet=&#8220;&#8220; custom_padding_phone=&#8220;0px||0px|0px|false|false&#8220; global_colors_info=&#8220;{}&#8220;][et_pb_row custom_padding_last_edited=&#8220;on|phone&#8220; disabled_on=&#8220;off|off|off&#8220; _builder_version=&#8220;4.24.0&#8243; _module_preset=&#8220;default&#8220; custom_margin=&#8220;0px||||false|false&#8220; custom_margin_tablet=&#8220;||||false|false&#8220; custom_margin_phone=&#8220;||||false|false&#8220; custom_margin_last_edited=&#8220;on|desktop&#8220; custom_padding=&#8220;0px||||false|false&#8220; custom_padding_tablet=&#8220;0px||||false|false&#8220; custom_padding_phone=&#8220;0px||||false|false&#8220; global_colors_info=&#8220;{}&#8220;][et_pb_column type=&#8220;4_4&#8243; _builder_version=&#8220;4.24.0&#8243; _module_preset=&#8220;default&#8220; global_colors_info=&#8220;{}&#8220;][et_pb_post_nav in_same_term=&#8220;off&#8220; prev_text=&#8220;n\u00e4chstes Projekt&#8220; next_text=&#8220;vorheriges Projekt&#8220; prev_text_tablet=&#8220;n\u00e4chstes Projekt&#8220; prev_text_phone=&#8220;n\u00e4chstes&#8220; prev_text_last_edited=&#8220;on|desktop&#8220; next_text_tablet=&#8220;vorheriges Projekt&#8220; next_text_phone=&#8220;vorheriges&#8220; next_text_last_edited=&#8220;on|desktop&#8220; _builder_version=&#8220;4.24.0&#8243; _module_preset=&#8220;default&#8220; width_tablet=&#8220;&#8220; width_phone=&#8220;100%&#8220; width_last_edited=&#8220;on|phone&#8220; max_width=&#8220;100%&#8220; min_height=&#8220;20px&#8220; min_height_tablet=&#8220;20px&#8220; min_height_phone=&#8220;20px&#8220; min_height_last_edited=&#8220;on|desktop&#8220; height=&#8220;20px&#8220; max_height=&#8220;20px&#8220; custom_margin=&#8220;||||false|false&#8220; custom_margin_tablet=&#8220;||||false|false&#8220; custom_margin_phone=&#8220;0px||||false|false&#8220; custom_margin_last_edited=&#8220;on|phone&#8220; custom_padding=&#8220;0px||||false|false&#8220; global_colors_info=&#8220;{}&#8220;][\/et_pb_post_nav][et_pb_divider color=&#8220;#cccccc&#8220; _builder_version=&#8220;4.24.0&#8243; _module_preset=&#8220;default&#8220; global_colors_info=&#8220;{}&#8220;][\/et_pb_divider][\/et_pb_column][\/et_pb_row][et_pb_row custom_padding_last_edited=&#8220;on|phone&#8220; _builder_version=&#8220;4.24.0&#8243; _module_preset=&#8220;default&#8220; custom_margin=&#8220;0px||0px||false|false&#8220; custom_margin_tablet=&#8220;0px||0px||false|false&#8220; custom_margin_phone=&#8220;-110px||||false|false&#8220; custom_margin_last_edited=&#8220;on|desktop&#8220; custom_padding=&#8220;0px||0px||false|false&#8220; custom_padding_tablet=&#8220;0px||0px||false|false&#8220; custom_padding_phone=&#8220;0px||0px||false|false&#8220; global_colors_info=&#8220;{}&#8220;][et_pb_column type=&#8220;4_4&#8243; _builder_version=&#8220;4.24.0&#8243; _module_preset=&#8220;default&#8220; global_colors_info=&#8220;{}&#8220;][et_pb_heading title=&#8220;Digital dabei. Digitale Teilhabe f\u00f6rdern.&#8220; _builder_version=&#8220;4.24.0&#8243; _module_preset=&#8220;default&#8220; title_font=&#8220;|700|||||||&#8220; title_font_size=&#8220;31px&#8220; title_line_height=&#8220;1.3em&#8220; title_font_size_tablet=&#8220;31px&#8220; title_font_size_phone=&#8220;27px&#8220; title_font_size_last_edited=&#8220;on|tablet&#8220; global_colors_info=&#8220;{}&#8220;][\/et_pb_heading][\/et_pb_column][\/et_pb_row][et_pb_row column_structure=&#8220;2_3,1_3&#8243; _builder_version=&#8220;4.24.0&#8243; _module_preset=&#8220;default&#8220; custom_margin=&#8220;0px||||false|false&#8220; custom_padding=&#8220;0px||||false|false&#8220; global_colors_info=&#8220;{}&#8220;][et_pb_column type=&#8220;2_3&#8243; _builder_version=&#8220;4.24.0&#8243; _module_preset=&#8220;default&#8220; global_colors_info=&#8220;{}&#8220;][et_pb_text quote_border_color=&#8220;#11ffee&#8220; _builder_version=&#8220;4.24.0&#8243; _module_preset=&#8220;default&#8220; text_font=&#8220;Open Sans||||||||&#8220; text_text_color=&#8220;#666666&#8243; text_line_height=&#8220;2em&#8220; quote_text_color=&#8220;#333333&#8243; custom_margin=&#8220;0px||0px||false|false&#8220; custom_padding=&#8220;|40px|40px||false|false&#8220; global_colors_info=&#8220;{}&#8220;]<\/p>\n<blockquote>\n<p>Im Rahmen des Kooperationsprojekts \u201e<strong>Digital dabei<\/strong>\u201c wurden b\u00fcrgerschaftlich Engagierte unterst\u00fctzt, die wiederum Seniorinnen und Senioren beim Einstieg in die digitale Welt begleiten.<\/p>\n<\/blockquote>\n<p>[\/et_pb_text][et_pb_image src=&#8220;https:\/\/smartcity.stuttgart.de\/wp-content\/uploads\/2024\/12\/20231024_Trainer_Workshop_082-scaled.jpg&#8220; alt=&#8220;Mehrere Personen sitzen an Schreibtischen.&#8220; title_text=&#8220;Digital im Alter &#8211; Schulung zum Digital-Trainer*in am 24.10.2023 in Stuttgart.&#8220; force_fullwidth=&#8220;on&#8220; disabled_on=&#8220;off|off|off&#8220; _builder_version=&#8220;4.24.0&#8243; _module_preset=&#8220;default&#8220; width_tablet=&#8220;60%&#8220; width_phone=&#8220;100%&#8220; width_last_edited=&#8220;on|phone&#8220; custom_margin=&#8220;0px||0px||false|false&#8220; custom_padding=&#8220;0px||0px||false|false&#8220; box_shadow_style=&#8220;preset1&#8243; box_shadow_spread=&#8220;-7px&#8220; global_colors_info=&#8220;{}&#8220;][\/et_pb_image][et_pb_text _builder_version=&#8220;4.24.0&#8243; _module_preset=&#8220;default&#8220; text_font=&#8220;Open Sans||||||||&#8220; text_text_color=&#8220;#333333&#8243; text_line_height=&#8220;2em&#8220; header_4_line_height=&#8220;1.5em&#8220; custom_padding=&#8220;40px|40px|||false|false&#8220; hover_enabled=&#8220;0&#8243; header_4_font_size_tablet=&#8220;&#8220; header_4_font_size_phone=&#8220;&#8220; header_4_font_size_last_edited=&#8220;on|phone&#8220; border_radii=&#8220;off||||&#8220; global_colors_info=&#8220;{}&#8220; sticky_enabled=&#8220;0&#8243;]<\/p>\n<h4><strong>Projekt zur digitalen Teilhabe \u00e4lterer Menschen<\/strong><\/h4>\n<p>Projektpartner waren die Fachstelle f\u00fcr digitale Teilhabe im Alter, im Amt f\u00fcr Soziales und Teilhabe, sowie die Landesanstalt f\u00fcr Kommunikation Baden-W\u00fcrttemberg (LFK). Gemeinsam unterst\u00fctzen wir fortlaufend Seniorinnen und Senioren beim Einstieg in die digitale Welt. Das Projekt lief von Anfang 2022 bis Ende 2023.<\/p>\n<p>Insgesamt zielte das Projekt darauf ab, Seniorinnen und Senioren die kompetente und selbstbestimmte Nutzung digitaler Ger\u00e4te wie Computer, Tablets und Smartphones zu erm\u00f6glichen. Dazu wurden die digitalen Kompetenzen von b\u00fcrgerschaftlich engagierten Menschen gest\u00e4rkt, die ihr Wissen und ihre F\u00e4higkeiten anschlie\u00dfend an die Senioren weitergeben.<\/p>\n<p>Im Projektzeitraum von Anfang 2022 bis Ende 2023 konnten 54 Digital-Helferinnen geschult werden. Dar\u00fcber hinaus haben wir zus\u00e4tzlich 15 Digital-Trainerinnen f\u00fcr die Grundlagenschulung neuer Engagierter qualifiziert. Seit Anfang 2024 f\u00fchren die Digital-Trainer*innen nun regelm\u00e4\u00dfig die Grundlagenschulung durch und bieten j\u00e4hrlich sechs Schulungen an.<\/p>\n<p>Einen weiteren wichtigen Bestandteil stellt die umfassende Materialplattform f\u00fcr b\u00fcrgerschaftlich Engagierte dar, die w\u00e4hrend der Projektlaufzeit entstanden ist (<a href=\"http:\/\/www.starthilfe-begleitung.de\">www.starthilfe-begleitung.de<\/a>). Gleichzeitig wurde ein neues Schulungsprogramm f\u00fcr Digital-Helferinnen und Helfer der Fachstelle f\u00fcr digitale Teilhabe im Alter erstellt, das fortlaufend weiterentwickelt wird.<\/p>\n<p>N\u00e4here Informationen zur Fachstelle f\u00fcr digitale Teilhabe im Alter und zu den vielf\u00e4ltigen Unterst\u00fctzungsangeboten finden Sie unter <a href=\"http:\/\/www.stuttgart.de\/digitale-teilhabe\">www.stuttgart.de\/digitale-teilhabe<\/a> sowie <a href=\"http:\/\/www.digitalsenioren.de\">www.digitalsenioren.de<\/a>.<\/p>\n<p>[\/et_pb_text][\/et_pb_column][et_pb_column type=&#8220;1_3&#8243; _builder_version=&#8220;4.24.0&#8243; _module_preset=&#8220;default&#8220; global_colors_info=&#8220;{}&#8220;][et_pb_divider color=&#8220;#cccccc&#8220; disabled_on=&#8220;off|on|on&#8220; _builder_version=&#8220;4.24.0&#8243; _module_preset=&#8220;default&#8220; custom_margin=&#8220;0px||0px||false|false&#8220; custom_padding=&#8220;50px||20px||false|false&#8220; global_colors_info=&#8220;{}&#8220;][\/et_pb_divider][et_pb_blurb title=&#8220;Soziales und Gesundheit&#8220; image=&#8220;https:\/\/smartcity.stuttgart.de\/wp-content\/uploads\/2024\/09\/soziales-und-gesundheit.png&#8220; alt=&#8220;Icon Verwaltung&#8220; image_icon_width=&#8220;35%&#8220; icon_alignment=&#8220;left&#8220; _builder_version=&#8220;4.24.0&#8243; _dynamic_attributes=&#8220;link_option_url&#8220; _module_preset=&#8220;default&#8220; header_font=&#8220;|700||on|||||&#8220; header_font_size=&#8220;16px&#8220; header_line_height=&#8220;0em&#8220; image_icon_custom_margin=&#8220;0px||0px|0px|false|false&#8220; image_icon_custom_padding=&#8220;0px||0px||false|false&#8220; custom_margin=&#8220;0px||0px||false|false&#8220; custom_padding=&#8220;0px||0px||false|false&#8220; link_option_url=&#8220;@ET-DC@eyJkeW5hbWljIjp0cnVlLCJjb250ZW50IjoicG9zdF9saW5rX3VybF9wYWdlIiwic2V0dGluZ3MiOnsicG9zdF9pZCI6IjEyNjgifX0=@&#8220; border_color_all_image=&#8220;RGBA(255,255,255,0)&#8220; global_colors_info=&#8220;{}&#8220;][\/et_pb_blurb][et_pb_divider color=&#8220;#cccccc&#8220; disabled_on=&#8220;off|off|off&#8220; _builder_version=&#8220;4.24.0&#8243; _module_preset=&#8220;default&#8220; custom_margin=&#8220;0px||0px||false|false&#8220; custom_padding=&#8220;50px||20px||false|false&#8220; global_colors_info=&#8220;{}&#8220;][\/et_pb_divider][et_pb_blurb title=&#8220;Abgeschlossen&#8220; use_icon=&#8220;on&#8220; font_icon=&#8220;&#xf11e;||fa||900&#8243; icon_placement=&#8220;left&#8220; image_icon_width=&#8220;25px&#8220; _builder_version=&#8220;4.24.0&#8243; _module_preset=&#8220;default&#8220; header_font=&#8220;||||||||&#8220; header_font_size=&#8220;15px&#8220; header_line_height=&#8220;1.6em&#8220; background_color=&#8220;RGBA(255,255,255,0)&#8220; custom_margin=&#8220;0px||0px|0px|false|false&#8220; custom_padding=&#8220;15px|40px|0px|0px|false|false&#8220; global_colors_info=&#8220;{}&#8220;][\/et_pb_blurb][et_pb_blurb title=&#8220;01\/2022 &#8211; 12\/2023&#8243; use_icon=&#8220;on&#8220; font_icon=&#8220;&#xf073;||fa||400&#8243; icon_placement=&#8220;left&#8220; image_icon_width=&#8220;25px&#8220; _builder_version=&#8220;4.24.0&#8243; _module_preset=&#8220;default&#8220; header_font=&#8220;||||||||&#8220; header_font_size=&#8220;15px&#8220; header_line_height=&#8220;1.6em&#8220; background_color=&#8220;RGBA(255,255,255,0)&#8220; custom_margin=&#8220;0px||0px|0px|false|false&#8220; custom_padding=&#8220;40px|40px|0px|0px|false|false&#8220; global_colors_info=&#8220;{}&#8220;][\/et_pb_blurb][et_pb_blurb title=&#8220;Amt f\u00fcr Soziales und Teilhabe&#8220; url=&#8220;https:\/\/www.stuttgart.de\/organigramm\/verwaltungseinheit\/amt-fuer-soziales-und-teilhabe.php&#8220; use_icon=&#8220;on&#8220; font_icon=&#8220;&#xf3c5;||fa||900&#8243; icon_placement=&#8220;left&#8220; image_icon_width=&#8220;25px&#8220; _builder_version=&#8220;4.24.0&#8243; _module_preset=&#8220;default&#8220; header_font=&#8220;||||||||&#8220; header_font_size=&#8220;15px&#8220; header_line_height=&#8220;1.6em&#8220; background_color=&#8220;RGBA(255,255,255,0)&#8220; custom_margin=&#8220;0px||0px|0px|false|false&#8220; custom_padding=&#8220;40px|40px|0px|0px|false|false&#8220; global_colors_info=&#8220;{}&#8220;][\/et_pb_blurb][et_pb_blurb url_new_window=&#8220;on&#8220; use_icon=&#8220;on&#8220; font_icon=&#8220;&#xe02b;||divi||400&#8243; icon_placement=&#8220;left&#8220; image_icon_width=&#8220;25px&#8220; _builder_version=&#8220;4.24.0&#8243; _module_preset=&#8220;default&#8220; header_font=&#8220;||||||||&#8220; header_font_size=&#8220;15px&#8220; header_line_height=&#8220;1.6em&#8220; background_color=&#8220;RGBA(255,255,255,0)&#8220; custom_margin=&#8220;0px||0px|0px|false|false&#8220; custom_padding=&#8220;40px|40px|0px|0px|false|false&#8220; global_colors_info=&#8220;{}&#8220;]<\/p>\n<p><a href=\"https:\/\/starthilfe-begleitung.de\">Starthilfe Begleitung<\/a><\/p>\n<p><a href=\"https:\/\/www.stuttgart.de\/digitale-teilhabe\">Digitale Teilhabe<\/a><\/p>\n<p>[\/et_pb_blurb][et_pb_divider color=&#8220;#cccccc&#8220; _builder_version=&#8220;4.24.0&#8243; _module_preset=&#8220;default&#8220; custom_margin=&#8220;0px||0px||false|false&#8220; custom_padding=&#8220;50px||20px||false|false&#8220; global_colors_info=&#8220;{}&#8220;][\/et_pb_divider][et_pb_heading title=&#8220;Nachhaltigkeitsziele&#8220; _builder_version=&#8220;4.24.0&#8243; _module_preset=&#8220;default&#8220; module_alignment=&#8220;left&#8220; global_colors_info=&#8220;{}&#8220;][\/et_pb_heading][et_pb_text _builder_version=&#8220;4.24.0&#8243; _dynamic_attributes=&#8220;link_option_url&#8220; _module_preset=&#8220;default&#8220; text_text_color=&#8220;#333333&#8243; text_font_size=&#8220;15px&#8220; text_line_height=&#8220;2em&#8220; background_color=&#8220;RGBA(255,255,255,0)&#8220; custom_margin=&#8220;0px||0px||false|false&#8220; custom_padding=&#8220;0px||0px||false|false&#8220; link_option_url=&#8220;@ET-DC@eyJkeW5hbWljIjp0cnVlLCJjb250ZW50IjoicG9zdF9saW5rX3VybF9wYWdlIiwic2V0dGluZ3MiOnsicG9zdF9pZCI6IjM0MiJ9fQ==@&#8220; border_color_all=&#8220;#cccccc&#8220; global_colors_info=&#8220;{}&#8220;]<img loading=\"lazy\" decoding=\"async\" class=\"wp-image-599 alignnone size-thumbnail\" src=\"https:\/\/smartcity.stuttgart.de\/wp-content\/uploads\/2024\/07\/3.jpg\" alt=\"\" width=\"130\" height=\"130\" \/>\u00a0 <img loading=\"lazy\" decoding=\"async\" class=\"wp-image-601 alignnone size-full\" src=\"https:\/\/smartcity.stuttgart.de\/wp-content\/uploads\/2024\/07\/10.jpg\" alt=\"\" width=\"130\" height=\"130\" \/><br \/>\n[\/et_pb_text][\/et_pb_column][\/et_pb_row][\/et_pb_section]<\/p>\n","protected":false},"excerpt":{"rendered":"<p>Im Rahmen des Kooperationsprojekts \u201eDigital dabei\u201c wurden b\u00fcrgerschaftlich Engagierte unterst\u00fctzt, die wiederum Seniorinnen und Senioren beim Einstieg in die digitale Welt begleiten. Projekt zur digitalen Teilhabe \u00e4lterer Menschen Projektpartner waren die Fachstelle f\u00fcr digitale Teilhabe im Alter, im Amt f\u00fcr Soziales und Teilhabe, sowie die Landesanstalt f\u00fcr Kommunikation Baden-W\u00fcrttemberg (LFK). Gemeinsam unterst\u00fctzen wir fortlaufend Seniorinnen [&hellip;]<\/p>\n","protected":false},"author":1,"featured_media":4508,"comment_status":"closed","ping_status":"closed","template":"","meta":{"_et_pb_use_builder":"on","_et_pb_old_content":"<p>[et_pb_section fb_built=\"1\" custom_padding_last_edited=\"on|desktop\" _builder_version=\"4.24.0\" _module_preset=\"default\" custom_margin=\"||100px||false|false\" custom_margin_tablet=\"||50px||false|false\" custom_margin_phone=\"0px|0px||0px|false|false\" custom_margin_last_edited=\"on|phone\" custom_padding_tablet=\"\" custom_padding_phone=\"0px||0px|0px|false|false\" global_colors_info=\"{}\"][et_pb_row custom_padding_last_edited=\"on|phone\" disabled_on=\"off|off|off\" _builder_version=\"4.24.0\" _module_preset=\"default\" custom_margin=\"0px||||false|false\" custom_margin_tablet=\"||||false|false\" custom_margin_phone=\"||||false|false\" custom_margin_last_edited=\"on|desktop\" custom_padding=\"0px||||false|false\" custom_padding_tablet=\"0px||||false|false\" custom_padding_phone=\"0px||||false|false\" global_colors_info=\"{}\"][et_pb_column type=\"4_4\" _builder_version=\"4.24.0\" _module_preset=\"default\" global_colors_info=\"{}\"][et_pb_post_nav in_same_term=\"off\" prev_text=\"n\u00e4chstes Projekt\" next_text=\"vorheriges Projekt\" prev_text_tablet=\"n\u00e4chstes Projekt\" prev_text_phone=\"n\u00e4chstes\" prev_text_last_edited=\"on|desktop\" next_text_tablet=\"vorheriges Projekt\" next_text_phone=\"vorheriges\" next_text_last_edited=\"on|desktop\" _builder_version=\"4.24.0\" _module_preset=\"default\" width_tablet=\"\" width_phone=\"100%\" width_last_edited=\"on|phone\" max_width=\"100%\" min_height=\"20px\" min_height_tablet=\"20px\" min_height_phone=\"20px\" min_height_last_edited=\"on|desktop\" height=\"20px\" max_height=\"20px\" custom_margin=\"||||false|false\" custom_margin_tablet=\"||||false|false\" custom_margin_phone=\"0px||||false|false\" custom_margin_last_edited=\"on|phone\" custom_padding=\"0px||||false|false\" global_colors_info=\"{}\"][\/et_pb_post_nav][et_pb_divider color=\"#cccccc\" _builder_version=\"4.24.0\" _module_preset=\"default\" global_colors_info=\"{}\"][\/et_pb_divider][\/et_pb_column][\/et_pb_row][et_pb_row custom_padding_last_edited=\"on|phone\" _builder_version=\"4.24.0\" _module_preset=\"default\" custom_margin=\"0px||0px||false|false\" custom_margin_tablet=\"0px||0px||false|false\" custom_margin_phone=\"-110px||||false|false\" custom_margin_last_edited=\"on|desktop\" custom_padding=\"0px||0px||false|false\" custom_padding_tablet=\"0px||0px||false|false\" custom_padding_phone=\"0px||0px||false|false\" global_colors_info=\"{}\"][et_pb_column type=\"4_4\" _builder_version=\"4.24.0\" _module_preset=\"default\" global_colors_info=\"{}\"][et_pb_heading title=\"Stuttgart bewegt sich\" _builder_version=\"4.24.0\" _module_preset=\"default\" title_font=\"|700|||||||\" title_font_size=\"31px\" title_line_height=\"1.3em\" title_font_size_tablet=\"31px\" title_font_size_phone=\"27px\" title_font_size_last_edited=\"on|tablet\" global_colors_info=\"{}\"][\/et_pb_heading][\/et_pb_column][\/et_pb_row][et_pb_row column_structure=\"2_3,1_3\" _builder_version=\"4.24.0\" _module_preset=\"default\" custom_margin=\"0px||||false|false\" custom_padding=\"0px||||false|false\" global_colors_info=\"{}\"][et_pb_column type=\"2_3\" _builder_version=\"4.24.0\" _module_preset=\"default\" global_colors_info=\"{}\"][et_pb_text quote_border_color=\"#11ffee\" _builder_version=\"4.24.0\" _module_preset=\"default\" text_font=\"Open Sans||||||||\" text_text_color=\"#666666\" text_line_height=\"2em\" quote_text_color=\"#333333\" custom_margin=\"0px||0px||false|false\" custom_padding=\"|40px|40px||false|false\" global_colors_info=\"{}\"]<\/p><blockquote><p>Die Homepage des Amts f\u00fcr Sport und Bewegung ist seit April 2022 zentrale Anlaufstelle f\u00fcr Sport und Bewegung in Stuttgart. B\u00fcrger*innen k\u00f6nnen \u00fcber Filterm\u00f6glichkeiten passende Angebote finden, von denen viele kostenlos und unverbindlich sind.<\/p><\/blockquote><p>[\/et_pb_text][et_pb_image src=\"https:\/\/smartcity.stuttgart.de\/wp-content\/uploads\/2024\/11\/Laufen-unter-Flutlicht-Juergen-Altmann-scaled.jpg\" alt=\"Vier Menschen in Sportbekeidung auf der Rennbahnstrasse im Stadion\" title_text=\"Laufen unter Flutlicht (J\u00fcrgen Altmann)\" show_in_lightbox=\"on\" disabled_on=\"off|off|off\" _builder_version=\"4.24.0\" _module_preset=\"default\" width=\"60%\" width_tablet=\"60%\" width_phone=\"100%\" width_last_edited=\"on|phone\" max_width=\"100%\" custom_margin=\"0px||0px||false|false\" custom_padding=\"0px||0px||false|false\" box_shadow_style=\"preset1\" box_shadow_spread=\"-7px\" global_colors_info=\"{}\"][\/et_pb_image][et_pb_text _builder_version=\"4.24.0\" _module_preset=\"default\" text_font=\"Open Sans||||||||\" text_text_color=\"#333333\" text_line_height=\"2em\" custom_padding=\"40px|40px|||false|false\" border_radii=\"off||||\" global_colors_info=\"{}\"]<\/p><p>Bei Anmeldung f\u00fcr den Newsletter erhalten B\u00fcrger*innen aktuelle Informationen zu Sport und Bewegung in Stuttgart.Sportanbieter*innen k\u00f6nnen ihre Angebote einpflegen und Bedarfe zu vorhandenen Sportst\u00e4tten mitteilen. Die Funktionalit\u00e4t der Homepage wird in mehreren Modulen weiter ausgebaut.<\/p><p><span style=\"font-size: large; font-family: 'Calibri',sans-serif;\">\u00a0<\/span><\/p><p>[\/et_pb_text][\/et_pb_column][et_pb_column type=\"1_3\" _builder_version=\"4.24.0\" _module_preset=\"default\" global_colors_info=\"{}\"][et_pb_divider color=\"#cccccc\" disabled_on=\"off|on|on\" _builder_version=\"4.24.0\" _module_preset=\"default\" custom_margin=\"0px||0px||false|false\" custom_padding=\"50px||20px||false|false\" global_colors_info=\"{}\"][\/et_pb_divider][et_pb_blurb title=\"Soziales und Gesundheit\" image=\"https:\/\/smartcity.stuttgart.de\/wp-content\/uploads\/2024\/09\/soziales-und-gesundheit.png\" alt=\"Icon Verwaltung\" image_icon_width=\"35%\" icon_alignment=\"left\" _builder_version=\"4.24.0\" _dynamic_attributes=\"link_option_url\" _module_preset=\"default\" header_font=\"|700||on|||||\" header_font_size=\"16px\" header_line_height=\"0em\" image_icon_custom_margin=\"0px||0px|0px|false|false\" image_icon_custom_padding=\"0px||0px||false|false\" custom_margin=\"0px||0px||false|false\" custom_padding=\"0px||0px||false|false\" link_option_url=\"@ET-DC@eyJkeW5hbWljIjp0cnVlLCJjb250ZW50IjoicG9zdF9saW5rX3VybF9wYWdlIiwic2V0dGluZ3MiOnsicG9zdF9pZCI6IjEyNjgifX0=@\" border_color_all_image=\"RGBA(255,255,255,0)\" global_colors_info=\"{}\"][\/et_pb_blurb][et_pb_divider color=\"#cccccc\" disabled_on=\"off|off|off\" _builder_version=\"4.24.0\" _module_preset=\"default\" custom_margin=\"0px||0px||false|false\" custom_padding=\"50px||20px||false|false\" global_colors_info=\"{}\"][\/et_pb_divider][et_pb_blurb title=\"In Umsetzung\" use_icon=\"on\" font_icon=\"\uf11e||fa||900\" icon_placement=\"left\" image_icon_width=\"25px\" _builder_version=\"4.24.0\" _module_preset=\"default\" header_font=\"||||||||\" header_font_size=\"15px\" header_line_height=\"1.6em\" background_color=\"RGBA(255,255,255,0)\" custom_margin=\"0px||0px|0px|false|false\" custom_padding=\"15px|40px|0px|0px|false|false\" global_colors_info=\"{}\"][\/et_pb_blurb][et_pb_blurb title=\"Seit 04\/2022\" use_icon=\"on\" font_icon=\"\uf073||fa||400\" icon_placement=\"left\" image_icon_width=\"25px\" _builder_version=\"4.24.0\" _module_preset=\"default\" header_font=\"||||||||\" header_font_size=\"15px\" header_line_height=\"1.6em\" background_color=\"RGBA(255,255,255,0)\" custom_margin=\"0px||0px|0px|false|false\" custom_padding=\"40px|40px|0px|0px|false|false\" hover_enabled=\"0\" global_colors_info=\"{}\" sticky_enabled=\"0\"][\/et_pb_blurb][et_pb_blurb title=\"Amt f\u00fcr Sport und Bewegung\" url=\"https:\/\/www.stuttgart.de\/organigramm\/verwaltungseinheit\/stadtmessungsamt.php\" use_icon=\"on\" font_icon=\"\uf3c5||fa||900\" icon_placement=\"left\" image_icon_width=\"25px\" _builder_version=\"4.24.0\" _module_preset=\"default\" header_font=\"||||||||\" header_font_size=\"15px\" header_line_height=\"1.6em\" background_color=\"RGBA(255,255,255,0)\" custom_margin=\"0px||0px|0px|false|false\" custom_padding=\"40px|40px|0px|0px|false|false\" global_colors_info=\"{}\"][\/et_pb_blurb][et_pb_blurb title=\"Stuttgart bewegt sich\" url=\"https:\/\/www.stuttgart-bewegt-sich.de\" url_new_window=\"on\" use_icon=\"on\" font_icon=\"\ue02b||divi||400\" icon_placement=\"left\" image_icon_width=\"25px\" _builder_version=\"4.24.0\" _module_preset=\"default\" header_font=\"||||||||\" header_font_size=\"15px\" header_line_height=\"1.6em\" background_color=\"RGBA(255,255,255,0)\" custom_margin=\"0px||0px|0px|false|false\" custom_padding=\"40px|40px|0px|0px|false|false\" global_colors_info=\"{}\"][\/et_pb_blurb][et_pb_divider color=\"#cccccc\" _builder_version=\"4.24.0\" _module_preset=\"default\" custom_margin=\"0px||0px||false|false\" custom_padding=\"50px||20px||false|false\" global_colors_info=\"{}\"][\/et_pb_divider][et_pb_heading title=\"Nachhaltigkeitsziele\" _builder_version=\"4.24.0\" _module_preset=\"default\" module_alignment=\"left\" global_colors_info=\"{}\"][\/et_pb_heading][et_pb_text _builder_version=\"4.24.0\" _dynamic_attributes=\"link_option_url\" _module_preset=\"default\" text_text_color=\"#333333\" text_font_size=\"15px\" text_line_height=\"2em\" background_color=\"RGBA(255,255,255,0)\" custom_margin=\"0px||0px||false|false\" custom_padding=\"0px||0px||false|false\" link_option_url=\"@ET-DC@eyJkeW5hbWljIjp0cnVlLCJjb250ZW50IjoicG9zdF9saW5rX3VybF9wYWdlIiwic2V0dGluZ3MiOnsicG9zdF9pZCI6IjM0MiJ9fQ==@\" border_color_all=\"#cccccc\" global_colors_info=\"{}\"]<\/p><p><img class=\"wp-image-599 alignnone size-thumbnail\" src=\"https:\/\/smartcity.stuttgart.de\/wp-content\/uploads\/2024\/07\/3.jpg\" alt=\"\" width=\"130\" height=\"130\" \/>\u00a0 <img class=\"wp-image-601 alignnone size-full\" src=\"https:\/\/smartcity.stuttgart.de\/wp-content\/uploads\/2024\/07\/10.jpg\" alt=\"\" width=\"130\" height=\"130\" \/>\u00a0\u00a0\u00a0<\/p><p>[\/et_pb_text][\/et_pb_column][\/et_pb_row][\/et_pb_section]<\/p>","_et_gb_content_width":"","footnotes":""},"project_category":[4,32],"project_tag":[19],"class_list":["post-4499","project","type-project","status-publish","has-post-thumbnail","hentry","project_category-abgeschlossen","project_category-handlungsfeld-soziales-und-gesundheit","project_tag-gesundheit-und-soziales"],"_links":{"self":[{"href":"https:\/\/digitalmonitor.stuttgart.de\/index.php\/wp-json\/wp\/v2\/project\/4499"}],"collection":[{"href":"https:\/\/digitalmonitor.stuttgart.de\/index.php\/wp-json\/wp\/v2\/project"}],"about":[{"href":"https:\/\/digitalmonitor.stuttgart.de\/index.php\/wp-json\/wp\/v2\/types\/project"}],"author":[{"embeddable":true,"href":"https:\/\/digitalmonitor.stuttgart.de\/index.php\/wp-json\/wp\/v2\/users\/1"}],"replies":[{"embeddable":true,"href":"https:\/\/digitalmonitor.stuttgart.de\/index.php\/wp-json\/wp\/v2\/comments?post=4499"}],"version-history":[{"count":13,"href":"https:\/\/digitalmonitor.stuttgart.de\/index.php\/wp-json\/wp\/v2\/project\/4499\/revisions"}],"predecessor-version":[{"id":5834,"href":"https:\/\/digitalmonitor.stuttgart.de\/index.php\/wp-json\/wp\/v2\/project\/4499\/revisions\/5834"}],"wp:featuredmedia":[{"embeddable":true,"href":"https:\/\/digitalmonitor.stuttgart.de\/index.php\/wp-json\/wp\/v2\/media\/4508"}],"wp:attachment":[{"href":"https:\/\/digitalmonitor.stuttgart.de\/index.php\/wp-json\/wp\/v2\/media?parent=4499"}],"wp:term":[{"taxonomy":"project_category","embeddable":true,"href":"https:\/\/digitalmonitor.stuttgart.de\/index.php\/wp-json\/wp\/v2\/project_category?post=4499"},{"taxonomy":"project_tag","embeddable":true,"href":"https:\/\/digitalmonitor.stuttgart.de\/index.php\/wp-json\/wp\/v2\/project_tag?post=4499"}],"curies":[{"name":"wp","href":"https:\/\/api.w.org\/{rel}","templated":true}]}}