{"id":4418,"date":"2023-04-01T12:00:22","date_gmt":"2023-04-01T10:00:22","guid":{"rendered":"https:\/\/smartcity.stuttgart.de\/?post_type=project&#038;p=4418"},"modified":"2025-01-20T08:15:14","modified_gmt":"2025-01-20T07:15:14","slug":"stadtlexikon-stuttgart","status":"publish","type":"project","link":"https:\/\/digitalmonitor.stuttgart.de\/index.php\/project\/stadtlexikon-stuttgart\/","title":{"rendered":"Stadtlexikon Stuttgart"},"content":{"rendered":"<p>[et_pb_section fb_built=&#8220;1&#8243; custom_padding_last_edited=&#8220;on|desktop&#8220; _builder_version=&#8220;4.24.0&#8243; _module_preset=&#8220;default&#8220; custom_margin=&#8220;||100px||false|false&#8220; custom_margin_tablet=&#8220;||50px||false|false&#8220; custom_margin_phone=&#8220;0px|0px|50px|0px|false|false&#8220; custom_margin_last_edited=&#8220;on|phone&#8220; custom_padding_tablet=&#8220;&#8220; custom_padding_phone=&#8220;0px|0px|0px|0px|false|false&#8220; global_colors_info=&#8220;{}&#8220;][et_pb_row custom_padding_last_edited=&#8220;on|phone&#8220; disabled_on=&#8220;off|off|off&#8220; _builder_version=&#8220;4.24.0&#8243; _module_preset=&#8220;default&#8220; custom_margin=&#8220;0px||||false|false&#8220; custom_margin_tablet=&#8220;||||false|false&#8220; custom_margin_phone=&#8220;||||false|false&#8220; custom_margin_last_edited=&#8220;on|desktop&#8220; custom_padding=&#8220;0px||||false|false&#8220; custom_padding_tablet=&#8220;0px||||false|false&#8220; custom_padding_phone=&#8220;0px||||false|false&#8220; global_colors_info=&#8220;{}&#8220;][et_pb_column type=&#8220;4_4&#8243; _builder_version=&#8220;4.24.0&#8243; _module_preset=&#8220;default&#8220; global_colors_info=&#8220;{}&#8220;][et_pb_post_nav in_same_term=&#8220;off&#8220; prev_text=&#8220;n\u00e4chstes Projekt&#8220; next_text=&#8220;vorheriges Projekt&#8220; prev_text_tablet=&#8220;n\u00e4chstes Projekt&#8220; prev_text_phone=&#8220;n\u00e4chstes&#8220; prev_text_last_edited=&#8220;on|desktop&#8220; next_text_tablet=&#8220;vorheriges Projekt&#8220; next_text_phone=&#8220;vorheriges&#8220; next_text_last_edited=&#8220;on|desktop&#8220; _builder_version=&#8220;4.24.0&#8243; _module_preset=&#8220;default&#8220; width_tablet=&#8220;&#8220; width_phone=&#8220;100%&#8220; width_last_edited=&#8220;on|phone&#8220; max_width=&#8220;100%&#8220; min_height=&#8220;20px&#8220; min_height_tablet=&#8220;20px&#8220; min_height_phone=&#8220;20px&#8220; min_height_last_edited=&#8220;on|desktop&#8220; height=&#8220;20px&#8220; max_height=&#8220;20px&#8220; custom_margin=&#8220;||||false|false&#8220; custom_margin_tablet=&#8220;||||false|false&#8220; custom_margin_phone=&#8220;0px||||false|false&#8220; custom_margin_last_edited=&#8220;on|phone&#8220; custom_padding=&#8220;0px||||false|false&#8220; global_colors_info=&#8220;{}&#8220;][\/et_pb_post_nav][et_pb_divider color=&#8220;#cccccc&#8220; _builder_version=&#8220;4.24.0&#8243; _module_preset=&#8220;default&#8220; global_colors_info=&#8220;{}&#8220;][\/et_pb_divider][\/et_pb_column][\/et_pb_row][et_pb_row custom_padding_last_edited=&#8220;on|phone&#8220; _builder_version=&#8220;4.24.0&#8243; _module_preset=&#8220;default&#8220; custom_margin=&#8220;0px||0px||false|false&#8220; custom_margin_tablet=&#8220;0px||0px||false|false&#8220; custom_margin_phone=&#8220;-110px||||false|false&#8220; custom_margin_last_edited=&#8220;on|desktop&#8220; custom_padding=&#8220;0px||0px||false|false&#8220; custom_padding_tablet=&#8220;0px||0px||false|false&#8220; custom_padding_phone=&#8220;0px||0px||false|false&#8220; global_colors_info=&#8220;{}&#8220;][et_pb_column type=&#8220;4_4&#8243; _builder_version=&#8220;4.24.0&#8243; _module_preset=&#8220;default&#8220; global_colors_info=&#8220;{}&#8220;][et_pb_heading title=&#8220;Stadtlexikon Stuttgart&#8220; _builder_version=&#8220;4.24.0&#8243; _module_preset=&#8220;default&#8220; title_font=&#8220;|700|||||||&#8220; title_font_size=&#8220;31px&#8220; title_line_height=&#8220;1.3em&#8220; title_font_size_tablet=&#8220;31px&#8220; title_font_size_phone=&#8220;27px&#8220; title_font_size_last_edited=&#8220;on|tablet&#8220; global_colors_info=&#8220;{}&#8220;][\/et_pb_heading][\/et_pb_column][\/et_pb_row][et_pb_row column_structure=&#8220;2_3,1_3&#8243; _builder_version=&#8220;4.24.0&#8243; _module_preset=&#8220;default&#8220; custom_margin=&#8220;0px||||false|false&#8220; custom_padding=&#8220;0px||||false|false&#8220; global_colors_info=&#8220;{}&#8220;][et_pb_column type=&#8220;2_3&#8243; _builder_version=&#8220;4.24.0&#8243; _module_preset=&#8220;default&#8220; global_colors_info=&#8220;{}&#8220;][et_pb_text quote_border_color=&#8220;#e01fbf&#8220; _builder_version=&#8220;4.24.0&#8243; _module_preset=&#8220;default&#8220; text_font=&#8220;Open Sans||||||||&#8220; text_text_color=&#8220;#666666&#8243; text_line_height=&#8220;2em&#8220; quote_text_color=&#8220;#333333&#8243; custom_margin=&#8220;0px||0px||false|false&#8220; custom_padding=&#8220;|40px|40px||false|false&#8220; hover_enabled=&#8220;0&#8243; global_colors_info=&#8220;{}&#8220; sticky_enabled=&#8220;0&#8243;]<\/p>\n<blockquote>\n<p>Ein Lexikon muss heute nicht mehr aus vielen dicken B\u00fcchern bestehen: Das <strong>digitale Stadtlexikon Stuttgart<\/strong> bietet historisches Wissen to go \u2013 f\u00fcr alle und jederzeit<\/p>\n<\/blockquote>\n<p>[\/et_pb_text][et_pb_image src=&#8220;https:\/\/smartcity.stuttgart.de\/wp-content\/uploads\/2024\/12\/stadtlexikon-1.jpg&#8220; alt=&#8220;Eine Person h\u00e4lt ein Pad in H\u00e4nden, auf dem Display sind Karten und Bilder zu sehen.&#8220; title_text=&#8220;stadtlexikon&#8220; force_fullwidth=&#8220;on&#8220; disabled_on=&#8220;off|off|off&#8220; _builder_version=&#8220;4.24.0&#8243; _module_preset=&#8220;default&#8220; width_tablet=&#8220;60%&#8220; width_phone=&#8220;100%&#8220; width_last_edited=&#8220;on|phone&#8220; custom_margin=&#8220;0px||0px||false|false&#8220; custom_padding=&#8220;0px||0px||false|false&#8220; box_shadow_style=&#8220;preset1&#8243; box_shadow_spread=&#8220;-7px&#8220; global_colors_info=&#8220;{}&#8220;][\/et_pb_image][et_pb_text disabled_on=&#8220;on|on|on&#8220; _builder_version=&#8220;4.24.0&#8243; _module_preset=&#8220;default&#8220; text_font_size=&#8220;13px&#8220; text_line_height=&#8220;1.6em&#8220; module_alignment=&#8220;left&#8220; custom_margin=&#8220;10px||0px|0px|false|false&#8220; custom_padding=&#8220;0px||14px||false|false&#8220; disabled=&#8220;on&#8220; global_colors_info=&#8220;{}&#8220;]\u00a9 Bild mit KI generiert<br \/>\n[\/et_pb_text][et_pb_text _builder_version=&#8220;4.24.0&#8243; _module_preset=&#8220;default&#8220; text_font=&#8220;Open Sans||||||||&#8220; text_text_color=&#8220;#333333&#8243; text_line_height=&#8220;2em&#8220; custom_padding=&#8220;40px|40px|||false|false&#8220; hover_enabled=&#8220;0&#8243; border_radii=&#8220;off||||&#8220; global_colors_info=&#8220;{}&#8220; header_4_font_size_last_edited=&#8220;on|phone&#8220; sticky_enabled=&#8220;0&#8243; header_4_line_height=&#8220;1.5em&#8220;]<\/p>\n<div class=\"SP-Text\">\n<div data-sp-table=\"\" class=\"SP-Paragraph\" data-sp-table-bootstrapped=\"sp-18\">\n<h4><strong>Stuttgarts Geschichte im digitalen Stadtlexikon entdecken<br \/><\/strong><\/h4>\n<p>Wo befand sich Robert Boschs erste Werkstatt? Wer gr\u00fcndete die erste Kindertagesst\u00e4tte Stuttgarts? Und was haben Romeo und Julia mit Zuffenhausen zu tun? Wer Antworten auf diese und andere Fragen sucht, findet Spannendes, Wissenswertes und \u00dcberraschendes im digitalen Stadtlexikon der Stadt Stuttgart.<\/p>\n<p>Jeder Beitrag ist mit historischen Abbildungen oder Dokumenten aus dem Archivbestand versehen. Dabei kann das Online-Lexikon weit mehr als ein reines Nachschlagewerk, denn die abrufbaren historischen Karten erm\u00f6glichen den Vergleich zwischen damals und heute.<\/p>\n<p>Gleich nach seinem Start wurde das Lexikon f\u00fcr den renommierten Grimme-Online-Award nominiert und \u00fcberzeugt mit fundiertem Fachwissen, vielf\u00e4ltigen Features und reichhaltigem Material, das kontinuierlich ausgebaut wird. Die Reise in Stuttgarts Vergangenheit kann also jederzeit beginnen \u2013 in der mobilen Version sogar interaktiv vor Ort.<\/p>\n<p>Mit ein paar Klicks ins Stuttgart des 18. Jahrhunderts? So einfach geht&#8217;s!<\/p>\n<\/div>\n<\/div>\n<p>[\/et_pb_text][\/et_pb_column][et_pb_column type=&#8220;1_3&#8243; _builder_version=&#8220;4.24.0&#8243; _module_preset=&#8220;default&#8220; global_colors_info=&#8220;{}&#8220;][et_pb_divider color=&#8220;#cccccc&#8220; disabled_on=&#8220;off|on|on&#8220; _builder_version=&#8220;4.24.0&#8243; _module_preset=&#8220;default&#8220; custom_margin=&#8220;0px||0px||false|false&#8220; custom_padding=&#8220;50px||20px||false|false&#8220; global_colors_info=&#8220;{}&#8220;][\/et_pb_divider][et_pb_blurb title=&#8220;Gesellschaft und Kultur&#8220; image=&#8220;https:\/\/smartcity.stuttgart.de\/wp-content\/uploads\/2024\/09\/gesellschaft-und-kultur.png&#8220; alt=&#8220;Icon Verwaltung&#8220; image_icon_width=&#8220;35%&#8220; icon_alignment=&#8220;left&#8220; _builder_version=&#8220;4.24.0&#8243; _dynamic_attributes=&#8220;link_option_url&#8220; _module_preset=&#8220;default&#8220; header_font=&#8220;|700||on|||||&#8220; header_font_size=&#8220;16px&#8220; header_line_height=&#8220;0em&#8220; image_icon_custom_margin=&#8220;0px||0px|0px|false|false&#8220; image_icon_custom_padding=&#8220;0px||0px||false|false&#8220; custom_margin=&#8220;0px||0px||false|false&#8220; custom_padding=&#8220;0px||0px||false|false&#8220; link_option_url=&#8220;@ET-DC@eyJkeW5hbWljIjp0cnVlLCJjb250ZW50IjoicG9zdF9saW5rX3VybF9wYWdlIiwic2V0dGluZ3MiOnsicG9zdF9pZCI6IjE0NjAifX0=@&#8220; border_color_all_image=&#8220;RGBA(255,255,255,0)&#8220; global_colors_info=&#8220;{}&#8220;][\/et_pb_blurb][et_pb_divider color=&#8220;#cccccc&#8220; disabled_on=&#8220;off|off|off&#8220; _builder_version=&#8220;4.24.0&#8243; _module_preset=&#8220;default&#8220; custom_margin=&#8220;0px||0px||false|false&#8220; custom_padding=&#8220;50px||20px||false|false&#8220; global_colors_info=&#8220;{}&#8220;][\/et_pb_divider][et_pb_blurb title=&#8220;In Umsetzung&#8220; use_icon=&#8220;on&#8220; font_icon=&#8220;&#xf024;||fa||900&#8243; icon_placement=&#8220;left&#8220; image_icon_width=&#8220;25px&#8220; _builder_version=&#8220;4.24.0&#8243; _module_preset=&#8220;default&#8220; header_font=&#8220;||||||||&#8220; header_font_size=&#8220;15px&#8220; header_line_height=&#8220;1.6em&#8220; background_color=&#8220;RGBA(255,255,255,0)&#8220; custom_margin=&#8220;0px||0px|0px|false|false&#8220; custom_padding=&#8220;15px|40px|0px|0px|false|false&#8220; global_colors_info=&#8220;{}&#8220;][\/et_pb_blurb][et_pb_blurb title=&#8220;04\/2018 \u2013 wird laufend aktualisiert&#8220; use_icon=&#8220;on&#8220; font_icon=&#8220;&#xf073;||fa||400&#8243; icon_placement=&#8220;left&#8220; image_icon_width=&#8220;25px&#8220; _builder_version=&#8220;4.24.0&#8243; _module_preset=&#8220;default&#8220; header_font=&#8220;||||||||&#8220; header_font_size=&#8220;15px&#8220; header_line_height=&#8220;1.6em&#8220; background_color=&#8220;RGBA(255,255,255,0)&#8220; custom_margin=&#8220;0px||0px|0px|false|false&#8220; custom_padding=&#8220;40px|40px|0px|0px|false|false&#8220; global_colors_info=&#8220;{}&#8220;][\/et_pb_blurb][et_pb_blurb title=&#8220;Kulturamt&#8220; url=&#8220;https:\/\/www.stuttgart.de\/organigramm\/verwaltungseinheit\/kulturamt.php&#8220; use_icon=&#8220;on&#8220; font_icon=&#8220;&#xf3c5;||fa||900&#8243; icon_placement=&#8220;left&#8220; image_icon_width=&#8220;25px&#8220; _builder_version=&#8220;4.24.0&#8243; _module_preset=&#8220;default&#8220; header_font=&#8220;||||||||&#8220; header_font_size=&#8220;15px&#8220; header_line_height=&#8220;1.6em&#8220; background_color=&#8220;RGBA(255,255,255,0)&#8220; custom_margin=&#8220;0px||0px|0px|false|false&#8220; custom_padding=&#8220;40px|40px|0px|0px|false|false&#8220; global_colors_info=&#8220;{}&#8220;][\/et_pb_blurb][et_pb_blurb title=&#8220;Stadtlexikon Stuttgart&#8220; url=&#8220;https:\/\/www.stadtlexikon-stuttgart.de\/dts\/&#8220; use_icon=&#8220;on&#8220; font_icon=&#8220;&#xe02b;||divi||400&#8243; icon_placement=&#8220;left&#8220; image_icon_width=&#8220;25px&#8220; _builder_version=&#8220;4.24.0&#8243; _module_preset=&#8220;default&#8220; header_font=&#8220;||||||||&#8220; header_font_size=&#8220;15px&#8220; header_line_height=&#8220;1.6em&#8220; background_color=&#8220;RGBA(255,255,255,0)&#8220; custom_margin=&#8220;0px||0px|0px|false|false&#8220; custom_padding=&#8220;40px|40px|0px|0px|false|false&#8220; global_colors_info=&#8220;{}&#8220;][\/et_pb_blurb][et_pb_divider color=&#8220;#cccccc&#8220; _builder_version=&#8220;4.24.0&#8243; _module_preset=&#8220;default&#8220; custom_margin=&#8220;0px||0px||false|false&#8220; custom_padding=&#8220;50px||20px||false|false&#8220; global_colors_info=&#8220;{}&#8220;][\/et_pb_divider][et_pb_heading title=&#8220;Nachhaltigkeitsziele&#8220; _builder_version=&#8220;4.24.0&#8243; _module_preset=&#8220;default&#8220; module_alignment=&#8220;left&#8220; global_colors_info=&#8220;{}&#8220;][\/et_pb_heading][et_pb_text _builder_version=&#8220;4.24.0&#8243; _dynamic_attributes=&#8220;link_option_url&#8220; _module_preset=&#8220;default&#8220; text_text_color=&#8220;#333333&#8243; text_font_size=&#8220;15px&#8220; text_line_height=&#8220;2em&#8220; background_color=&#8220;RGBA(255,255,255,0)&#8220; custom_margin=&#8220;0px||0px||false|false&#8220; custom_padding=&#8220;0px||0px||false|false&#8220; link_option_url=&#8220;@ET-DC@eyJkeW5hbWljIjp0cnVlLCJjb250ZW50IjoicG9zdF9saW5rX3VybF9wYWdlIiwic2V0dGluZ3MiOnsicG9zdF9pZCI6IjM0MiJ9fQ==@&#8220; border_color_all=&#8220;#cccccc&#8220; global_colors_info=&#8220;{}&#8220;]<img loading=\"lazy\" decoding=\"async\" class=\"wp-image-599 alignnone size-thumbnail\" src=\"https:\/\/smartcity.stuttgart.de\/wp-content\/uploads\/2024\/07\/5.jpg\" alt=\"\" width=\"130\" height=\"130\" \/>\u00a0 <img loading=\"lazy\" decoding=\"async\" class=\"wp-image-601 alignnone size-full\" src=\"https:\/\/smartcity.stuttgart.de\/wp-content\/uploads\/2024\/07\/6.jpg\" alt=\"\" width=\"130\" height=\"130\" \/>\u00a0 <img loading=\"lazy\" decoding=\"async\" class=\"wp-image-603 alignnone size-full\" src=\"https:\/\/smartcity.stuttgart.de\/wp-content\/uploads\/2024\/07\/10.jpg\" alt=\"\" width=\"130\" height=\"130\" \/>\u00a0 <img loading=\"lazy\" decoding=\"async\" class=\"wp-image-605 alignnone size-thumbnail\" src=\"https:\/\/smartcity.stuttgart.de\/wp-content\/uploads\/2024\/07\/16.jpg\" alt=\"\" width=\"130\" height=\"130\" \/>[\/et_pb_text][\/et_pb_column][\/et_pb_row][\/et_pb_section]<\/p>\n","protected":false},"excerpt":{"rendered":"<p>Ein Lexikon muss heute nicht mehr aus vielen dicken B\u00fcchern bestehen: Das digitale Stadtlexikon Stuttgart bietet historisches Wissen to go \u2013 f\u00fcr alle und jederzeit \u00a9 Bild mit KI generiert Stuttgarts Geschichte im digitalen Stadtlexikon entdecken Wo befand sich Robert Boschs erste Werkstatt? Wer gr\u00fcndete die erste Kindertagesst\u00e4tte Stuttgarts? Und was haben Romeo und Julia [&hellip;]<\/p>\n","protected":false},"author":1,"featured_media":4420,"comment_status":"open","ping_status":"closed","template":"","meta":{"_et_pb_use_builder":"on","_et_pb_old_content":"<p>[et_pb_section fb_built=\"1\" custom_padding_last_edited=\"on|desktop\" _builder_version=\"4.24.0\" _module_preset=\"default\" custom_margin=\"||100px||false|false\" custom_margin_tablet=\"||50px||false|false\" custom_margin_phone=\"0px|0px|50px|0px|false|false\" custom_margin_last_edited=\"on|phone\" custom_padding_tablet=\"\" custom_padding_phone=\"0px|0px|0px|0px|false|false\" global_colors_info=\"{}\"][et_pb_row custom_padding_last_edited=\"on|phone\" disabled_on=\"off|off|off\" _builder_version=\"4.24.0\" _module_preset=\"default\" custom_margin=\"0px||||false|false\" custom_margin_tablet=\"||||false|false\" custom_margin_phone=\"||||false|false\" custom_margin_last_edited=\"on|desktop\" custom_padding=\"0px||||false|false\" custom_padding_tablet=\"0px||||false|false\" custom_padding_phone=\"0px||||false|false\" global_colors_info=\"{}\"][et_pb_column type=\"4_4\" _builder_version=\"4.24.0\" _module_preset=\"default\" global_colors_info=\"{}\"][et_pb_post_nav in_same_term=\"off\" prev_text=\"n\u00e4chstes Projekt\" next_text=\"vorheriges Projekt\" prev_text_tablet=\"n\u00e4chstes Projekt\" prev_text_phone=\"n\u00e4chstes\" prev_text_last_edited=\"on|desktop\" next_text_tablet=\"vorheriges Projekt\" next_text_phone=\"vorheriges\" next_text_last_edited=\"on|desktop\" _builder_version=\"4.24.0\" _module_preset=\"default\" width_tablet=\"\" width_phone=\"100%\" width_last_edited=\"on|phone\" max_width=\"100%\" min_height=\"20px\" min_height_tablet=\"20px\" min_height_phone=\"20px\" min_height_last_edited=\"on|desktop\" height=\"20px\" max_height=\"20px\" custom_margin=\"||||false|false\" custom_margin_tablet=\"||||false|false\" custom_margin_phone=\"0px||||false|false\" custom_margin_last_edited=\"on|phone\" custom_padding=\"0px||||false|false\" global_colors_info=\"{}\"][\/et_pb_post_nav][et_pb_divider color=\"#cccccc\" _builder_version=\"4.24.0\" _module_preset=\"default\" global_colors_info=\"{}\"][\/et_pb_divider][\/et_pb_column][\/et_pb_row][et_pb_row custom_padding_last_edited=\"on|phone\" _builder_version=\"4.24.0\" _module_preset=\"default\" custom_margin=\"0px||0px||false|false\" custom_margin_tablet=\"0px||0px||false|false\" custom_margin_phone=\"-110px||||false|false\" custom_margin_last_edited=\"on|desktop\" custom_padding=\"0px||0px||false|false\" custom_padding_tablet=\"0px||0px||false|false\" custom_padding_phone=\"0px||0px||false|false\" global_colors_info=\"{}\"][et_pb_column type=\"4_4\" _builder_version=\"4.24.0\" _module_preset=\"default\" global_colors_info=\"{}\"][et_pb_heading title=\"B\u00fcrgerbeteiligungsportal \u201eStuttgart \u2013 meine Stadt\u201c\" _builder_version=\"4.24.0\" _module_preset=\"default\" title_font=\"|700|||||||\" title_font_size=\"31px\" title_line_height=\"1.3em\" title_font_size_tablet=\"31px\" title_font_size_phone=\"27px\" title_font_size_last_edited=\"on|tablet\" global_colors_info=\"{}\"][\/et_pb_heading][\/et_pb_column][\/et_pb_row][et_pb_row column_structure=\"2_3,1_3\" _builder_version=\"4.24.0\" _module_preset=\"default\" custom_margin=\"0px||||false|false\" custom_padding=\"0px||||false|false\" global_colors_info=\"{}\"][et_pb_column type=\"2_3\" _builder_version=\"4.24.0\" _module_preset=\"default\" global_colors_info=\"{}\"][et_pb_text quote_border_color=\"#e01fbf\" _builder_version=\"4.24.0\" _module_preset=\"default\" text_font=\"Open Sans||||||||\" text_text_color=\"#666666\" text_line_height=\"2em\" quote_text_color=\"#333333\" custom_margin=\"0px||0px||false|false\" custom_padding=\"|40px|40px||false|false\" global_colors_info=\"{}\"]<\/p><blockquote><p>Das st\u00e4dtische Beteiligungsportal \u201eStuttgart \u2013 Meine Stadt\u201c richtet sich an alle Stuttgarterinnen und Stuttgarter. Auf dem Portal finden sich kommende, aktuelle und abgeschlossene Vorhaben der Stadt (knapp 400 Projekte).<\/p><\/blockquote><p>[\/et_pb_text][et_pb_image src=\"https:\/\/smartcity.stuttgart.de\/wp-content\/uploads\/2024\/12\/Digital_Thomas-Wagner_Rechte-LHS-scaled.jpeg\" alt=\"Blick \u00fcber die Schulter einer Frau, die ein Tablet in der Hand h\u00e4lt.\" title_text=\"Digital_Thomas Wagner_Rechte LHS\" disabled_on=\"off|off|off\" _builder_version=\"4.24.0\" _module_preset=\"default\" width=\"60%\" width_tablet=\"60%\" width_phone=\"100%\" width_last_edited=\"on|phone\" max_width=\"100%\" custom_margin=\"0px||0px||false|false\" custom_padding=\"0px||0px||false|false\" box_shadow_style=\"preset1\" box_shadow_spread=\"-7px\" global_colors_info=\"{}\"][\/et_pb_image][et_pb_text disabled_on=\"on|on|on\" _builder_version=\"4.24.0\" _module_preset=\"default\" text_font_size=\"13px\" text_line_height=\"1.6em\" module_alignment=\"left\" custom_margin=\"10px||0px|0px|false|false\" custom_padding=\"0px||14px||false|false\" disabled=\"on\" global_colors_info=\"{}\"]\u00a9 Bild mit KI generiert<br \/>[\/et_pb_text][et_pb_text _builder_version=\"4.24.0\" _module_preset=\"default\" text_font=\"Open Sans||||||||\" text_text_color=\"#333333\" text_line_height=\"2em\" custom_padding=\"40px|40px|||false|false\" border_radii=\"off||||\" global_colors_info=\"{}\"]<\/p><p>B\u00fcrgerinnen und B\u00fcrger k\u00f6nnen sich dar\u00fcber informieren, was die Stadtverwaltung plant, welche Termine anstehen und wie sie sich mit ihren Ideen und Anregungen einbringen k\u00f6nnen. Das jetzige Portal gibt es seit fast acht Jahren. In dieser Zeit haben sich sowohl die technischen M\u00f6glichkeiten als auch das Nutzungsverhalten der User stark ver\u00e4ndert. Die Landeshauptstadt setzt deshalb einen Relaunch des Beteiligungsportals um. Angestrebt ist eine innovative, moderne und intuitiv bedienbare L\u00f6sung, die neben den klassischen Desktopger\u00e4ten an erster Stelle f\u00fcr mobile Endger\u00e4te optimiert ist (Mobile first).<\/p><p>Die Menschen sollen \u00fcber den neuen digitalen Beteiligungsservice animiert werden, \u201emitzumachen\u201c, in Interaktion zu treten. Dies soll u.a. \u00fcber die unterschiedlichen digitalen Beteiligungsformate, Visualisierungen von zuk\u00fcnftigen Projekten, wie z.B. in der Stadtplanung, m\u00f6glicherweise auch in einer Augmented oder Mixed Reality Umgebung gef\u00f6rdert werden. Mit dem neuen Portal soll eine breite Zielgruppe erreicht werden: Familien und Singles, genauso wie Senioren, Jugendliche, Menschen mit Behinderungen und Menschen mit Migrationshintergrund. Gerade f\u00fcr die letztgenannte Gruppe sollen Sprachbarrieren durch ein KI-gest\u00fctztes, automatisches \u00dcbersetzungstool abgebaut werden.<\/p><p>Mit einer modernen Softwarel\u00f6sung sollen zudem Barrieren in internen Arbeitsabl\u00e4ufen abgebaut und bisher kaum ber\u00fccksichtigte Zusammenarbeitsoptionen massiv verbessert werden. Die Verwaltung des Portals und der darauf organisierten Beteiligungsverfahren soll f\u00fcr die verantwortlichen Mitarbeitenden deutlich vereinfacht, nutzerfreundlicher und effizienter gestaltet werden. Hier soll eine neue Verwaltungsoberfl\u00e4che mit Administrations-, Zusammenarbeits- und Auswertungsfunktionalit\u00e4ten (Administrations- und Redaktions-Dashboard) zentrale Unterst\u00fctzung leisten. Bei der aufw\u00e4ndigen Analyse von Beteiligungsbeitr\u00e4gen soll KI die Abl\u00e4ufe beschleunigen und vereinfachen. Insgesamt soll sich das neue System durch eine schlanke, moderne, modulare, flexibel erweiterbare und effiziente Softwarearchitektur mit standardisierten Schnittstellen, die auf offenen Technologien basieren, auszeichnen.<\/p><p>[\/et_pb_text][\/et_pb_column][et_pb_column type=\"1_3\" _builder_version=\"4.24.0\" _module_preset=\"default\" global_colors_info=\"{}\"][et_pb_divider color=\"#cccccc\" disabled_on=\"off|on|on\" _builder_version=\"4.24.0\" _module_preset=\"default\" custom_margin=\"0px||0px||false|false\" custom_padding=\"50px||20px||false|false\" global_colors_info=\"{}\"][\/et_pb_divider][et_pb_blurb title=\"Gesellschaft und Kultur\" image=\"https:\/\/smartcity.stuttgart.de\/wp-content\/uploads\/2024\/09\/gesellschaft-und-kultur.png\" alt=\"Icon Verwaltung\" image_icon_width=\"35%\" icon_alignment=\"left\" _builder_version=\"4.24.0\" _dynamic_attributes=\"link_option_url\" _module_preset=\"default\" header_font=\"|700||on|||||\" header_font_size=\"16px\" header_line_height=\"0em\" image_icon_custom_margin=\"0px||0px|0px|false|false\" image_icon_custom_padding=\"0px||0px||false|false\" custom_margin=\"0px||0px||false|false\" custom_padding=\"0px||0px||false|false\" link_option_url=\"@ET-DC@eyJkeW5hbWljIjp0cnVlLCJjb250ZW50IjoicG9zdF9saW5rX3VybF9wYWdlIiwic2V0dGluZ3MiOnsicG9zdF9pZCI6IjE0NjAifX0=@\" border_color_all_image=\"RGBA(255,255,255,0)\" global_colors_info=\"{}\"][\/et_pb_blurb][et_pb_divider color=\"#cccccc\" disabled_on=\"off|off|off\" _builder_version=\"4.24.0\" _module_preset=\"default\" custom_margin=\"0px||0px||false|false\" custom_padding=\"50px||20px||false|false\" global_colors_info=\"{}\"][\/et_pb_divider][et_pb_blurb title=\"In Umsetzung\" use_icon=\"on\" font_icon=\"\uf024||fa||900\" icon_placement=\"left\" image_icon_width=\"25px\" _builder_version=\"4.24.0\" _module_preset=\"default\" header_font=\"||||||||\" header_font_size=\"15px\" header_line_height=\"1.6em\" background_color=\"RGBA(255,255,255,0)\" custom_margin=\"0px||0px|0px|false|false\" custom_padding=\"15px|40px|0px|0px|false|false\" global_colors_info=\"{}\"][\/et_pb_blurb][et_pb_blurb title=\"11\/2024 \u2013 02\/2026\" use_icon=\"on\" font_icon=\"\uf073||fa||400\" icon_placement=\"left\" image_icon_width=\"25px\" _builder_version=\"4.24.0\" _module_preset=\"default\" header_font=\"||||||||\" header_font_size=\"15px\" header_line_height=\"1.6em\" background_color=\"RGBA(255,255,255,0)\" custom_margin=\"0px||0px|0px|false|false\" custom_padding=\"40px|40px|0px|0px|false|false\" global_colors_info=\"{}\"][\/et_pb_blurb][et_pb_blurb url=\"https:\/\/www.stuttgart.de\/organigramm\/adresse\/stuttgart-marketing-gmbh.php\" use_icon=\"on\" font_icon=\"\uf3c5||fa||900\" icon_placement=\"left\" image_icon_width=\"25px\" _builder_version=\"4.24.0\" _module_preset=\"default\" header_font=\"||||||||\" header_font_size=\"15px\" header_line_height=\"1.6em\" background_color=\"RGBA(255,255,255,0)\" custom_margin=\"0px||0px|0px|false|false\" custom_padding=\"40px|40px|0px|0px|false|false\" global_colors_info=\"{}\"]<\/p><p><a href=\"https:\/\/www.stuttgart.de\/organigramm\/verwaltungseinheit\/koordination-fuer-buergerbeteiligung-aeussere-stadtbezirke-und-querschnittsthemen.php\">Abteilung Kommunikation mit Koordination f\u00fcr B\u00fcrgerbeteiligung, \u00c4u\u00dfere Stadtbezirke und Querschnittsthemen<\/a><\/p><p><a href=\"https:\/\/www.stuttgart.de\/organigramm\/verwaltungseinheit\/do.it-amt-fuer-digitalisierung-organisation-und-it.php\">Amt f\u00fcr Digitalisierung, Organisation und IT<\/a><\/p><p>[\/et_pb_blurb][et_pb_blurb title=\"Stuttgart \u2013 Meine Stadt\" url=\"https:\/\/www.stuttgart-meine-stadt.de\/\" use_icon=\"on\" font_icon=\"\ue02b||divi||400\" icon_placement=\"left\" image_icon_width=\"25px\" _builder_version=\"4.24.0\" _module_preset=\"default\" header_font=\"||||||||\" header_font_size=\"15px\" header_line_height=\"1.6em\" background_color=\"RGBA(255,255,255,0)\" custom_margin=\"0px||0px|0px|false|false\" custom_padding=\"40px|40px|0px|0px|false|false\" global_colors_info=\"{}\"][\/et_pb_blurb][et_pb_divider color=\"#cccccc\" _builder_version=\"4.24.0\" _module_preset=\"default\" custom_margin=\"0px||0px||false|false\" custom_padding=\"50px||20px||false|false\" global_colors_info=\"{}\"][\/et_pb_divider][et_pb_heading title=\"Nachhaltigkeitsziele\" _builder_version=\"4.24.0\" _module_preset=\"default\" module_alignment=\"left\" global_colors_info=\"{}\"][\/et_pb_heading][et_pb_text _builder_version=\"4.24.0\" _dynamic_attributes=\"link_option_url\" _module_preset=\"default\" text_text_color=\"#333333\" text_font_size=\"15px\" text_line_height=\"2em\" background_color=\"RGBA(255,255,255,0)\" custom_margin=\"0px||0px||false|false\" custom_padding=\"0px||0px||false|false\" link_option_url=\"@ET-DC@eyJkeW5hbWljIjp0cnVlLCJjb250ZW50IjoicG9zdF9saW5rX3VybF9wYWdlIiwic2V0dGluZ3MiOnsicG9zdF9pZCI6IjM0MiJ9fQ==@\" border_color_all=\"#cccccc\" global_colors_info=\"{}\"]<img class=\"wp-image-599 alignnone size-thumbnail\" src=\"https:\/\/smartcity.stuttgart.de\/wp-content\/uploads\/2024\/07\/5.jpg\" alt=\"\" width=\"130\" height=\"130\" \/>\u00a0 <img class=\"wp-image-601 alignnone size-full\" src=\"https:\/\/smartcity.stuttgart.de\/wp-content\/uploads\/2024\/07\/6.jpg\" alt=\"\" width=\"130\" height=\"130\" \/>\u00a0 <img class=\"wp-image-603 alignnone size-full\" src=\"https:\/\/smartcity.stuttgart.de\/wp-content\/uploads\/2024\/07\/10.jpg\" alt=\"\" width=\"130\" height=\"130\" \/>\u00a0 <img class=\"wp-image-605 alignnone size-thumbnail\" src=\"https:\/\/smartcity.stuttgart.de\/wp-content\/uploads\/2024\/07\/16.jpg\" alt=\"\" width=\"130\" height=\"130\" \/>[\/et_pb_text][\/et_pb_column][\/et_pb_row][\/et_pb_section]<\/p>","_et_gb_content_width":"","footnotes":""},"project_category":[31,7],"project_tag":[],"class_list":["post-4418","project","type-project","status-publish","has-post-thumbnail","hentry","project_category-handlungsfeld-gesellschaft-und-kultur","project_category-in-umsetzung"],"_links":{"self":[{"href":"https:\/\/digitalmonitor.stuttgart.de\/index.php\/wp-json\/wp\/v2\/project\/4418"}],"collection":[{"href":"https:\/\/digitalmonitor.stuttgart.de\/index.php\/wp-json\/wp\/v2\/project"}],"about":[{"href":"https:\/\/digitalmonitor.stuttgart.de\/index.php\/wp-json\/wp\/v2\/types\/project"}],"author":[{"embeddable":true,"href":"https:\/\/digitalmonitor.stuttgart.de\/index.php\/wp-json\/wp\/v2\/users\/1"}],"replies":[{"embeddable":true,"href":"https:\/\/digitalmonitor.stuttgart.de\/index.php\/wp-json\/wp\/v2\/comments?post=4418"}],"version-history":[{"count":8,"href":"https:\/\/digitalmonitor.stuttgart.de\/index.php\/wp-json\/wp\/v2\/project\/4418\/revisions"}],"predecessor-version":[{"id":5374,"href":"https:\/\/digitalmonitor.stuttgart.de\/index.php\/wp-json\/wp\/v2\/project\/4418\/revisions\/5374"}],"wp:featuredmedia":[{"embeddable":true,"href":"https:\/\/digitalmonitor.stuttgart.de\/index.php\/wp-json\/wp\/v2\/media\/4420"}],"wp:attachment":[{"href":"https:\/\/digitalmonitor.stuttgart.de\/index.php\/wp-json\/wp\/v2\/media?parent=4418"}],"wp:term":[{"taxonomy":"project_category","embeddable":true,"href":"https:\/\/digitalmonitor.stuttgart.de\/index.php\/wp-json\/wp\/v2\/project_category?post=4418"},{"taxonomy":"project_tag","embeddable":true,"href":"https:\/\/digitalmonitor.stuttgart.de\/index.php\/wp-json\/wp\/v2\/project_tag?post=4418"}],"curies":[{"name":"wp","href":"https:\/\/api.w.org\/{rel}","templated":true}]}}