{"id":4406,"date":"2023-04-01T06:15:51","date_gmt":"2023-04-01T04:15:51","guid":{"rendered":"https:\/\/smartcity.stuttgart.de\/?post_type=project&#038;p=4406"},"modified":"2025-01-20T08:20:14","modified_gmt":"2025-01-20T07:20:14","slug":"relaunch-buergerbeteiligungsportal-stuttgart-meine-stadt","status":"publish","type":"project","link":"https:\/\/digitalmonitor.stuttgart.de\/index.php\/project\/relaunch-buergerbeteiligungsportal-stuttgart-meine-stadt\/","title":{"rendered":"B\u00fcrgerbeteiligungsportal \u201eStuttgart \u2013 meine Stadt\u201c"},"content":{"rendered":"<p>[et_pb_section fb_built=&#8220;1&#8243; custom_padding_last_edited=&#8220;on|desktop&#8220; _builder_version=&#8220;4.24.0&#8243; _module_preset=&#8220;default&#8220; custom_margin=&#8220;||100px||false|false&#8220; custom_margin_tablet=&#8220;||50px||false|false&#8220; custom_margin_phone=&#8220;0px|0px|50px|0px|false|false&#8220; custom_margin_last_edited=&#8220;on|phone&#8220; custom_padding_tablet=&#8220;&#8220; custom_padding_phone=&#8220;0px|0px|0px|0px|false|false&#8220; global_colors_info=&#8220;{}&#8220;][et_pb_row custom_padding_last_edited=&#8220;on|phone&#8220; disabled_on=&#8220;off|off|off&#8220; _builder_version=&#8220;4.24.0&#8243; _module_preset=&#8220;default&#8220; custom_margin=&#8220;0px||||false|false&#8220; custom_margin_tablet=&#8220;||||false|false&#8220; custom_margin_phone=&#8220;||||false|false&#8220; custom_margin_last_edited=&#8220;on|desktop&#8220; custom_padding=&#8220;0px||||false|false&#8220; custom_padding_tablet=&#8220;0px||||false|false&#8220; custom_padding_phone=&#8220;0px||||false|false&#8220; global_colors_info=&#8220;{}&#8220;][et_pb_column type=&#8220;4_4&#8243; _builder_version=&#8220;4.24.0&#8243; _module_preset=&#8220;default&#8220; global_colors_info=&#8220;{}&#8220;][et_pb_post_nav in_same_term=&#8220;off&#8220; prev_text=&#8220;n\u00e4chstes Projekt&#8220; next_text=&#8220;vorheriges Projekt&#8220; prev_text_tablet=&#8220;n\u00e4chstes Projekt&#8220; prev_text_phone=&#8220;n\u00e4chstes&#8220; prev_text_last_edited=&#8220;on|desktop&#8220; next_text_tablet=&#8220;vorheriges Projekt&#8220; next_text_phone=&#8220;vorheriges&#8220; next_text_last_edited=&#8220;on|desktop&#8220; _builder_version=&#8220;4.24.0&#8243; _module_preset=&#8220;default&#8220; width_tablet=&#8220;&#8220; width_phone=&#8220;100%&#8220; width_last_edited=&#8220;on|phone&#8220; max_width=&#8220;100%&#8220; min_height=&#8220;20px&#8220; min_height_tablet=&#8220;20px&#8220; min_height_phone=&#8220;20px&#8220; min_height_last_edited=&#8220;on|desktop&#8220; height=&#8220;20px&#8220; max_height=&#8220;20px&#8220; custom_margin=&#8220;||||false|false&#8220; custom_margin_tablet=&#8220;||||false|false&#8220; custom_margin_phone=&#8220;0px||||false|false&#8220; custom_margin_last_edited=&#8220;on|phone&#8220; custom_padding=&#8220;0px||||false|false&#8220; global_colors_info=&#8220;{}&#8220;][\/et_pb_post_nav][et_pb_divider color=&#8220;#cccccc&#8220; _builder_version=&#8220;4.24.0&#8243; _module_preset=&#8220;default&#8220; global_colors_info=&#8220;{}&#8220;][\/et_pb_divider][\/et_pb_column][\/et_pb_row][et_pb_row custom_padding_last_edited=&#8220;on|phone&#8220; _builder_version=&#8220;4.24.0&#8243; _module_preset=&#8220;default&#8220; custom_margin=&#8220;0px||0px||false|false&#8220; custom_margin_tablet=&#8220;0px||0px||false|false&#8220; custom_margin_phone=&#8220;-110px||||false|false&#8220; custom_margin_last_edited=&#8220;on|desktop&#8220; custom_padding=&#8220;0px||0px||false|false&#8220; custom_padding_tablet=&#8220;0px||0px||false|false&#8220; custom_padding_phone=&#8220;0px||0px||false|false&#8220; global_colors_info=&#8220;{}&#8220;][et_pb_column type=&#8220;4_4&#8243; _builder_version=&#8220;4.24.0&#8243; _module_preset=&#8220;default&#8220; global_colors_info=&#8220;{}&#8220;][et_pb_heading title=&#8220;B\u00fcrgerbeteiligungsportal \u201eStuttgart \u2013 meine Stadt\u201c&#8220; _builder_version=&#8220;4.24.0&#8243; _module_preset=&#8220;default&#8220; title_font=&#8220;|700|||||||&#8220; title_font_size=&#8220;31px&#8220; title_line_height=&#8220;1.3em&#8220; title_font_size_tablet=&#8220;31px&#8220; title_font_size_phone=&#8220;27px&#8220; title_font_size_last_edited=&#8220;on|tablet&#8220; global_colors_info=&#8220;{}&#8220;][\/et_pb_heading][\/et_pb_column][\/et_pb_row][et_pb_row column_structure=&#8220;2_3,1_3&#8243; _builder_version=&#8220;4.24.0&#8243; _module_preset=&#8220;default&#8220; custom_margin=&#8220;0px||||false|false&#8220; custom_padding=&#8220;0px||||false|false&#8220; global_colors_info=&#8220;{}&#8220;][et_pb_column type=&#8220;2_3&#8243; _builder_version=&#8220;4.24.0&#8243; _module_preset=&#8220;default&#8220; global_colors_info=&#8220;{}&#8220;][et_pb_text quote_border_color=&#8220;#e01fbf&#8220; _builder_version=&#8220;4.24.0&#8243; _module_preset=&#8220;default&#8220; text_font=&#8220;Open Sans||||||||&#8220; text_text_color=&#8220;#666666&#8243; text_line_height=&#8220;2em&#8220; quote_text_color=&#8220;#333333&#8243; custom_margin=&#8220;0px||0px||false|false&#8220; custom_padding=&#8220;|40px|40px||false|false&#8220; global_colors_info=&#8220;{}&#8220;]<\/p>\n<blockquote>\n<p>Das st\u00e4dtische Beteiligungsportal \u201e<strong>Stuttgart \u2013 Meine Stadt<\/strong>\u201c richtet sich an alle Stuttgarterinnen und Stuttgarter. Auf dem Portal finden sich kommende, aktuelle und abgeschlossene Vorhaben der Stadt, insgesamt knapp 400 Projekte.<\/p>\n<\/blockquote>\n<p>[\/et_pb_text][et_pb_image src=&#8220;https:\/\/smartcity.stuttgart.de\/wp-content\/uploads\/2024\/12\/Digital_Thomas-Wagner_Rechte-LHS-scaled.jpeg&#8220; alt=&#8220;Blick \u00fcber die Schulter einer Frau, die ein Tablet in der Hand h\u00e4lt.&#8220; title_text=&#8220;Digital_Thomas Wagner_Rechte LHS&#8220; force_fullwidth=&#8220;on&#8220; disabled_on=&#8220;off|off|off&#8220; _builder_version=&#8220;4.24.0&#8243; _module_preset=&#8220;default&#8220; width_tablet=&#8220;60%&#8220; width_phone=&#8220;100%&#8220; width_last_edited=&#8220;on|phone&#8220; custom_margin=&#8220;0px||0px||false|false&#8220; custom_padding=&#8220;0px||0px||false|false&#8220; box_shadow_style=&#8220;preset1&#8243; box_shadow_spread=&#8220;-7px&#8220; global_colors_info=&#8220;{}&#8220;][\/et_pb_image][et_pb_text disabled_on=&#8220;on|on|on&#8220; _builder_version=&#8220;4.24.0&#8243; _module_preset=&#8220;default&#8220; text_font_size=&#8220;13px&#8220; text_line_height=&#8220;1.6em&#8220; module_alignment=&#8220;left&#8220; custom_margin=&#8220;10px||0px|0px|false|false&#8220; custom_padding=&#8220;0px||14px||false|false&#8220; disabled=&#8220;on&#8220; global_colors_info=&#8220;{}&#8220;]\u00a9 Bild mit KI generiert<br \/>\n[\/et_pb_text][et_pb_text _builder_version=&#8220;4.24.0&#8243; _module_preset=&#8220;default&#8220; text_font=&#8220;Open Sans||||||||&#8220; text_text_color=&#8220;#333333&#8243; text_line_height=&#8220;2em&#8220; custom_padding=&#8220;40px|40px|||false|false&#8220; hover_enabled=&#8220;0&#8243; header_4_line_height_tablet=&#8220;&#8220; header_4_line_height_phone=&#8220;1.5em&#8220; header_4_line_height_last_edited=&#8220;on|phone&#8220; border_radii=&#8220;off||||&#8220; global_colors_info=&#8220;{}&#8220; sticky_enabled=&#8220;0&#8243;]<\/p>\n<h4><strong>Relaunch des Beteiligungsportals<br \/><\/strong><\/h4>\n<p>B\u00fcrgerinnen und B\u00fcrger k\u00f6nnen sich auf dem Beteiligungsportal \u201eStuttgart \u2013 Meine Stadt\u201c \u00fcber die Pl\u00e4ne der Stadtverwaltung, anstehende Termine und die M\u00f6glichkeit, Ideen und Anregungen einzubringen, informieren. Da das aktuelle Portal seit fast acht Jahren besteht und sich die technischen M\u00f6glichkeiten sowie das Nutzungsverhalten stark ver\u00e4ndert haben, plant die Stadt einen Relaunch. Ziel ist eine moderne, intuitive L\u00f6sung, die optimiert f\u00fcr mobile Endger\u00e4te ist (Mobile First).<\/p>\n<p>Der neue digitale Beteiligungsservice soll die Bev\u00f6lkerung motivieren, aktiv teilzunehmen und mit der Stadtverwaltung in Interaktion zu treten. Dazu werden verschiedene digitale Formate und Visualisierungen k\u00fcnftiger Projekte, etwa in der Stadtplanung, angeboten, m\u00f6glicherweise auch in Augmented oder Mixed Reality. Das Portal zielt darauf ab, eine breite Zielgruppe anzusprechen, einschlie\u00dflich Familien, Senioren und Menschen mit Migrationshintergrund, f\u00fcr die Sprachbarrieren durch ein KI-gest\u00fctztes \u00dcbersetzungstool abgebaut werden sollen.<\/p>\n<p>Eine moderne Softwarel\u00f6sung wird zudem Barrieren in den internen Abl\u00e4ufen verringern und die Zusammenarbeit verbessern. Die Verwaltung des Portals soll durch ein neues Administrations- und Auswertungsdashboard nutzerfreundlicher und effizienter gestaltet werden. KI wird eingesetzt, um die Analyse der Beteiligungsbeitr\u00e4ge zu beschleunigen. Insgesamt wird das neue System durch eine flexible und modulare Softwarearchitektur mit offenen Technologien charakterisiert.<\/p>\n<p>[\/et_pb_text][\/et_pb_column][et_pb_column type=&#8220;1_3&#8243; _builder_version=&#8220;4.24.0&#8243; _module_preset=&#8220;default&#8220; global_colors_info=&#8220;{}&#8220;][et_pb_divider color=&#8220;#cccccc&#8220; disabled_on=&#8220;off|on|on&#8220; _builder_version=&#8220;4.24.0&#8243; _module_preset=&#8220;default&#8220; custom_margin=&#8220;0px||0px||false|false&#8220; custom_padding=&#8220;50px||20px||false|false&#8220; global_colors_info=&#8220;{}&#8220;][\/et_pb_divider][et_pb_blurb title=&#8220;Gesellschaft und Kultur&#8220; image=&#8220;https:\/\/smartcity.stuttgart.de\/wp-content\/uploads\/2024\/09\/gesellschaft-und-kultur.png&#8220; alt=&#8220;Icon Verwaltung&#8220; image_icon_width=&#8220;35%&#8220; icon_alignment=&#8220;left&#8220; _builder_version=&#8220;4.24.0&#8243; _dynamic_attributes=&#8220;link_option_url&#8220; _module_preset=&#8220;default&#8220; header_font=&#8220;|700||on|||||&#8220; header_font_size=&#8220;16px&#8220; header_line_height=&#8220;0em&#8220; image_icon_custom_margin=&#8220;0px||0px|0px|false|false&#8220; image_icon_custom_padding=&#8220;0px||0px||false|false&#8220; custom_margin=&#8220;0px||0px||false|false&#8220; custom_padding=&#8220;0px||0px||false|false&#8220; link_option_url=&#8220;@ET-DC@eyJkeW5hbWljIjp0cnVlLCJjb250ZW50IjoicG9zdF9saW5rX3VybF9wYWdlIiwic2V0dGluZ3MiOnsicG9zdF9pZCI6IjE0NjAifX0=@&#8220; border_color_all_image=&#8220;RGBA(255,255,255,0)&#8220; global_colors_info=&#8220;{}&#8220;][\/et_pb_blurb][et_pb_divider color=&#8220;#cccccc&#8220; disabled_on=&#8220;off|off|off&#8220; _builder_version=&#8220;4.24.0&#8243; _module_preset=&#8220;default&#8220; custom_margin=&#8220;0px||0px||false|false&#8220; custom_padding=&#8220;50px||20px||false|false&#8220; global_colors_info=&#8220;{}&#8220;][\/et_pb_divider][et_pb_blurb title=&#8220;In Umsetzung&#8220; use_icon=&#8220;on&#8220; font_icon=&#8220;&#xf024;||fa||900&#8243; icon_placement=&#8220;left&#8220; image_icon_width=&#8220;25px&#8220; _builder_version=&#8220;4.24.0&#8243; _module_preset=&#8220;default&#8220; header_font=&#8220;||||||||&#8220; header_font_size=&#8220;15px&#8220; header_line_height=&#8220;1.6em&#8220; background_color=&#8220;RGBA(255,255,255,0)&#8220; custom_margin=&#8220;0px||0px|0px|false|false&#8220; custom_padding=&#8220;15px|40px|0px|0px|false|false&#8220; global_colors_info=&#8220;{}&#8220;][\/et_pb_blurb][et_pb_blurb title=&#8220;11\/2024 \u2013 02\/2026&#8243; use_icon=&#8220;on&#8220; font_icon=&#8220;&#xf073;||fa||400&#8243; icon_placement=&#8220;left&#8220; image_icon_width=&#8220;25px&#8220; _builder_version=&#8220;4.24.0&#8243; _module_preset=&#8220;default&#8220; header_font=&#8220;||||||||&#8220; header_font_size=&#8220;15px&#8220; header_line_height=&#8220;1.6em&#8220; background_color=&#8220;RGBA(255,255,255,0)&#8220; custom_margin=&#8220;0px||0px|0px|false|false&#8220; custom_padding=&#8220;40px|40px|0px|0px|false|false&#8220; global_colors_info=&#8220;{}&#8220;][\/et_pb_blurb][et_pb_blurb url=&#8220;https:\/\/www.stuttgart.de\/organigramm\/adresse\/stuttgart-marketing-gmbh.php&#8220; use_icon=&#8220;on&#8220; font_icon=&#8220;&#xf3c5;||fa||900&#8243; icon_placement=&#8220;left&#8220; image_icon_width=&#8220;25px&#8220; _builder_version=&#8220;4.24.0&#8243; _module_preset=&#8220;default&#8220; header_font=&#8220;||||||||&#8220; header_font_size=&#8220;15px&#8220; header_line_height=&#8220;1.6em&#8220; background_color=&#8220;RGBA(255,255,255,0)&#8220; custom_margin=&#8220;0px||0px|0px|false|false&#8220; custom_padding=&#8220;40px|40px|0px|0px|false|false&#8220; global_colors_info=&#8220;{}&#8220;]<\/p>\n<p><a href=\"https:\/\/www.stuttgart.de\/organigramm\/verwaltungseinheit\/koordination-fuer-buergerbeteiligung-aeussere-stadtbezirke-und-querschnittsthemen.php\">Abteilung Kommunikation mit Koordination f\u00fcr B\u00fcrgerbeteiligung, \u00c4u\u00dfere Stadtbezirke und Querschnittsthemen<\/a><\/p>\n<p><a href=\"https:\/\/www.stuttgart.de\/organigramm\/verwaltungseinheit\/do.it-amt-fuer-digitalisierung-organisation-und-it.php\">Amt f\u00fcr Digitalisierung, Organisation und IT<\/a><\/p>\n<p>[\/et_pb_blurb][et_pb_blurb title=&#8220;Stuttgart \u2013 Meine Stadt&#8220; url=&#8220;https:\/\/www.stuttgart-meine-stadt.de\/&#8220; use_icon=&#8220;on&#8220; font_icon=&#8220;&#xe02b;||divi||400&#8243; icon_placement=&#8220;left&#8220; image_icon_width=&#8220;25px&#8220; _builder_version=&#8220;4.24.0&#8243; _module_preset=&#8220;default&#8220; header_font=&#8220;||||||||&#8220; header_font_size=&#8220;15px&#8220; header_line_height=&#8220;1.6em&#8220; background_color=&#8220;RGBA(255,255,255,0)&#8220; custom_margin=&#8220;0px||0px|0px|false|false&#8220; custom_padding=&#8220;40px|40px|0px|0px|false|false&#8220; global_colors_info=&#8220;{}&#8220;][\/et_pb_blurb][et_pb_divider color=&#8220;#cccccc&#8220; _builder_version=&#8220;4.24.0&#8243; _module_preset=&#8220;default&#8220; custom_margin=&#8220;0px||0px||false|false&#8220; custom_padding=&#8220;50px||20px||false|false&#8220; global_colors_info=&#8220;{}&#8220;][\/et_pb_divider][et_pb_heading title=&#8220;Nachhaltigkeitsziele&#8220; _builder_version=&#8220;4.24.0&#8243; _module_preset=&#8220;default&#8220; module_alignment=&#8220;left&#8220; global_colors_info=&#8220;{}&#8220;][\/et_pb_heading][et_pb_text _builder_version=&#8220;4.24.0&#8243; _dynamic_attributes=&#8220;link_option_url&#8220; _module_preset=&#8220;default&#8220; text_text_color=&#8220;#333333&#8243; text_font_size=&#8220;15px&#8220; text_line_height=&#8220;2em&#8220; background_color=&#8220;RGBA(255,255,255,0)&#8220; custom_margin=&#8220;0px||0px||false|false&#8220; custom_padding=&#8220;0px||0px||false|false&#8220; link_option_url=&#8220;@ET-DC@eyJkeW5hbWljIjp0cnVlLCJjb250ZW50IjoicG9zdF9saW5rX3VybF9wYWdlIiwic2V0dGluZ3MiOnsicG9zdF9pZCI6IjM0MiJ9fQ==@&#8220; border_color_all=&#8220;#cccccc&#8220; global_colors_info=&#8220;{}&#8220;]<img loading=\"lazy\" decoding=\"async\" class=\"wp-image-599 alignnone size-thumbnail\" src=\"https:\/\/smartcity.stuttgart.de\/wp-content\/uploads\/2024\/07\/5.jpg\" alt=\"\" width=\"130\" height=\"130\" \/>\u00a0 <img loading=\"lazy\" decoding=\"async\" class=\"wp-image-601 alignnone size-full\" src=\"https:\/\/smartcity.stuttgart.de\/wp-content\/uploads\/2024\/07\/6.jpg\" alt=\"\" width=\"130\" height=\"130\" \/>\u00a0 <img loading=\"lazy\" decoding=\"async\" class=\"wp-image-603 alignnone size-full\" src=\"https:\/\/smartcity.stuttgart.de\/wp-content\/uploads\/2024\/07\/10.jpg\" alt=\"\" width=\"130\" height=\"130\" \/>\u00a0 <img loading=\"lazy\" decoding=\"async\" class=\"wp-image-605 alignnone size-thumbnail\" src=\"https:\/\/smartcity.stuttgart.de\/wp-content\/uploads\/2024\/07\/16.jpg\" alt=\"\" width=\"130\" height=\"130\" \/>[\/et_pb_text][\/et_pb_column][\/et_pb_row][\/et_pb_section]<\/p>\n","protected":false},"excerpt":{"rendered":"<p>Das st\u00e4dtische Beteiligungsportal \u201eStuttgart \u2013 Meine Stadt\u201c richtet sich an alle Stuttgarterinnen und Stuttgarter. Auf dem Portal finden sich kommende, aktuelle und abgeschlossene Vorhaben der Stadt, insgesamt knapp 400 Projekte. \u00a9 Bild mit KI generiert Relaunch des Beteiligungsportals B\u00fcrgerinnen und B\u00fcrger k\u00f6nnen sich auf dem Beteiligungsportal \u201eStuttgart \u2013 Meine Stadt\u201c \u00fcber die Pl\u00e4ne der Stadtverwaltung, [&hellip;]<\/p>\n","protected":false},"author":1,"featured_media":4415,"comment_status":"open","ping_status":"closed","template":"","meta":{"_et_pb_use_builder":"on","_et_pb_old_content":"<p>[et_pb_section fb_built=\"1\" custom_padding_last_edited=\"on|desktop\" _builder_version=\"4.24.0\" _module_preset=\"default\" custom_margin=\"||100px||false|false\" custom_margin_tablet=\"||50px||false|false\" custom_margin_phone=\"0px|0px|50px|0px|false|false\" custom_margin_last_edited=\"on|phone\" custom_padding_tablet=\"\" custom_padding_phone=\"0px|0px|0px|0px|false|false\" global_colors_info=\"{}\"][et_pb_row custom_padding_last_edited=\"on|phone\" disabled_on=\"off|off|off\" _builder_version=\"4.24.0\" _module_preset=\"default\" custom_margin=\"0px||||false|false\" custom_margin_tablet=\"||||false|false\" custom_margin_phone=\"||||false|false\" custom_margin_last_edited=\"on|desktop\" custom_padding=\"0px||||false|false\" custom_padding_tablet=\"0px||||false|false\" custom_padding_phone=\"0px||||false|false\" global_colors_info=\"{}\"][et_pb_column type=\"4_4\" _builder_version=\"4.24.0\" _module_preset=\"default\" global_colors_info=\"{}\"][et_pb_post_nav in_same_term=\"off\" prev_text=\"n\u00e4chstes Projekt\" next_text=\"vorheriges Projekt\" prev_text_tablet=\"n\u00e4chstes Projekt\" prev_text_phone=\"n\u00e4chstes\" prev_text_last_edited=\"on|desktop\" next_text_tablet=\"vorheriges Projekt\" next_text_phone=\"vorheriges\" next_text_last_edited=\"on|desktop\" _builder_version=\"4.24.0\" _module_preset=\"default\" width_tablet=\"\" width_phone=\"100%\" width_last_edited=\"on|phone\" max_width=\"100%\" min_height=\"20px\" min_height_tablet=\"20px\" min_height_phone=\"20px\" min_height_last_edited=\"on|desktop\" height=\"20px\" max_height=\"20px\" custom_margin=\"||||false|false\" custom_margin_tablet=\"||||false|false\" custom_margin_phone=\"0px||||false|false\" custom_margin_last_edited=\"on|phone\" custom_padding=\"0px||||false|false\" global_colors_info=\"{}\"][\/et_pb_post_nav][et_pb_divider color=\"#cccccc\" _builder_version=\"4.24.0\" _module_preset=\"default\" global_colors_info=\"{}\"][\/et_pb_divider][\/et_pb_column][\/et_pb_row][et_pb_row custom_padding_last_edited=\"on|phone\" _builder_version=\"4.24.0\" _module_preset=\"default\" custom_margin=\"0px||0px||false|false\" custom_margin_tablet=\"0px||0px||false|false\" custom_margin_phone=\"-110px||||false|false\" custom_margin_last_edited=\"on|desktop\" custom_padding=\"0px||0px||false|false\" custom_padding_tablet=\"0px||0px||false|false\" custom_padding_phone=\"0px||0px||false|false\" global_colors_info=\"{}\"][et_pb_column type=\"4_4\" _builder_version=\"4.24.0\" _module_preset=\"default\" global_colors_info=\"{}\"][et_pb_heading title=\"StuttCard\" _builder_version=\"4.24.0\" _module_preset=\"default\" title_font=\"|700|||||||\" title_font_size=\"31px\" title_line_height=\"1.3em\" title_font_size_tablet=\"31px\" title_font_size_phone=\"27px\" title_font_size_last_edited=\"on|tablet\" global_colors_info=\"{}\"][\/et_pb_heading][\/et_pb_column][\/et_pb_row][et_pb_row column_structure=\"2_3,1_3\" _builder_version=\"4.24.0\" _module_preset=\"default\" custom_margin=\"0px||||false|false\" custom_padding=\"0px||||false|false\" global_colors_info=\"{}\"][et_pb_column type=\"2_3\" _builder_version=\"4.24.0\" _module_preset=\"default\" global_colors_info=\"{}\"][et_pb_text quote_border_color=\"#e01fbf\" _builder_version=\"4.24.0\" _module_preset=\"default\" text_font=\"Open Sans||||||||\" text_text_color=\"#666666\" text_line_height=\"2em\" quote_text_color=\"#333333\" custom_margin=\"0px||0px||false|false\" custom_padding=\"|40px|40px||false|false\" global_colors_info=\"{}\"]<\/p><blockquote><p>Das Welcome\u2010Ticket StuttCard bietet Ihnen 24, 48 oder 72 Stunden lang viele Vorteile bei \u00fcber 50\u202fPartnern \u2013 wahlweise mit oder ohne integriertem \u00d6PNV\u2010Ticket. \u00a0<\/p><\/blockquote><p>[\/et_pb_text][et_pb_image src=\"https:\/\/smartcity.stuttgart.de\/wp-content\/uploads\/2024\/12\/StuttCard.jpg\" alt=\"Grafik SruttCard Plus. Eine Collage vom Riesenrad, Fernsehturm, Mecedes-Benz Museeum, der Bahn und andere Monumente sind abgebildet.\" title_text=\"StuttCard\" disabled_on=\"off|off|off\" _builder_version=\"4.24.0\" _module_preset=\"default\" width=\"60%\" width_tablet=\"60%\" width_phone=\"100%\" width_last_edited=\"on|phone\" max_width=\"100%\" custom_margin=\"0px||0px||false|false\" custom_padding=\"0px||0px||false|false\" box_shadow_style=\"preset1\" box_shadow_spread=\"-7px\" global_colors_info=\"{}\"][\/et_pb_image][et_pb_text disabled_on=\"off|off|off\" _builder_version=\"4.24.0\" _module_preset=\"default\" text_font_size=\"13px\" text_line_height=\"1.6em\" module_alignment=\"left\" custom_margin=\"10px||0px|0px|false|false\" custom_padding=\"0px||14px||false|false\" global_colors_info=\"{}\"]<\/p><p>\u00a9 Bild mit KI generiert<\/p><p>[\/et_pb_text][et_pb_text _builder_version=\"4.24.0\" _module_preset=\"default\" text_font=\"Open Sans||||||||\" text_text_color=\"#333333\" text_line_height=\"2em\" custom_padding=\"40px|40px|||false|false\" border_radii=\"off||||\" global_colors_info=\"{}\"]<\/p><p>Mit dabei:<\/p><ul><li><strong>Freier Eintritt<\/strong> in 27 spannende Museen und zahlreiche Freizeiteinrichtungen in Stuttgart und der Region<\/li><li><strong>Erm\u00e4\u00dfigung<\/strong> bei der Stuttgart Citytour \u2013 erleben Sie die Stadt entspannt im Cabriobus<\/li><li><strong>Attraktive Rabatte<\/strong> in ausgew\u00e4hlten Theatern - f\u00fcr Ihren pers\u00f6nlichen B\u00fchnen\u2010Wow\u2010Moment<\/li><li><strong>Exklusive Angebote<\/strong> bei unseren Partnern im Einzelhandel \u2013 egal ob f\u00fcr Souvenirs oder Shoppin<\/li><li><strong>Kostenlose Extras<\/strong> in ausgew\u00e4hlten Stuttgart\u2010typischen Restaurants - es erwartet Sie ein kostenloses erfrischendes Getr\u00e4nk oder ein leckeres Dessert<\/li><\/ul><p><strong>Demn\u00e4chst: StuttCard PLUS \u2013 die Karte mit integriertem \u00d6PNV\u2010Ticket<\/strong><br \/>Mit der StuttCard PLUS sind Sie zus\u00e4tzlich komplett mobil: Sie haben freie Fahrt mit den \u00f6ffentlichen Verkehrsmitteln in der gesamten Region Stuttgart (VVS\u2010Netz, 2. Klasse). Die Karte gilt als Fahrausweis f\u00fcr alle Busse sowie U\u2010 und S\u2010Bahnen.<\/p><p>[\/et_pb_text][\/et_pb_column][et_pb_column type=\"1_3\" _builder_version=\"4.24.0\" _module_preset=\"default\" global_colors_info=\"{}\"][et_pb_divider color=\"#cccccc\" disabled_on=\"off|on|on\" _builder_version=\"4.24.0\" _module_preset=\"default\" custom_margin=\"0px||0px||false|false\" custom_padding=\"50px||20px||false|false\" global_colors_info=\"{}\"][\/et_pb_divider][et_pb_blurb title=\"Gesellschaft und Kultur\" image=\"https:\/\/smartcity.stuttgart.de\/wp-content\/uploads\/2024\/09\/gesellschaft-und-kultur.png\" alt=\"Icon Verwaltung\" image_icon_width=\"35%\" icon_alignment=\"left\" _builder_version=\"4.24.0\" _dynamic_attributes=\"link_option_url\" _module_preset=\"default\" header_font=\"|700||on|||||\" header_font_size=\"16px\" header_line_height=\"0em\" image_icon_custom_margin=\"0px||0px|0px|false|false\" image_icon_custom_padding=\"0px||0px||false|false\" custom_margin=\"0px||0px||false|false\" custom_padding=\"0px||0px||false|false\" link_option_url=\"@ET-DC@eyJkeW5hbWljIjp0cnVlLCJjb250ZW50IjoicG9zdF9saW5rX3VybF9wYWdlIiwic2V0dGluZ3MiOnsicG9zdF9pZCI6IjE0NjAifX0=@\" border_color_all_image=\"RGBA(255,255,255,0)\" global_colors_info=\"{}\"][\/et_pb_blurb][et_pb_divider color=\"#cccccc\" disabled_on=\"off|off|off\" _builder_version=\"4.24.0\" _module_preset=\"default\" custom_margin=\"0px||0px||false|false\" custom_padding=\"50px||20px||false|false\" global_colors_info=\"{}\"][\/et_pb_divider][et_pb_blurb title=\"Abgeschlossen\" use_icon=\"on\" font_icon=\"\uf11e||fa||900\" icon_placement=\"left\" image_icon_width=\"25px\" _builder_version=\"4.24.0\" _module_preset=\"default\" header_font=\"||||||||\" header_font_size=\"15px\" header_line_height=\"1.6em\" background_color=\"RGBA(255,255,255,0)\" custom_margin=\"0px||0px|0px|false|false\" custom_padding=\"15px|40px|0px|0px|false|false\" global_colors_info=\"{}\"][\/et_pb_blurb][et_pb_blurb title=\"-\" use_icon=\"on\" font_icon=\"\uf073||fa||400\" icon_placement=\"left\" image_icon_width=\"25px\" _builder_version=\"4.24.0\" _module_preset=\"default\" header_font=\"||||||||\" header_font_size=\"15px\" header_line_height=\"1.6em\" background_color=\"RGBA(255,255,255,0)\" custom_margin=\"0px||0px|0px|false|false\" custom_padding=\"40px|40px|0px|0px|false|false\" global_colors_info=\"{}\"][\/et_pb_blurb][et_pb_blurb title=\"Stuttgart-Maketing GmbH\" url=\"https:\/\/www.stuttgart.de\/organigramm\/adresse\/stuttgart-marketing-gmbh.php\" use_icon=\"on\" font_icon=\"\uf3c5||fa||900\" icon_placement=\"left\" image_icon_width=\"25px\" _builder_version=\"4.24.0\" _module_preset=\"default\" header_font=\"||||||||\" header_font_size=\"15px\" header_line_height=\"1.6em\" background_color=\"RGBA(255,255,255,0)\" custom_margin=\"0px||0px|0px|false|false\" custom_padding=\"40px|40px|0px|0px|false|false\" global_colors_info=\"{}\"][\/et_pb_blurb][et_pb_blurb title=\"StuttCard\" url=\"https:\/\/www.stuttgart-tourist.de\/stuttcard\" use_icon=\"on\" font_icon=\"\ue02b||divi||400\" icon_placement=\"left\" image_icon_width=\"25px\" _builder_version=\"4.24.0\" _module_preset=\"default\" header_font=\"||||||||\" header_font_size=\"15px\" header_line_height=\"1.6em\" background_color=\"RGBA(255,255,255,0)\" custom_margin=\"0px||0px|0px|false|false\" custom_padding=\"40px|40px|0px|0px|false|false\" global_colors_info=\"{}\"][\/et_pb_blurb][et_pb_divider color=\"#cccccc\" _builder_version=\"4.24.0\" _module_preset=\"default\" custom_margin=\"0px||0px||false|false\" custom_padding=\"50px||20px||false|false\" global_colors_info=\"{}\"][\/et_pb_divider][et_pb_heading title=\"Nachhaltigkeitsziele\" _builder_version=\"4.24.0\" _module_preset=\"default\" module_alignment=\"left\" global_colors_info=\"{}\"][\/et_pb_heading][et_pb_text _builder_version=\"4.24.0\" _dynamic_attributes=\"link_option_url\" _module_preset=\"default\" text_text_color=\"#333333\" text_font_size=\"15px\" text_line_height=\"2em\" background_color=\"RGBA(255,255,255,0)\" custom_margin=\"0px||0px||false|false\" custom_padding=\"0px||0px||false|false\" link_option_url=\"@ET-DC@eyJkeW5hbWljIjp0cnVlLCJjb250ZW50IjoicG9zdF9saW5rX3VybF9wYWdlIiwic2V0dGluZ3MiOnsicG9zdF9pZCI6IjM0MiJ9fQ==@\" border_color_all=\"#cccccc\" global_colors_info=\"{}\"]<img class=\"wp-image-599 alignnone size-thumbnail\" src=\"https:\/\/smartcity.stuttgart.de\/wp-content\/uploads\/2024\/07\/5.jpg\" alt=\"\" width=\"130\" height=\"130\" \/>\u00a0 <img class=\"wp-image-601 alignnone size-full\" src=\"https:\/\/smartcity.stuttgart.de\/wp-content\/uploads\/2024\/07\/6.jpg\" alt=\"\" width=\"130\" height=\"130\" \/>\u00a0 <img class=\"wp-image-603 alignnone size-full\" src=\"https:\/\/smartcity.stuttgart.de\/wp-content\/uploads\/2024\/07\/10.jpg\" alt=\"\" width=\"130\" height=\"130\" \/>\u00a0 <img class=\"wp-image-605 alignnone size-thumbnail\" src=\"https:\/\/smartcity.stuttgart.de\/wp-content\/uploads\/2024\/07\/16.jpg\" alt=\"\" width=\"130\" height=\"130\" \/>[\/et_pb_text][\/et_pb_column][\/et_pb_row][\/et_pb_section]<\/p>","_et_gb_content_width":"","footnotes":""},"project_category":[31,7],"project_tag":[],"class_list":["post-4406","project","type-project","status-publish","has-post-thumbnail","hentry","project_category-handlungsfeld-gesellschaft-und-kultur","project_category-in-umsetzung"],"_links":{"self":[{"href":"https:\/\/digitalmonitor.stuttgart.de\/index.php\/wp-json\/wp\/v2\/project\/4406"}],"collection":[{"href":"https:\/\/digitalmonitor.stuttgart.de\/index.php\/wp-json\/wp\/v2\/project"}],"about":[{"href":"https:\/\/digitalmonitor.stuttgart.de\/index.php\/wp-json\/wp\/v2\/types\/project"}],"author":[{"embeddable":true,"href":"https:\/\/digitalmonitor.stuttgart.de\/index.php\/wp-json\/wp\/v2\/users\/1"}],"replies":[{"embeddable":true,"href":"https:\/\/digitalmonitor.stuttgart.de\/index.php\/wp-json\/wp\/v2\/comments?post=4406"}],"version-history":[{"count":10,"href":"https:\/\/digitalmonitor.stuttgart.de\/index.php\/wp-json\/wp\/v2\/project\/4406\/revisions"}],"predecessor-version":[{"id":5377,"href":"https:\/\/digitalmonitor.stuttgart.de\/index.php\/wp-json\/wp\/v2\/project\/4406\/revisions\/5377"}],"wp:featuredmedia":[{"embeddable":true,"href":"https:\/\/digitalmonitor.stuttgart.de\/index.php\/wp-json\/wp\/v2\/media\/4415"}],"wp:attachment":[{"href":"https:\/\/digitalmonitor.stuttgart.de\/index.php\/wp-json\/wp\/v2\/media?parent=4406"}],"wp:term":[{"taxonomy":"project_category","embeddable":true,"href":"https:\/\/digitalmonitor.stuttgart.de\/index.php\/wp-json\/wp\/v2\/project_category?post=4406"},{"taxonomy":"project_tag","embeddable":true,"href":"https:\/\/digitalmonitor.stuttgart.de\/index.php\/wp-json\/wp\/v2\/project_tag?post=4406"}],"curies":[{"name":"wp","href":"https:\/\/api.w.org\/{rel}","templated":true}]}}