{"id":186,"date":"2023-03-02T20:34:56","date_gmt":"2023-03-02T19:34:56","guid":{"rendered":"https:\/\/smartcity.stuttgart.de\/?post_type=project&#038;p=186"},"modified":"2025-06-06T08:49:12","modified_gmt":"2025-06-06T06:49:12","slug":"online-ticketshop-eiswelt-stuttgart","status":"publish","type":"project","link":"https:\/\/digitalmonitor.stuttgart.de\/index.php\/project\/online-ticketshop-eiswelt-stuttgart\/","title":{"rendered":"Online Ticketshop f\u00fcr die Eiswelt Stuttgart"},"content":{"rendered":"<p>[et_pb_section fb_built=&#8220;1&#8243; custom_padding_last_edited=&#8220;on|desktop&#8220; _builder_version=&#8220;4.24.0&#8243; _module_preset=&#8220;default&#8220; custom_margin=&#8220;||100px||false|false&#8220; custom_margin_tablet=&#8220;||50px||false|false&#8220; custom_margin_phone=&#8220;0px|0px||0px|false|false&#8220; custom_margin_last_edited=&#8220;on|phone&#8220; custom_padding_tablet=&#8220;&#8220; custom_padding_phone=&#8220;0px||0px|0px|false|false&#8220; global_colors_info=&#8220;{}&#8220;][et_pb_row custom_padding_last_edited=&#8220;on|phone&#8220; disabled_on=&#8220;off|off|off&#8220; _builder_version=&#8220;4.24.0&#8243; _module_preset=&#8220;default&#8220; custom_margin=&#8220;0px||||false|false&#8220; custom_margin_tablet=&#8220;||||false|false&#8220; custom_margin_phone=&#8220;||||false|false&#8220; custom_margin_last_edited=&#8220;on|desktop&#8220; custom_padding=&#8220;0px||||false|false&#8220; custom_padding_tablet=&#8220;0px||||false|false&#8220; custom_padding_phone=&#8220;0px||||false|false&#8220; global_colors_info=&#8220;{}&#8220;][et_pb_column type=&#8220;4_4&#8243; _builder_version=&#8220;4.24.0&#8243; _module_preset=&#8220;default&#8220; global_colors_info=&#8220;{}&#8220;][et_pb_post_nav in_same_term=&#8220;off&#8220; prev_text=&#8220;n\u00e4chstes Projekt&#8220; next_text=&#8220;vorheriges Projekt&#8220; prev_text_tablet=&#8220;n\u00e4chstes Projekt&#8220; prev_text_phone=&#8220;n\u00e4chstes&#8220; prev_text_last_edited=&#8220;on|desktop&#8220; next_text_tablet=&#8220;vorheriges Projekt&#8220; next_text_phone=&#8220;vorheriges&#8220; next_text_last_edited=&#8220;on|desktop&#8220; _builder_version=&#8220;4.24.0&#8243; _module_preset=&#8220;default&#8220; width_tablet=&#8220;&#8220; width_phone=&#8220;100%&#8220; width_last_edited=&#8220;on|phone&#8220; max_width=&#8220;100%&#8220; min_height=&#8220;20px&#8220; min_height_tablet=&#8220;20px&#8220; min_height_phone=&#8220;20px&#8220; min_height_last_edited=&#8220;on|desktop&#8220; height=&#8220;20px&#8220; max_height=&#8220;20px&#8220; custom_margin=&#8220;||||false|false&#8220; custom_margin_tablet=&#8220;||||false|false&#8220; custom_margin_phone=&#8220;0px||||false|false&#8220; custom_margin_last_edited=&#8220;on|phone&#8220; custom_padding=&#8220;0px||||false|false&#8220; global_colors_info=&#8220;{}&#8220;][\/et_pb_post_nav][et_pb_divider color=&#8220;#cccccc&#8220; _builder_version=&#8220;4.24.0&#8243; _module_preset=&#8220;default&#8220; global_colors_info=&#8220;{}&#8220;][\/et_pb_divider][\/et_pb_column][\/et_pb_row][et_pb_row custom_padding_last_edited=&#8220;on|phone&#8220; _builder_version=&#8220;4.24.0&#8243; _module_preset=&#8220;default&#8220; custom_margin=&#8220;0px||0px||false|false&#8220; custom_margin_tablet=&#8220;0px||0px||false|false&#8220; custom_margin_phone=&#8220;-110px||||false|false&#8220; custom_margin_last_edited=&#8220;on|desktop&#8220; custom_padding=&#8220;0px||0px||false|false&#8220; custom_padding_tablet=&#8220;0px||0px||false|false&#8220; custom_padding_phone=&#8220;0px||0px||false|false&#8220; global_colors_info=&#8220;{}&#8220;][et_pb_column type=&#8220;4_4&#8243; _builder_version=&#8220;4.24.0&#8243; _module_preset=&#8220;default&#8220; global_colors_info=&#8220;{}&#8220;][et_pb_heading title=&#8220;Online Ticketshop f\u00fcr die Eiswelt Stuttgart&#8220; _builder_version=&#8220;4.24.0&#8243; _module_preset=&#8220;default&#8220; title_font=&#8220;|700|||||||&#8220; title_font_size=&#8220;31px&#8220; title_line_height=&#8220;1.3em&#8220; title_font_size_tablet=&#8220;31px&#8220; title_font_size_phone=&#8220;27px&#8220; title_font_size_last_edited=&#8220;on|tablet&#8220; global_colors_info=&#8220;{}&#8220;][\/et_pb_heading][\/et_pb_column][\/et_pb_row][et_pb_row column_structure=&#8220;2_3,1_3&#8243; _builder_version=&#8220;4.24.0&#8243; _module_preset=&#8220;default&#8220; custom_margin=&#8220;0px||||false|false&#8220; custom_padding=&#8220;0px||||false|false&#8220; global_colors_info=&#8220;{}&#8220;][et_pb_column type=&#8220;2_3&#8243; _builder_version=&#8220;4.24.0&#8243; _module_preset=&#8220;default&#8220; global_colors_info=&#8220;{}&#8220;][et_pb_text quote_border_color=&#8220;#11ffee&#8220; _builder_version=&#8220;4.24.0&#8243; _module_preset=&#8220;default&#8220; text_font=&#8220;Open Sans||||||||&#8220; text_text_color=&#8220;#666666&#8243; text_line_height=&#8220;2em&#8220; quote_text_color=&#8220;#333333&#8243; custom_margin=&#8220;0px||0px||false|false&#8220; custom_padding=&#8220;|40px|0px||false|false&#8220; global_colors_info=&#8220;{}&#8220;]<\/p>\n<blockquote>\n<p>Die Eiswelt im Sport- und Erholungsgebiet Waldau bietet zwei \u00fcberdachte und beheizte Eislaufhallen, die w\u00e4hrend der Wintermonate vielf\u00e4ltige Aktivit\u00e4ten erm\u00f6glichen.<\/p>\n<\/blockquote>\n<p>[\/et_pb_text][et_pb_image src=&#8220;https:\/\/smartcity.stuttgart.de\/wp-content\/uploads\/2024\/11\/Stuttgart_Hauptmotiv_neu.jpg&#8220; alt=&#8220;Nahfaufnahme von Schlittschuhen auf dem Eis.&#8220; title_text=&#8220;Stuttgart_Hauptmotiv_neu&#8220; show_in_lightbox=&#8220;on&#8220; force_fullwidth=&#8220;on&#8220; disabled_on=&#8220;off|off|off&#8220; _builder_version=&#8220;4.24.0&#8243; _module_preset=&#8220;default&#8220; width_tablet=&#8220;60%&#8220; width_phone=&#8220;100%&#8220; width_last_edited=&#8220;on|phone&#8220; custom_margin=&#8220;0px||0px||false|false&#8220; custom_padding=&#8220;0px||0px||false|false&#8220; box_shadow_style=&#8220;preset1&#8243; box_shadow_spread=&#8220;-7px&#8220; global_colors_info=&#8220;{}&#8220;][\/et_pb_image][et_pb_text disabled_on=&#8220;on|on|on&#8220; _builder_version=&#8220;4.24.0&#8243; _module_preset=&#8220;default&#8220; text_font_size=&#8220;13px&#8220; text_line_height=&#8220;1.6em&#8220; module_alignment=&#8220;left&#8220; custom_margin=&#8220;10px||0px|0px|false|false&#8220; custom_padding=&#8220;0px||14px||false|false&#8220; disabled=&#8220;on&#8220; global_colors_info=&#8220;{}&#8220;]<\/p>\n<p>\u00a9 Bild mit KI generiert<\/p>\n<p>[\/et_pb_text][et_pb_text _builder_version=&#8220;4.24.0&#8243; _module_preset=&#8220;default&#8220; header_4_line_height=&#8220;1.5em&#8220; custom_margin=&#8220;30px||||false|false&#8220; header_4_font_size_tablet=&#8220;&#8220; header_4_font_size_phone=&#8220;&#8220; header_4_font_size_last_edited=&#8220;on|phone&#8220; global_colors_info=&#8220;{}&#8220;]<\/p>\n<h4><strong>Bequeme Online-Ticketbuchung f\u00fcr Publikumsl\u00e4ufe<\/strong><\/h4>\n<p>In diesen Hallen finden nicht nur \u00f6ffentliche Publikumsl\u00e4ufe statt, sondern auch Sportveranstaltungen und Vereinstraining. F\u00fcr den Publikumslauf k\u00f6nnen die Besucherinnen und Besucher seit der Saison 2024\/2025 ihre Tickets zum Schlittschuhlaufen bequem online buchen und bezahlen. Dies macht den Besuch noch einfacher und komfortabler, da die Tickets im Voraus gesichert werden k\u00f6nnen, ohne an der Kasse anstehen zu m\u00fcssen. Die Eiswelt in Waldau ist somit ein idealer Ort f\u00fcr alle Eislauffans, sei es f\u00fcr Freizeitvergn\u00fcgen oder sportliche Aktivit\u00e4ten.<\/p>\n<p>[\/et_pb_text][\/et_pb_column][et_pb_column type=&#8220;1_3&#8243; _builder_version=&#8220;4.24.0&#8243; _module_preset=&#8220;default&#8220; global_colors_info=&#8220;{}&#8220;][et_pb_divider color=&#8220;#cccccc&#8220; disabled_on=&#8220;off|on|on&#8220; _builder_version=&#8220;4.24.0&#8243; _module_preset=&#8220;default&#8220; custom_margin=&#8220;0px||0px||false|false&#8220; custom_padding=&#8220;50px||20px||false|false&#8220; global_colors_info=&#8220;{}&#8220;][\/et_pb_divider][et_pb_blurb title=&#8220;Soziales und Gesundheit&#8220; image=&#8220;https:\/\/smartcity.stuttgart.de\/wp-content\/uploads\/2024\/09\/soziales-und-gesundheit.png&#8220; alt=&#8220;Icon Verwaltung&#8220; image_icon_width=&#8220;35%&#8220; icon_alignment=&#8220;left&#8220; _builder_version=&#8220;4.24.0&#8243; _dynamic_attributes=&#8220;link_option_url&#8220; _module_preset=&#8220;default&#8220; header_font=&#8220;|700||on|||||&#8220; header_font_size=&#8220;16px&#8220; header_line_height=&#8220;0em&#8220; image_icon_custom_margin=&#8220;0px||0px|0px|false|false&#8220; image_icon_custom_padding=&#8220;0px||0px||false|false&#8220; custom_margin=&#8220;0px||0px||false|false&#8220; custom_padding=&#8220;0px||0px||false|false&#8220; link_option_url=&#8220;@ET-DC@eyJkeW5hbWljIjp0cnVlLCJjb250ZW50IjoicG9zdF9saW5rX3VybF9wYWdlIiwic2V0dGluZ3MiOnsicG9zdF9pZCI6IjEyNjgifX0=@&#8220; border_color_all_image=&#8220;RGBA(255,255,255,0)&#8220; global_colors_info=&#8220;{}&#8220;][\/et_pb_blurb][et_pb_divider color=&#8220;#cccccc&#8220; disabled_on=&#8220;off|off|off&#8220; _builder_version=&#8220;4.24.0&#8243; _module_preset=&#8220;default&#8220; custom_margin=&#8220;0px||0px||false|false&#8220; custom_padding=&#8220;50px||20px||false|false&#8220; global_colors_info=&#8220;{}&#8220;][\/et_pb_divider][et_pb_blurb title=&#8220;Abgeschlossen&#8220; use_icon=&#8220;on&#8220; font_icon=&#8220;&#xf11e;||fa||900&#8243; icon_placement=&#8220;left&#8220; image_icon_width=&#8220;25px&#8220; _builder_version=&#8220;4.24.0&#8243; _module_preset=&#8220;default&#8220; header_font=&#8220;||||||||&#8220; header_font_size=&#8220;15px&#8220; header_line_height=&#8220;1.6em&#8220; background_color=&#8220;RGBA(255,255,255,0)&#8220; custom_margin=&#8220;0px||0px|0px|false|false&#8220; custom_padding=&#8220;15px|40px|0px|0px|false|false&#8220; global_colors_info=&#8220;{}&#8220;][\/et_pb_blurb][et_pb_blurb title=&#8220;01\/2023 &#8211; 09\/2024&#8243; use_icon=&#8220;on&#8220; font_icon=&#8220;&#xf073;||fa||400&#8243; icon_placement=&#8220;left&#8220; image_icon_width=&#8220;25px&#8220; _builder_version=&#8220;4.24.0&#8243; _module_preset=&#8220;default&#8220; header_font=&#8220;||||||||&#8220; header_font_size=&#8220;15px&#8220; header_line_height=&#8220;1.6em&#8220; background_color=&#8220;RGBA(255,255,255,0)&#8220; custom_margin=&#8220;0px||0px|0px|false|false&#8220; custom_padding=&#8220;40px|40px|0px|0px|false|false&#8220; global_colors_info=&#8220;{}&#8220;][\/et_pb_blurb][et_pb_blurb title=&#8220;Amt f\u00fcr Sport und Bewegung&#8220; url=&#8220;https:\/\/www.stuttgart.de\/organigramm\/verwaltungseinheit\/stadtmessungsamt.php&#8220; use_icon=&#8220;on&#8220; font_icon=&#8220;&#xf3c5;||fa||900&#8243; icon_placement=&#8220;left&#8220; image_icon_width=&#8220;25px&#8220; _builder_version=&#8220;4.24.0&#8243; _module_preset=&#8220;default&#8220; header_font=&#8220;||||||||&#8220; header_font_size=&#8220;15px&#8220; header_line_height=&#8220;1.6em&#8220; background_color=&#8220;RGBA(255,255,255,0)&#8220; custom_margin=&#8220;0px||0px|0px|false|false&#8220; custom_padding=&#8220;40px|40px|0px|0px|false|false&#8220; global_colors_info=&#8220;{}&#8220;][\/et_pb_blurb][et_pb_blurb title=&#8220;www.eiswelt-stuttgart.de&#8220; url=&#8220;https:\/\/www.eiswelt-stuttgart.de&#8220; url_new_window=&#8220;on&#8220; use_icon=&#8220;on&#8220; font_icon=&#8220;&#xe02b;||divi||400&#8243; icon_placement=&#8220;left&#8220; image_icon_width=&#8220;25px&#8220; _builder_version=&#8220;4.24.0&#8243; _module_preset=&#8220;default&#8220; header_font=&#8220;||||||||&#8220; header_font_size=&#8220;15px&#8220; header_line_height=&#8220;1.6em&#8220; background_color=&#8220;RGBA(255,255,255,0)&#8220; custom_margin=&#8220;0px||0px|0px|false|false&#8220; custom_padding=&#8220;40px|40px|0px|0px|false|false&#8220; global_colors_info=&#8220;{}&#8220;][\/et_pb_blurb][et_pb_divider color=&#8220;#cccccc&#8220; _builder_version=&#8220;4.24.0&#8243; _module_preset=&#8220;default&#8220; custom_margin=&#8220;0px||0px||false|false&#8220; custom_padding=&#8220;50px||20px||false|false&#8220; global_colors_info=&#8220;{}&#8220;][\/et_pb_divider][et_pb_heading title=&#8220;Nachhaltigkeitsziele&#8220; _builder_version=&#8220;4.24.0&#8243; _module_preset=&#8220;default&#8220; module_alignment=&#8220;left&#8220; global_colors_info=&#8220;{}&#8220;][\/et_pb_heading][et_pb_text _builder_version=&#8220;4.24.0&#8243; _dynamic_attributes=&#8220;link_option_url&#8220; _module_preset=&#8220;default&#8220; text_text_color=&#8220;#333333&#8243; text_font_size=&#8220;15px&#8220; text_line_height=&#8220;2em&#8220; background_color=&#8220;RGBA(255,255,255,0)&#8220; custom_margin=&#8220;0px||0px||false|false&#8220; custom_padding=&#8220;0px||0px||false|false&#8220; link_option_url=&#8220;@ET-DC@eyJkeW5hbWljIjp0cnVlLCJjb250ZW50IjoicG9zdF9saW5rX3VybF9wYWdlIiwic2V0dGluZ3MiOnsicG9zdF9pZCI6IjM0MiJ9fQ==@&#8220; border_color_all=&#8220;#cccccc&#8220; global_colors_info=&#8220;{}&#8220;]<\/p>\n<p><img loading=\"lazy\" decoding=\"async\" src=\"https:\/\/smartcity.stuttgart.de\/wp-content\/uploads\/2024\/07\/3.jpg\" width=\"130\" height=\"130\" alt=\"\" class=\"wp-image-599 alignnone size-thumbnail\" \/>\u00a0 <img loading=\"lazy\" decoding=\"async\" src=\"https:\/\/smartcity.stuttgart.de\/wp-content\/uploads\/2024\/07\/10.jpg\" width=\"130\" height=\"130\" alt=\"\" class=\"wp-image-601 alignnone size-full\" \/>\u00a0\u00a0\u00a0 <\/p>\n<p>[\/et_pb_text][\/et_pb_column][\/et_pb_row][\/et_pb_section]<\/p>\n","protected":false},"excerpt":{"rendered":"<p>Die Eiswelt im Sport- und Erholungsgebiet Waldau bietet zwei \u00fcberdachte und beheizte Eislaufhallen, die w\u00e4hrend der Wintermonate vielf\u00e4ltige Aktivit\u00e4ten erm\u00f6glichen. \u00a9 Bild mit KI generiertBequeme Online-Ticketbuchung f\u00fcr Publikumsl\u00e4ufe In diesen Hallen finden nicht nur \u00f6ffentliche Publikumsl\u00e4ufe statt, sondern auch Sportveranstaltungen und Vereinstraining. F\u00fcr den Publikumslauf k\u00f6nnen die Besucherinnen und Besucher seit der Saison 2024\/2025 ihre [&hellip;]<\/p>\n","protected":false},"author":2,"featured_media":3799,"comment_status":"closed","ping_status":"closed","template":"","meta":{"_et_pb_use_builder":"on","_et_pb_old_content":"<p>[et_pb_section fb_built=\"1\" _builder_version=\"4.24.0\" _module_preset=\"default\" global_colors_info=\"{}\"][et_pb_row column_structure=\"3_5,2_5\" _builder_version=\"4.24.0\" _module_preset=\"default\" global_colors_info=\"{}\"][et_pb_column type=\"3_5\" _builder_version=\"4.24.0\" _module_preset=\"default\" global_colors_info=\"{}\"][et_pb_heading title=\"Open Data Portal\" _builder_version=\"4.24.0\" _module_preset=\"default\" global_colors_info=\"{}\"][\/et_pb_heading][et_pb_text _builder_version=\"4.24.0\" _dynamic_attributes=\"content\" _module_preset=\"default\" text_font=\"|800||on|||||\" text_text_color=\"#000000\" text_font_size=\"17px\" link_font=\"|700|||||||\" link_text_color=\"#000000\" header_font=\"|600|||||||\" header_text_color=\"#000000\" background_layout=\"dark\" custom_margin=\"-25px||||false|false\" global_colors_info=\"{}\"]@ET-DC@eyJkeW5hbWljIjp0cnVlLCJjb250ZW50IjoicG9zdF90YWdzIiwic2V0dGluZ3MiOnsiYmVmb3JlIjoiIiwiYWZ0ZXIiOiIiLCJsaW5rX3RvX3Rlcm1fcGFnZSI6Im9uIiwic2VwYXJhdG9yIjoiIHwgIiwiY2F0ZWdvcnlfdHlwZSI6InByb2plY3RfdGFnIn19@[\/et_pb_text][et_pb_image src=\"https:\/\/smartcity.stuttgart.de\/wp-content\/uploads\/2024\/04\/GettyImages-1468484722-scaled.jpg\" alt=\"Kinder stizten in der Schule mit Tablets in der Hand\" title_text=\"Black woman, phone and typing in office for contact, data management app and reading business notification. Happy female worker, smartphone and mobile connection for networking, technology and media\" show_bottom_space=\"off\" _builder_version=\"4.24.0\" _module_preset=\"default\" width=\"100%\" max_height=\"100%\" custom_margin=\"||5px||false|false\" box_shadow_style=\"preset3\" box_shadow_horizontal=\"1px\" box_shadow_vertical=\"1px\" global_colors_info=\"{}\"][\/et_pb_image][et_pb_text _builder_version=\"4.24.0\" _module_preset=\"default\" text_line_height=\"1.6em\" custom_margin=\"0px||0px|0px|false|false\" custom_padding=\"0px||14px||false|false\" global_colors_info=\"{}\"]<\/p><p>\u00a9 Getty Images<\/p><p>[\/et_pb_text][et_pb_text _builder_version=\"4.24.0\" _module_preset=\"default\" text_font_size=\"15px\" text_line_height=\"1.8em\" global_colors_info=\"{}\"]<\/p><div class=\"SP-Text\"><div class=\"SP-Paragraph\" data-sp-table=\"\" data-sp-table-bootstrapped=\"sp-92\">Daten sind die Grundlage von Entscheidungen und erh\u00f6hen deren Transparenz und Akzeptanz. Diese Wirkung k\u00f6nnen Daten jedoch nur dann voll entfalten, wenn sie verl\u00e4sslich, f\u00fcr jedermann frei zug\u00e4nglich und auf Grund von offenen und diskriminierungsfreien Lizenzen frei weiterverwendet werden k\u00f6nnen. Mit offenen Daten k\u00f6nnen sich B\u00fcrger besser informieren und eigene Analysen und ggf. sogar Anwendungen erstellen. Dar\u00fcber hinaus k\u00f6nnen Organisationen und Unternehmen ihr Handeln optimieren sowie neue Gesch\u00e4ftsmodelle erschlie\u00dfen und \u00f6ffentliche Verwaltungen effizienter arbeiten. Dadurch wird die Transparenz gesteigert, die Teilhabe gef\u00f6rdert und Kooperationen zwischen verschiedenen Akteuren erm\u00f6glicht. Daher stellt die Bereitstellung eines umfassenden Open\u2010Data\u2010Angebots einen essenziellen Bestandteil des Smart City Konzeptes der Landeshauptstadt Stuttgart dar.<\/div><\/div><p>[\/et_pb_text][\/et_pb_column][et_pb_column type=\"2_5\" _builder_version=\"4.24.0\" _module_preset=\"default\" global_colors_info=\"{}\"][et_pb_heading title=\"Projektinfo\" _builder_version=\"4.24.0\" _module_preset=\"default\" title_font=\"Open Sans|||on|||||\" title_text_color=\"#E09900\" global_colors_info=\"{}\"][\/et_pb_heading][et_pb_divider color=\"rgba(0,0,0,0.64)\" divider_style=\"dashed\" _builder_version=\"4.24.0\" _module_preset=\"default\" custom_margin=\"||16px||false|false\" custom_padding=\"||0px||false|false\" global_colors_info=\"{}\"][\/et_pb_divider][et_pb_blurb title=\"Projektstatus\" use_icon=\"on\" font_icon=\"\uf110||fa||900\" icon_color=\"rgba(0,0,0,0.24)\" icon_placement=\"left\" image_icon_width=\"48px\" _builder_version=\"4.24.0\" _module_preset=\"default\" header_text_color=\"#000000\" body_font=\"|600|||||||\" body_text_color=\"#e09900\" body_link_text_color=\"#E09900\" custom_margin=\"0px||50px||false|false\" custom_padding=\"23px||||false|false\" border_color_all_image=\"RGBA(255,255,255,0)\" global_colors_info=\"{}\"]<\/p><p>Abgeschlossen<\/p><p>[\/et_pb_blurb][et_pb_blurb title=\"Verantwortlich\" use_icon=\"on\" font_icon=\"\ue0fd||divi||400\" icon_color=\"rgba(0,0,0,0.24)\" icon_placement=\"left\" image_icon_width=\"48px\" _builder_version=\"4.24.0\" _module_preset=\"default\" body_font=\"|600|||||||\" body_text_color=\"#E09900\" body_link_text_color=\"#E09900\" custom_margin=\"||50px||false|false\" border_color_all_image=\"RGBA(255,255,255,0)\" global_colors_info=\"{}\"]<\/p><p><span style=\"text-decoration: underline;\"><a href=\"https:\/\/www.stuttgart.de\/organigramm\/verwaltungseinheit\/do.it-amt-fuer-digitalisierung-organisation-und-it.php\">Amt f\u00fcr Digitalisierung, Organisation und IT<\/a><\/span><\/p><p>[\/et_pb_blurb][et_pb_blurb title=\"Ansprechpartner\" use_icon=\"on\" font_icon=\"\uf007||fa||900\" icon_color=\"rgba(0,0,0,0.24)\" icon_placement=\"left\" image_icon_width=\"48px\" _builder_version=\"4.24.0\" _module_preset=\"default\" body_font=\"|600|||||||\" body_text_color=\"#E09900\" body_link_text_color=\"#E09900\" custom_margin=\"||50px||false|false\" border_color_all_image=\"RGBA(255,255,255,0)\" global_colors_info=\"{}\"]<\/p><p><span style=\"text-decoration: underline;\"><a href=\"mailto:max.mustermann@stuttgart.de\" target=\"_blank\" rel=\"noopener\">Max Mustermann<\/a><\/span><\/p><p>[\/et_pb_blurb][et_pb_blurb title=\"Link\" use_icon=\"on\" font_icon=\"\ue02b||divi||400\" icon_color=\"rgba(0,0,0,0.24)\" icon_placement=\"left\" image_icon_width=\"48px\" _builder_version=\"4.24.0\" _module_preset=\"default\" body_font=\"|600|||||||\" body_text_color=\"#E09900\" body_link_text_color=\"#E09900\" custom_margin=\"||50px||false|false\" border_color_all_image=\"RGBA(255,255,255,0)\" global_colors_info=\"{}\"]<\/p><p><span style=\"text-decoration: underline;\"><a href=\"https:\/\/opendata.stuttgart.de\/\" target=\"_blank\" rel=\"noopener\">Open Data Portal<\/a><\/span><\/p><p>[\/et_pb_blurb][\/et_pb_column][\/et_pb_row][\/et_pb_section]<\/p>","_et_gb_content_width":"","footnotes":""},"project_category":[4,32],"project_tag":[19],"class_list":["post-186","project","type-project","status-publish","has-post-thumbnail","hentry","project_category-abgeschlossen","project_category-handlungsfeld-soziales-und-gesundheit","project_tag-gesundheit-und-soziales"],"_links":{"self":[{"href":"https:\/\/digitalmonitor.stuttgart.de\/index.php\/wp-json\/wp\/v2\/project\/186"}],"collection":[{"href":"https:\/\/digitalmonitor.stuttgart.de\/index.php\/wp-json\/wp\/v2\/project"}],"about":[{"href":"https:\/\/digitalmonitor.stuttgart.de\/index.php\/wp-json\/wp\/v2\/types\/project"}],"author":[{"embeddable":true,"href":"https:\/\/digitalmonitor.stuttgart.de\/index.php\/wp-json\/wp\/v2\/users\/2"}],"replies":[{"embeddable":true,"href":"https:\/\/digitalmonitor.stuttgart.de\/index.php\/wp-json\/wp\/v2\/comments?post=186"}],"version-history":[{"count":28,"href":"https:\/\/digitalmonitor.stuttgart.de\/index.php\/wp-json\/wp\/v2\/project\/186\/revisions"}],"predecessor-version":[{"id":6182,"href":"https:\/\/digitalmonitor.stuttgart.de\/index.php\/wp-json\/wp\/v2\/project\/186\/revisions\/6182"}],"wp:featuredmedia":[{"embeddable":true,"href":"https:\/\/digitalmonitor.stuttgart.de\/index.php\/wp-json\/wp\/v2\/media\/3799"}],"wp:attachment":[{"href":"https:\/\/digitalmonitor.stuttgart.de\/index.php\/wp-json\/wp\/v2\/media?parent=186"}],"wp:term":[{"taxonomy":"project_category","embeddable":true,"href":"https:\/\/digitalmonitor.stuttgart.de\/index.php\/wp-json\/wp\/v2\/project_category?post=186"},{"taxonomy":"project_tag","embeddable":true,"href":"https:\/\/digitalmonitor.stuttgart.de\/index.php\/wp-json\/wp\/v2\/project_tag?post=186"}],"curies":[{"name":"wp","href":"https:\/\/api.w.org\/{rel}","templated":true}]}}