{"id":3,"date":"2024-02-07T14:36:55","date_gmt":"2024-02-07T13:36:55","guid":{"rendered":"https:\/\/smartcity.stuttgart.de\/?page_id=3"},"modified":"2025-07-16T13:38:51","modified_gmt":"2025-07-16T11:38:51","slug":"datenschutz","status":"publish","type":"page","link":"https:\/\/digitalmonitor.stuttgart.de\/index.php\/datenschutz\/","title":{"rendered":"Datenschutz"},"content":{"rendered":"<p>[et_pb_section fb_built=&#8220;1&#8243; _builder_version=&#8220;4.24.0&#8243; _module_preset=&#8220;default&#8220; global_colors_info=&#8220;{}&#8220;][et_pb_row custom_padding_last_edited=&#8220;on|desktop&#8220; _builder_version=&#8220;4.24.0&#8243; _module_preset=&#8220;default&#8220; custom_margin_tablet=&#8220;-50px||||false|false&#8220; custom_margin_phone=&#8220;-65px||0px||false|false&#8220; custom_margin_last_edited=&#8220;on|phone&#8220; custom_padding_tablet=&#8220;&#8220; custom_padding_phone=&#8220;0px||0px||false|false&#8220; global_colors_info=&#8220;{}&#8220;][et_pb_column type=&#8220;4_4&#8243; _builder_version=&#8220;4.24.0&#8243; _module_preset=&#8220;default&#8220; global_colors_info=&#8220;{}&#8220;][et_pb_heading title=&#8220;Datenschutzerkl\u00e4rung&#8220; _builder_version=&#8220;4.24.0&#8243; _module_preset=&#8220;default&#8220; title_font=&#8220;|600|||||||&#8220; custom_margin=&#8220;||0px||false|false&#8220; custom_padding=&#8220;||0px||false|false&#8220; title_font_size_tablet=&#8220;&#8220; title_font_size_phone=&#8220;28px&#8220; title_font_size_last_edited=&#8220;on|phone&#8220; global_colors_info=&#8220;{}&#8220;][\/et_pb_heading][et_pb_divider _builder_version=&#8220;4.24.0&#8243; _module_preset=&#8220;default&#8220; custom_margin=&#8220;0px||||false|false&#8220; custom_padding=&#8220;0px||||false|false&#8220; global_colors_info=&#8220;{}&#8220;][\/et_pb_divider][\/et_pb_column][\/et_pb_row][et_pb_row column_structure=&#8220;1_4,3_4&#8243; _builder_version=&#8220;4.24.0&#8243; _module_preset=&#8220;default&#8220; custom_margin=&#8220;0px||||false|false&#8220; custom_padding=&#8220;0px||15px||false|false&#8220; global_colors_info=&#8220;{}&#8220;][et_pb_column type=&#8220;1_4&#8243; _builder_version=&#8220;4.24.0&#8243; _module_preset=&#8220;default&#8220; global_colors_info=&#8220;{}&#8220;][\/et_pb_column][et_pb_column type=&#8220;3_4&#8243; _builder_version=&#8220;4.24.0&#8243; _module_preset=&#8220;default&#8220; global_colors_info=&#8220;{}&#8220;][et_pb_text _builder_version=&#8220;4.24.0&#8243; _module_preset=&#8220;default&#8220; text_font_size=&#8220;15px&#8220; header_2_font_size=&#8220;24px&#8220; header_2_line_height=&#8220;1.3em&#8220; header_3_line_height=&#8220;1.3em&#8220; custom_padding=&#8220;||4px|||&#8220; header_3_font_size_tablet=&#8220;&#8220; header_3_font_size_phone=&#8220;20px&#8220; header_3_font_size_last_edited=&#8220;on|phone&#8220; global_colors_info=&#8220;{}&#8220;]<\/p>\n<h3><strong><span style=\"color: black;\">www.smartcity.stuttgart.de<\/span><\/strong><\/h3>\n<p><span style=\"color: black;\">F\u00fcr die Nutzung dieser Website und die digitale Kommunikation gilt die folgende Datenschutzerkl\u00e4rung.<\/span><\/p>\n<p><span style=\"color: black;\">Diese Microsite ist ein Angebot der<\/span><\/p>\n<p><span style=\"color: black;\">Landeshauptstadt Stuttgart;<\/span><br \/><span style=\"color: black;\">K\u00f6rperschaft des \u00f6ffentlichen Rechts;<\/span><br \/><span style=\"color: black;\">sie wird vertreten durch Oberb\u00fcrgermeister Dr. Frank Nopper.<\/span><\/p>\n<p><span style=\"color: black;\"><\/span><\/p>\n<p><span style=\"color: black;\"><\/span><\/p>\n<h3><strong><span style=\"color: black;\">Hausanschrift:<\/span><\/strong><\/h3>\n<p><span style=\"color: black;\">Rathaus<\/span><br \/><span style=\"color: black;\">Marktplatz 1<\/span><br \/><span style=\"color: black;\">70173 Stuttgart<\/span><\/p>\n<h3><strong><span style=\"color: black;\">Postanschrift:<\/span><\/strong><\/h3>\n<p><span style=\"color: black;\">Landeshauptstadt Stuttgart<\/span><br \/><span style=\"color: black;\">70161 Stuttgart<\/span><\/p>\n<p><span style=\"color: black;\">Telefon: 0711 216\u22120<\/span><br \/><span style=\"color: black;\">E-Mail:\u00a0<\/span><span style=\"color: #009982;\"><a href=\"mailto:post@stuttgart.de\">post@stuttgart.de<\/a><\/span><\/p>\n<p><span style=\"color: black;\">Umsatzsteuer-Identifikationsnummer:<\/span><br \/><span style=\"color: black;\">DE 147793909<\/span><\/p>\n<p><span style=\"color: black;\"><\/span><\/p>\n<p>&nbsp;<\/p>\n<h2><strong>1. Nutzungsdaten und automatisierte Datenerhebung<br \/><\/strong><\/h2>\n<p>Bei jedem Zugriff auf www.smartcity.stuttgart.de und bei jedem Abruf einer Datei, werden automatisch \u00fcber diesen Vorgang allgemeine Daten in einer Protokolldatei gespeichert. Die Speicherung dient ausschlie\u00dflich systembezogenen und statistischen Zwecken (auf Grundlage von Art. 6 Abs. 1 Buchst. b) DSGVO), sowie in Ausnahmef\u00e4llen zur Anzeige von Straftaten (auf Grundlage von Art. 6 Abs. 1 Buchst. e) DSGVO).<\/p>\n<p>F\u00fcr die technische Bereitstellung unserer Website m\u00fcssen wir daher bestimmte Informationen verarbeiten, die Ihr Browser automatisch \u00fcbertr\u00e4gt, damit die Website korrekt in Ihrem Browser dargestellt wird und Sie alle Funktionen nutzen k\u00f6nnen. Diese Informationen werden bei jedem Website-Aufruf automatisch erfasst und in sogenannten Server-Log-Dateien gespeichert. W\u00e4hrend einer Sitzung zur Kommunikation zwischen Ihrem Internetbrowser und unserem Webserver werden folgende Daten erfasst:<\/p>\n<ul>\n<li>Name der abgerufenen Datei<\/li>\n<li>Datum und Uhrzeit des Abrufs<\/li>\n<li>\u00fcbertragene Datenmenge<\/li>\n<li>Meldung, ob der Abruf erfolgreich war<\/li>\n<li>Beschreibung des Typs des verwendeten Webbrowsers<\/li>\n<li>verwendetes Betriebssystem<\/li>\n<li>Suchbegriffe mit Datum und Uhrzeit<\/li>\n<li>Provider<\/li>\n<\/ul>\n<p>&nbsp;<\/p>\n<h3><strong>2. Personenbezogene Daten<\/strong><\/h3>\n<div class=\"richtext\">\n<div class=\"_message-content_3ffle_2 _message-content--markdown_3ffle_20\">\n<p>Das Aufrufen und Verwenden der Informationen auf <a href=\"http:\/\/www.smartcity-stuttgart.de\">www.smartcity-stuttgart.de<\/a> erfordert keine Angabe personenbezogener Daten wie Name, Adresse oder E-Mail-Adresse. Eine Registrierung, um auf die Inhalte unserer Website zuzugreifen, ist nicht notwendig.<\/p>\n<p>F\u00fcr die technische Bereitstellung unserer Website m\u00fcssen wir jedoch bestimmte Informationen verarbeiten, die Ihr Browser automatisch \u00fcbertr\u00e4gt, damit die Website korrekt in Ihrem Browser dargestellt wird und Sie alle Funktionen nutzen k\u00f6nnen. Diese Informationen werden bei jedem Website-Aufruf automatisch erfasst und in sogenannten Server-Log-Dateien gespeichert. W\u00e4hrend einer Sitzung zur Kommunikation zwischen Ihrem Internetbrowser und unserem Webserver werden folgende Daten erfasst:<\/p>\n<p>&nbsp;<\/p>\n<\/div>\n<\/div>\n<h3><strong>3. Cookies<\/strong><\/h3>\n<p>Wir setzen in einigen Bereichen unseres Internet-Angebots zus\u00e4tzlich sogenannte Cookies ein. Durch solche Dateielemente kann Ihr Computer als technische Einheit w\u00e4hrend Ihres Besuchs auf dieser Internetseite identifiziert werden, um Ihnen die Verwendung unserer Angebote \u2013 auch bei Wiederholungsbesuchen auf dieser<br \/>Internetseite \u2013 zu erleichtern.<\/p>\n<p>Sie haben aber in der Regel die M\u00f6glichkeit, Ihren Internet-Browser so einzustellen, dass Sie \u00fcber das Auftreten von Cookies informiert werden, so dass Sie diese zulassen oder ausschlie\u00dfen, beziehungsweise bereits vorhandene Cookies l\u00f6schen k\u00f6nnen.<\/p>\n<p>Bitte verwenden Sie die Hilfefunktion Ihres Internetbrowsers, um Informationen zu der \u00c4nderung dieser Einstellungen zu erlangen. Wir weisen darauf hin, dass einzelne Funktionen unserer Seiten m\u00f6glicherweise nicht funktionieren, wenn Sie die Verwendung von Cookies deaktiviert haben.<\/p>\n<p>Cookies erlauben nicht, dass ein Server private Daten von Ihrem Computer oder die von einem anderen Server abgelegten Daten lesen kann. Sie richten auf Ihrem Rechner keinen Schaden an und enthalten keine Viren.<\/p>\n<p>Wir st\u00fctzen den Einsatz von Cookies auf Art. 6 Abs. 1 Buchst. f) DSGVO: die Verarbeitung<br \/>erfolgt zur Verbesserung der Funktionsweise unseres Portals. Sie ist daher<br \/>zur Wahrung unserer berechtigten Interessen erforderlich.<\/p>\n<p>&nbsp;<\/p>\n<h3><strong>4. Hosting<br \/><\/strong><\/h3>\n<div class=\"richtext\">Unsere Website ist bei der Landeshauptstadt Stuttgart gehostet. Die Landeshauptstadt Stuttgart stellt die Infrastruktur- und Plattformdienstleistungen, Rechenkapazit\u00e4t, Speicherplatz sowie Datenbankdienste und Sicherheitsleistungen zur Verf\u00fcgung. Zur Erf\u00fcllung der Leistungen verarbeitet die Stadt Stuttgart im Rahmen einer Auftragsverarbeitungsvereinbarung gem\u00e4\u00df Art. 28 DSGVO die oben aufgef\u00fchrten Daten.<\/div>\n<div class=\"richtext\"><\/div>\n<div class=\"richtext\">Wir l\u00f6schen Ihre Daten, sofern wir Sie f\u00fcr den jeweiligen Verarbeitungszweck nicht mehr ben\u00f6tigen und keine gesetzlichen Aufbewahrungspflichten mehr bestehen.<\/div>\n<div class=\"richtext\">\n<p>&nbsp;<\/p>\n<h3><strong>5. Kontakt<\/strong><\/h3>\n<p>Kontaktieren Sie uns per E-Mail, erfassen und speichern wir die Informationen, die Sie uns in Ihrer Nachricht mitteilen. Diese Daten verwenden wir ausschlie\u00dflich, um Ihr Anliegen zu bearbeiten und Ihnen gegebenenfalls zu antworten. In der Regel l\u00f6schen wir die Informationen sp\u00e4testens sieben Tage nach Abschluss Ihres Anliegens. Beachten Sie bitte, dass die Daten\u00fcbertragung im Internet, wie etwa bei E-Mail-Kommunikation, Sicherheitsl\u00fccken aufweisen kann. Ein vollumf\u00e4nglicher Schutz der Daten vor dem Zugriff durch unbefugte Dritte ist somit nicht m\u00f6glich.<\/p>\n<\/div>\n<p>&nbsp;<\/p>\n<h3><strong>6. Betroffenenrechte<\/strong><\/h3>\n<p><strong>6.1 Auskunftsrecht<\/strong><br \/>Sie haben das Recht, von uns eine Best\u00e4tigung dar\u00fcber zu verlangen, ob Sie betreffende personenbezogene Daten verarbeitet werden.<\/p>\n<p>Senden Sie hierf\u00fcr bitte einfach eine E-Mail an poststelle[at]lfdi.bwl.de<\/p>\n<p><strong>6.2 Berichtigung\/L\u00f6schung\/Einschr\u00e4nkung der Verarbeitung<\/strong><br \/>Des Weiteren haben Sie das Recht, von uns zu verlangen, dass<br \/>Sie betreffende unrichtige personenbezogene Daten unverz\u00fcglich berichtigt werden (Recht auf Berichtigung);<br \/>Sie betreffende personenbezogene Daten unverz\u00fcglich gel\u00f6scht werden (Recht auf L\u00f6schung) und<br \/>die Verarbeitung eingeschr\u00e4nkt wird (Recht auf Einschr\u00e4nken der Verarbeitung).<br \/>Senden Sie hierf\u00fcr bitte einfach eine E-Mail an poststelle[at]lfdi.bwl.de<\/p>\n<p><strong>6.3 Recht auf Daten\u00fcbertragbarkeit<\/strong><br \/>Sie haben das Recht, Sie betreffende personenbezogene Daten, die Sie uns bereitgestellt haben, in einem strukturierten, g\u00e4ngigen und maschinenlesbaren Format zu erhalten und diese Daten einem anderen Verantwortlichen zu \u00fcbermitteln.<br \/>Senden Sie hierf\u00fcr bitte einfach eine E-Mail an poststelle[at]lfdi.bwl.de<\/p>\n<p><strong>6.4 Widerrufsrecht<\/strong><br \/>Sie haben das Recht, Ihre Einwilligung jederzeit zu widerrufen. Durch den Widerruf der Einwilligung wird die Rechtm\u00e4\u00dfigkeit der aufgrund der Einwilligung bis zum Widerruf erfolgten Verarbeitung nicht ber\u00fchrt.<\/p>\n<p>Senden Sie hierf\u00fcr bitte einfach eine E-Mail an poststelle[at]lfdi.bwl.de<\/p>\n<p><strong>6.5 Widerspruchsrecht<\/strong><br \/>Ist die Verarbeitung Sie betreffender personenbezogener Daten f\u00fcr die Wahrnehmung einer Aufgabe, die im \u00f6ffentlichen Interesse liegt (Art. 6 Abs. 1 Buchst. e) DSGVO) oder zur Wahrung unserer berechtigten Interessen (Art. 6 Abs. 1 Buchst. f) DSGVO) erforderlich, haben Sie das Recht, Widerspruch einzulegen.<\/p>\n<p>Senden Sie hierf\u00fcr bitte einfach eine E-Mail an poststelle[at]lfdi.bwl.de<\/p>\n<p><strong>6.6 Beschwerderecht<\/strong><br \/>Sind Sie der Ansicht, dass die Verarbeitung der Sie betreffenden personenbezogenen Daten gegen die DSGVO verst\u00f6\u00dft, haben Sie unbeschadet anderweitiger Rechtsbehelfe das Recht auf Beschwerde bei einer Aufsichtsbeh\u00f6rde.<br \/>poststelle[at]lfdi.bwl.de<\/p>\n<p>&nbsp;<\/p>\n<h3><strong>7. Weitergabe an Dritte<br \/><\/strong><\/h3>\n<p>Es erfolgt kein Abgleich mit anderen Datenbest\u00e4nden, und es werden keine Daten, auch nicht in Teilen, an Dritte weitergegeben.<\/p>\n<p><strong><\/strong><\/p>\n<p><strong><\/strong><\/p>\n<p><strong><\/strong><\/p>\n<h3><strong>8. Social Media<\/strong><\/h3>\n<p>Auf <a href=\"https:\/\/www.smartcity.stuttgart.de\">www.smartcity.stuttgart.de<\/a> finden Sie unten im Footer die Social Media Kan\u00e4le der Stadt Stuttgart. Hier sind die Kan\u00e4le lediglich als Link zu Facebook, X, Instagram, LinkedIn, youtube und XING eingebunden. Wenn Sie eines der Logos anklicken, werden Sie auf die entsprechende Internetseite weitergeleitet. Sind Sie zudem als Mitglied bei dem betreffenden Sozialen Netzwerk eingeloggt, so kann der Betreiber des sozialen Netzwerkes den Besuch auf unserer Seite Ihrem jeweiligen Nutzer-Account zuordnen. Wenn Sie nicht m\u00f6chten, dass die sozialen Netzwerke Daten \u00fcber Ihren Besuch auf unserer Internetseite sammeln und speichern, m\u00fcssen Sie sich vor dem Klick auf das Logo aus Ihrem jeweiligen Nutzer-Account bei diesen sozialen Netzwerken ausloggen.<\/p>\n<p>Wir nutzen folgende Soziale Netzwerke:<\/p>\n<p><a href=\"http:\/\/www.facebook.com\">www.facebook.com<\/a><\/p>\n<p><a href=\"http:\/\/www.x.com\">www.x.com<\/a><\/p>\n<p><a href=\"http:\/\/www.instagram.com\">www.instagram.com<\/a><\/p>\n<p><a href=\"http:\/\/www.linkedin.com\">www.linkedin.com<\/a><\/p>\n<p><a href=\"http:\/\/www.youtube.com\">www.youtube.com<\/a><\/p>\n<p><a href=\"http:\/\/www.xing.com\">www.xing.com<\/a><\/p>\n<p>Spezielle Informationen zur Verarbeitung personenbezogener Daten bei Nutzung der vorgehend aufgef\u00fchrten Sozialen Netzwerke finden Sie unter der separaten <a href=\"https:\/\/www.stuttgart.de\/datenschutz\/social-media\/social-media-konzept-der-landeshauptstadt-stuttgart.php\" target=\"_blank\" rel=\"noopener\"><span style=\"text-decoration: underline;\">Datenschutzerkl\u00e4rung zu unseren Onlinepr\u00e4senzen.<\/span><\/a><\/p>\n<p>&nbsp;<\/p>\n<h3><strong>9. Datenschutz bei der Landeshauptstadt Stuttgart<br \/><\/strong><\/h3>\n<p>Stabsabteilung Datenschutz und Informationssicherheit<br \/>Telefon: +49 711 216-88387<\/p>\n<p><span style=\"text-decoration: underline;\"><\/span><\/p>\n<h3><strong>10. Anpassung der Datenschutzerkl\u00e4rung<br \/><\/strong><\/h3>\n<p>Die Datenschutzerkl\u00e4rung kann bei Bedarf angepasst werden, um sie an die aktuellen gesetzlichen Vorgaben anzupassen oder um \u00c4nderungen in den Funktionen der Datenschutzhinweise zu ber\u00fccksichtigen.<\/p>\n<p>Die jeweils aktuellen Datenschutzhinweise gelten bei jedem erneuten Besuch. Deshalb empfehlen wir Ihnen, diese regelm\u00e4\u00dfig zu \u00fcberpr\u00fcfen, um \u00fcber unsere Datenschutzpraktiken informiert zu bleiben.<\/p>\n<p>&nbsp;<\/p>\n<p><strong>Stand: August 2024<\/strong><\/p>\n<p><span style=\"text-decoration: underline;\"><\/span><\/p>\n<p><span style=\"text-decoration: underline;\"><\/span><\/p>\n<p>[\/et_pb_text][\/et_pb_column][\/et_pb_row][\/et_pb_section]<\/p>\n","protected":false},"excerpt":{"rendered":"<p>www.smartcity.stuttgart.de F\u00fcr die Nutzung dieser Website und die digitale Kommunikation gilt die folgende Datenschutzerkl\u00e4rung. Diese Microsite ist ein Angebot der Landeshauptstadt Stuttgart;K\u00f6rperschaft des \u00f6ffentlichen Rechts;sie wird vertreten durch Oberb\u00fcrgermeister Dr. Frank Nopper. Hausanschrift: RathausMarktplatz 170173 Stuttgart Postanschrift: Landeshauptstadt Stuttgart70161 Stuttgart Telefon: 0711 216\u22120E-Mail:\u00a0post@stuttgart.de Umsatzsteuer-Identifikationsnummer:DE 147793909 &nbsp; 1. Nutzungsdaten und automatisierte Datenerhebung Bei jedem Zugriff auf [&hellip;]<\/p>\n","protected":false},"author":1,"featured_media":0,"parent":0,"menu_order":0,"comment_status":"closed","ping_status":"open","template":"","meta":{"_et_pb_use_builder":"on","_et_pb_old_content":"<!-- wp:heading -->\r\n<h2>Wer wir sind<\/h2>\r\n<!-- \/wp:heading --><!-- wp:paragraph -->\r\n<p><strong class=\"privacy-policy-tutorial\">Textvorschlag: <\/strong>Die Adresse unserer Website ist: https:\/\/smartcity.stuttgart.de.<\/p>\r\n<!-- \/wp:paragraph --><!-- wp:heading -->\r\n<h2>Kommentare<\/h2>\r\n<!-- \/wp:heading --><!-- wp:paragraph -->\r\n<p><strong class=\"privacy-policy-tutorial\">Textvorschlag: <\/strong>Wenn Besucher Kommentare auf der Website schreiben, sammeln wir die Daten, die im Kommentar-Formular angezeigt werden, au\u00dferdem die IP-Adresse des Besuchers und den User-Agent-String (damit wird der Browser identifiziert), um die Erkennung von Spam zu unterst\u00fctzen.<\/p>\r\n<!-- \/wp:paragraph --><!-- wp:paragraph -->\r\n<p>Aus deiner E-Mail-Adresse kann eine anonymisierte Zeichenfolge erstellt (auch Hash genannt) und dem Gravatar-Dienst \u00fcbergeben werden, um zu pr\u00fcfen, ob du diesen benutzt. Die Datenschutzerkl\u00e4rung des Gravatar-Dienstes findest du hier: https:\/\/automattic.com\/privacy\/. Nachdem dein Kommentar freigegeben wurde, ist dein Profilbild \u00f6ffentlich im Kontext deines Kommentars sichtbar.<\/p>\r\n<!-- \/wp:paragraph --><!-- wp:heading -->\r\n<h2>Medien<\/h2>\r\n<!-- \/wp:heading --><!-- wp:paragraph -->\r\n<p><strong class=\"privacy-policy-tutorial\">Textvorschlag: <\/strong>Wenn du ein registrierter Benutzer bist und Fotos auf diese Website l\u00e4dst, solltest du vermeiden, Fotos mit einem EXIF-GPS-Standort hochzuladen. Besucher dieser Website k\u00f6nnten Fotos, die auf dieser Website gespeichert sind, herunterladen und deren Standort-Informationen extrahieren.<\/p>\r\n<!-- \/wp:paragraph --><!-- wp:heading -->\r\n<h2>Cookies<\/h2>\r\n<!-- \/wp:heading --><!-- wp:paragraph -->\r\n<p><strong class=\"privacy-policy-tutorial\">Textvorschlag: <\/strong>Wenn du einen Kommentar auf unserer Website schreibst, kann das eine Einwilligung sein, deinen Namen, E-Mail-Adresse und Website in Cookies zu speichern. Dies ist eine Komfortfunktion, damit du nicht, wenn du einen weiteren Kommentar schreibst, all diese Daten erneut eingeben musst. Diese Cookies werden ein Jahr lang gespeichert.<\/p>\r\n<!-- \/wp:paragraph --><!-- wp:paragraph -->\r\n<p>Falls du ein Konto hast und dich auf dieser Website anmeldest, werden wir ein tempor\u00e4res Cookie setzen, um festzustellen, ob dein Browser Cookies akzeptiert. Dieses Cookie enth\u00e4lt keine personenbezogenen Daten und wird verworfen, wenn du deinen Browser schlie\u00dft.<\/p>\r\n<!-- \/wp:paragraph --><!-- wp:paragraph -->\r\n<p>Wenn du dich anmeldest, werden wir einige Cookies einrichten, um deine Anmeldeinformationen und Anzeigeoptionen zu speichern. Anmelde-Cookies verfallen nach zwei Tagen und Cookies f\u00fcr die Anzeigeoptionen nach einem Jahr. Falls du bei der Anmeldung \u201eAngemeldet bleiben\u201c ausw\u00e4hlst, wird deine Anmeldung zwei Wochen lang aufrechterhalten. Mit der Abmeldung aus deinem Konto werden die Anmelde-Cookies gel\u00f6scht.<\/p>\r\n<!-- \/wp:paragraph --><!-- wp:paragraph -->\r\n<p>Wenn du einen Artikel bearbeitest oder ver\u00f6ffentlichst, wird ein zus\u00e4tzlicher Cookie in deinem Browser gespeichert. Dieser Cookie enth\u00e4lt keine personenbezogenen Daten und verweist nur auf die Beitrags-ID des Artikels, den du gerade bearbeitet hast. Der Cookie verf\u00e4llt nach einem Tag.<\/p>\r\n<!-- \/wp:paragraph --><!-- wp:heading -->\r\n<h2>Eingebettete Inhalte von anderen Websites<\/h2>\r\n<!-- \/wp:heading --><!-- wp:paragraph -->\r\n<p><strong class=\"privacy-policy-tutorial\">Textvorschlag: <\/strong>Beitr\u00e4ge auf dieser Website k\u00f6nnen eingebettete Inhalte beinhalten (z.\u00a0B. Videos, Bilder, Beitr\u00e4ge etc.). Eingebettete Inhalte von anderen Websites verhalten sich exakt so, als ob der Besucher die andere Website besucht h\u00e4tte.<\/p>\r\n<!-- \/wp:paragraph --><!-- wp:paragraph -->\r\n<p>Diese Websites k\u00f6nnen Daten \u00fcber dich sammeln, Cookies benutzen, zus\u00e4tzliche Tracking-Dienste von Dritten einbetten und deine Interaktion mit diesem eingebetteten Inhalt aufzeichnen, inklusive deiner Interaktion mit dem eingebetteten Inhalt, falls du ein Konto hast und auf dieser Website angemeldet bist.<\/p>\r\n<!-- \/wp:paragraph --><!-- wp:heading -->\r\n<h2>Mit wem wir deine Daten teilen<\/h2>\r\n<!-- \/wp:heading --><!-- wp:paragraph -->\r\n<p><strong class=\"privacy-policy-tutorial\">Textvorschlag: <\/strong>Wenn du eine Zur\u00fccksetzung des Passworts beantragst, wird deine IP-Adresse in der E-Mail zur Zur\u00fccksetzung enthalten sein.<\/p>\r\n<!-- \/wp:paragraph --><!-- wp:heading -->\r\n<h2>Wie lange wir deine Daten speichern<\/h2>\r\n<!-- \/wp:heading --><!-- wp:paragraph -->\r\n<p><strong class=\"privacy-policy-tutorial\">Textvorschlag: <\/strong>Wenn du einen Kommentar schreibst, wird dieser inklusive Metadaten zeitlich unbegrenzt gespeichert. Auf diese Art k\u00f6nnen wir Folgekommentare automatisch erkennen und freigeben, anstatt sie in einer Moderations-Warteschlange festzuhalten.<\/p>\r\n<!-- \/wp:paragraph --><!-- wp:paragraph -->\r\n<p>F\u00fcr Benutzer, die sich auf unserer Website registrieren, speichern wir zus\u00e4tzlich die pers\u00f6nlichen Informationen, die sie in ihren Benutzerprofilen angeben. Alle Benutzer k\u00f6nnen jederzeit ihre pers\u00f6nlichen Informationen einsehen, ver\u00e4ndern oder l\u00f6schen (der Benutzername kann nicht ver\u00e4ndert werden). Administratoren der Website k\u00f6nnen diese Informationen ebenfalls einsehen und ver\u00e4ndern.<\/p>\r\n<!-- \/wp:paragraph --><!-- wp:heading -->\r\n<h2>Welche Rechte du an deinen Daten hast<\/h2>\r\n<!-- \/wp:heading --><!-- wp:paragraph -->\r\n<p><strong class=\"privacy-policy-tutorial\">Textvorschlag: <\/strong>Wenn du ein Konto auf dieser Website besitzt oder Kommentare geschrieben hast, kannst du einen Export deiner personenbezogenen Daten bei uns anfordern, inklusive aller Daten, die du uns mitgeteilt hast. Dar\u00fcber hinaus kannst du die L\u00f6schung aller personenbezogenen Daten, die wir von dir gespeichert haben, anfordern. Dies umfasst nicht die Daten, die wir aufgrund administrativer, rechtlicher oder sicherheitsrelevanter Notwendigkeiten aufbewahren m\u00fcssen.<\/p>\r\n<!-- \/wp:paragraph --><!-- wp:heading -->\r\n<h2>Wohin deine Daten gesendet werden<\/h2>\r\n<!-- \/wp:heading --><!-- wp:paragraph -->\r\n<p><strong class=\"privacy-policy-tutorial\">Textvorschlag: <\/strong>Besucher-Kommentare k\u00f6nnten von einem automatisierten Dienst zur Spam-Erkennung untersucht werden.<\/p>\r\n<!-- \/wp:paragraph -->","_et_gb_content_width":"","footnotes":""},"class_list":["post-3","page","type-page","status-publish","hentry"],"_links":{"self":[{"href":"https:\/\/digitalmonitor.stuttgart.de\/index.php\/wp-json\/wp\/v2\/pages\/3"}],"collection":[{"href":"https:\/\/digitalmonitor.stuttgart.de\/index.php\/wp-json\/wp\/v2\/pages"}],"about":[{"href":"https:\/\/digitalmonitor.stuttgart.de\/index.php\/wp-json\/wp\/v2\/types\/page"}],"author":[{"embeddable":true,"href":"https:\/\/digitalmonitor.stuttgart.de\/index.php\/wp-json\/wp\/v2\/users\/1"}],"replies":[{"embeddable":true,"href":"https:\/\/digitalmonitor.stuttgart.de\/index.php\/wp-json\/wp\/v2\/comments?post=3"}],"version-history":[{"count":28,"href":"https:\/\/digitalmonitor.stuttgart.de\/index.php\/wp-json\/wp\/v2\/pages\/3\/revisions"}],"predecessor-version":[{"id":6339,"href":"https:\/\/digitalmonitor.stuttgart.de\/index.php\/wp-json\/wp\/v2\/pages\/3\/revisions\/6339"}],"wp:attachment":[{"href":"https:\/\/digitalmonitor.stuttgart.de\/index.php\/wp-json\/wp\/v2\/media?parent=3"}],"curies":[{"name":"wp","href":"https:\/\/api.w.org\/{rel}","templated":true}]}}