{"id":1686,"date":"2024-08-27T15:03:49","date_gmt":"2024-08-27T13:03:49","guid":{"rendered":"https:\/\/smartcity.stuttgart.de\/?page_id=1686"},"modified":"2024-11-14T08:58:03","modified_gmt":"2024-11-14T07:58:03","slug":"impressum","status":"publish","type":"page","link":"https:\/\/digitalmonitor.stuttgart.de\/index.php\/impressum\/","title":{"rendered":"Impressum"},"content":{"rendered":"<p>[et_pb_section fb_built=&#8220;1&#8243; _builder_version=&#8220;4.24.0&#8243; _module_preset=&#8220;default&#8220; global_colors_info=&#8220;{}&#8220;][et_pb_row custom_padding_last_edited=&#8220;on|desktop&#8220; _builder_version=&#8220;4.24.0&#8243; _module_preset=&#8220;default&#8220; custom_margin_tablet=&#8220;&#8220; custom_margin_phone=&#8220;-65px||0px||false|false&#8220; custom_margin_last_edited=&#8220;on|phone&#8220; custom_padding_tablet=&#8220;&#8220; custom_padding_phone=&#8220;0px||||false|false&#8220; global_colors_info=&#8220;{}&#8220;][et_pb_column type=&#8220;4_4&#8243; _builder_version=&#8220;4.24.0&#8243; _module_preset=&#8220;default&#8220; global_colors_info=&#8220;{}&#8220;][et_pb_heading title=&#8220;Impressum&#8220; _builder_version=&#8220;4.24.0&#8243; _module_preset=&#8220;default&#8220; title_font=&#8220;|600|||||||&#8220; custom_margin=&#8220;||0px||false|false&#8220; custom_padding=&#8220;||0px||false|false&#8220; global_colors_info=&#8220;{}&#8220;][\/et_pb_heading][et_pb_divider _builder_version=&#8220;4.24.0&#8243; _module_preset=&#8220;default&#8220; custom_margin=&#8220;0px||||false|false&#8220; custom_padding=&#8220;0px||||false|false&#8220; global_colors_info=&#8220;{}&#8220;][\/et_pb_divider][\/et_pb_column][\/et_pb_row][et_pb_row column_structure=&#8220;1_4,3_4&#8243; _builder_version=&#8220;4.24.0&#8243; _module_preset=&#8220;default&#8220; custom_margin=&#8220;0px||||false|false&#8220; custom_padding=&#8220;0px||15px||false|false&#8220; global_colors_info=&#8220;{}&#8220;][et_pb_column type=&#8220;1_4&#8243; _builder_version=&#8220;4.24.0&#8243; _module_preset=&#8220;default&#8220; global_colors_info=&#8220;{}&#8220;][\/et_pb_column][et_pb_column type=&#8220;3_4&#8243; _builder_version=&#8220;4.24.0&#8243; _module_preset=&#8220;default&#8220; global_colors_info=&#8220;{}&#8220;][et_pb_text _builder_version=&#8220;4.24.0&#8243; _module_preset=&#8220;default&#8220; text_font_size=&#8220;15px&#8220; header_3_font_size=&#8220;21px&#8220; header_3_line_height=&#8220;1.3em&#8220; custom_margin_tablet=&#8220;&#8220; custom_margin_phone=&#8220;-130px||0px||false|false&#8220; custom_margin_last_edited=&#8220;on|phone&#8220; custom_padding=&#8220;||50px||false|false&#8220; custom_padding_tablet=&#8220;||50px||false|false&#8220; custom_padding_phone=&#8220;0px||||false|false&#8220; custom_padding_last_edited=&#8220;on|desktop&#8220; hover_enabled=&#8220;0&#8243; header_font_size_tablet=&#8220;&#8220; header_font_size_phone=&#8220;30px&#8220; header_font_size_last_edited=&#8220;on|phone&#8220; global_colors_info=&#8220;{}&#8220; link_text_color=&#8220;#0C71C3&#8243; link_font=&#8220;||||on||||&#8220; sticky_enabled=&#8220;0&#8243;]<\/p>\n<h3><strong>Landeshauptstadt Stuttgart<\/strong><\/h3>\n<p>K\u00f6rperschaft des \u00f6ffentlichen Rechts;<br \/>sie wird vertreten durch Oberb\u00fcrgermeister Dr. Frank Nopper.<\/p>\n<p>&nbsp;<\/p>\n<h3 class=\"font-styling-h5\"><strong>Hausanschrift<\/strong><\/h3>\n<p data-pm-slice=\"1 1 []\">Rathaus<br \/>Marktplatz 1<br \/>70173 Stuttgart<\/p>\n<p>&nbsp;<\/p>\n<h3 class=\"font-styling-h5\"><strong>Postanschrift<\/strong><\/h3>\n<p>Landeshauptstadt Stuttgart<br \/>70161 Stuttgart<br \/>Telefon: +49 711 216-0<br \/>E-Mail: <a href=\"mailto:post@stuttgart.de\">post@stuttgart.de<\/a><br \/>Umsatzsteuer-Identifikationsnummer: DE 147793909<\/p>\n<p>&nbsp;<\/p>\n<h3><strong>Verantwortliche Redaktion<br \/><\/strong><\/h3>\n<p>Verantwortlich i.S.d. \u00a7 18 Abs. 2 MStV:<\/p>\n<p>Sandra Baumholz<br \/>Landeshauptstadt Stuttgart<br \/>Amt f\u00fcr Digitalisierung, Organisation und IT<br \/>Leitung Stabsstelle: Strategische Planung, digitale Transformation und Innovation.<\/p>\n<p>Telefon: +49 711 216-17232<br \/>E-Mail: <a href=\"mailto:sandra@baumholz@stuttgart.de\">sandra.baumholz[@]stuttgart.de<\/a><\/p>\n<p>&nbsp;<\/p>\n<p>&nbsp;<\/p>\n<h3><strong>Au\u00dfergerichtliche Streitbeilegung<\/strong><\/h3>\n<p><strong>Online-Streitbeilegung<\/strong><\/p>\n<p>Die Europ\u00e4ische Kommission stellt unter<a href=\"https:\/\/ec.europa.eu\/consumers\/odr\/main\/index.cfm?event=main.home.chooseLanguage\"> https:\/\/ec.europa.eu\/consumers\/odr\/<\/a> (\u00d6ffnet in einem neuen Tab) eine Plattform zur Online-Streitbeilegung zur Verf\u00fcgung, welche als Anlaufstelle zur au\u00dfergerichtlichen Beilegung von Streitigkeiten dient, die vertragliche Verpflichtungen von Online-Kaufvertr\u00e4gen und Online-Dienstvertr\u00e4gen betreffen.<\/p>\n<p>Die Landeshauptstadt Stuttgart weist darauf hin, dass sie nicht bereit oder verpflichtet ist, am Online-Streitbeilegungsverfahren teilzunehmen.<\/p>\n<p><strong>Alternative Streitbeilegung in Verbrauchersachen<br \/><\/strong><\/p>\n<p>Die Landeshauptstadt Stuttgart weist gem\u00e4\u00df \u00a7 36 VSBG (Verbraucherstreitbeilegungsgesetz) darauf hin, dass sie zur Teilnahme an einem Streitbeilegungsverfahren vor einer Verbraucherschlichtungsstelle weder bereit noch verpflichtet ist.<\/p>\n<p>&nbsp;<\/p>\n<p>&nbsp;<\/p>\n<h3 class=\"font-styling-h5\"><strong>Urheberrechte<br \/><\/strong><\/h3>\n<p>Die Inhalte dieser Webseite, insbesondere Texte, Bilder, Videos, Grafiken usw., unterliegen dem Schutz des Urheberrechts sowie anderer Schutzgesetze. Dies gilt f\u00fcr Inhalte, die von der Landeshauptstadt Stuttgart erstellt wurden, aber auch f\u00fcr Inhalte Dritter. Die Vervielf\u00e4ltigung, Bearbeitung, Verbreitung oder jede andere Art der Verwertung au\u00dferhalb der ausdr\u00fccklichen Gestattungen des Urheberrechtes oder anderer Schutzgesetze ist ohne schriftliche Zustimmung des jeweiligen Rechteinhabers nicht erlaubt. Insbesondere d\u00fcrfen keine Vervielf\u00e4ltigungsst\u00fccke verbreitet oder zu \u00f6ffentlichen Wiedergaben verwendet werden.<\/p>\n<p>Durch die Webseite oder die Nutzung der Webseite wird keine Lizenz zur Nutzung des geistigen Eigentums (insbesondere Marken- und Urheberrechte) erteilt. Die Landeshauptstadt Stuttgart ist bestrebt, bei allen Publikationen die Urheberrechte der insbesondere verwendeten Texte, Bilder, Videos, Grafiken vollst\u00e4ndig zu beachten oder selbst erstellte oder lizenzfreie Inhalte zu verwenden. Sollten Sie trotzdem auf eine Urheberrechtsverletzung aufmerksam werden, bitten wir um einen entsprechenden Hinweis. Bei Bekanntwerden von Rechtsverletzungen werden wir derartige Inhalte umgehend entfernen.<\/p>\n<p>&nbsp;<\/p>\n<p>&nbsp;<\/p>\n<h3 class=\"font-styling-h5\"><strong>Bildrechte<\/strong><\/h3>\n<p><span>Bilder, Fotos oder Videos, die auf dieser Webseite verwendet werden, sind neben dem Urheberrecht grunds\u00e4tzlich auch durch das Recht am Bild gesch\u00fctzt, sofern sie nat\u00fcrliche Personen abbilden. Die freie Verwendung der Bilder, insbesondere ohne Einwilligung der Berechtigten, ist daher auch aufgrund der Bildrechte nicht gestattet.<\/span><\/p>\n<h3><span><\/span><\/h3>\n<p><span><\/span><\/p>\n<h3><strong>Marken- und Kennzeichen<\/strong><strong>rechte<\/strong><\/h3>\n<p>Die auf unseren Seiten verwendeten Marken oder Kennzeichen unterliegen uneingeschr\u00e4nkt den Bestimmungen des anwendbaren Marken- und Kennzeichenrechts. Allein aus der Verwendung von Marken oder Kennzeichen auf unseren Webseiten kann nicht geschlossen werden, dass sie nicht durch Rechte Dritter gesch\u00fctzt sind. Soweit nicht anders angegeben, sind die verwendeten Marken oder Kennzeichen geistiges Eigentum der Landeshauptstadt Stuttgart.<\/p>\n<p><strong><\/strong><\/p>\n<p><strong><\/strong><\/p>\n<h3><strong>Haftungsbeschr\u00e4nkungen<\/strong><\/h3>\n<p><strong>Haftung f\u00fcr Inhalte <\/strong><\/p>\n<p>Die Inhalte der Webseiten wurden mit gro\u00dfer Sorgfalt erstellt. Gleichwohl kann keine vollst\u00e4ndige Gew\u00e4hr f\u00fcr die Richtigkeit, Vollst\u00e4ndigkeit oder Aktualit\u00e4t der enthaltenen Informationen \u00fcbernommen werden. Die Landeshauptstadt Stuttgart beh\u00e4lt es sich ausdr\u00fccklich vor, die Webseiten teilweise oder vollst\u00e4ndig zu ver\u00e4ndern, zu erg\u00e4nzen, zu l\u00f6schen oder die Ver\u00f6ffentlichung zeitweise oder endg\u00fcltig einzustellen.<\/p>\n<p>Als Diensteanbieter ist die Landeshauptstadt Stuttgart f\u00fcr eigene Inhalte auf den Webseiten nach den allgemeinen Gesetzen verantwortlich. Diensteanbieter haben keine allgemeine Verpflichtung, die von ihnen \u00fcbermittelten oder gespeicherten Informationen zu \u00fcberwachen oder aktiv nach Umst\u00e4nden zu forschen, die auf eine rechtswidrige T\u00e4tigkeit hindeuten.<\/p>\n<p>Verpflichtungen zur Entfernung von Informationen oder zur Sperrung der Nutzung von Informationen aufgrund von gerichtlichen oder beh\u00f6rdlichen Anordnungen bleiben hiervon unber\u00fchrt. Eine Haftung besteht erst ab dem Zeitpunkt der Kenntnis einer konkreten Rechtsverletzung. Bei Bekanntwerden von entsprechenden Rechtsverletzungen werden diese Inhalte umgehend entfernt.<\/p>\n<p><strong>Haftung f\u00fcr Links <\/strong><\/p>\n<p>Soweit die Landeshauptstadt Stuttgart durch Verlinkungen auf Webseiten oder Angebote Dritter verweist, wird keine Haftung f\u00fcr die Inhalte dieser Drittanbieter \u00fcbernommen. F\u00fcr die Inhalte der verlinkten Seiten ist stets der jeweilige Anbieter oder Betreiber der Seiten verantwortlich. Auf die aktuelle oder k\u00fcnftige Gestaltung der verlinkten Seiten hat die Landeshauptstadt Stuttgart keinen Einfluss. Die Landeshauptstadt Stuttgart distanziert sich ausdr\u00fccklich von allen verlinkten Inhalten, die rechtswidrig sind oder nach der Verlinkung ver\u00e4ndert wurden.<\/p>\n<p>Die Landeshauptstadt Stuttgart hat die Inhalte der verlinkten Webseiten zum Zeitpunkt der Verlinkung \u00fcberpr\u00fcft. Rechtswidrige Inhalte waren zum Zeitpunkt der Verlinkung nicht erkennbar. Eine st\u00e4ndige inhaltliche Kontrolle der verlinkten Seiten ist ohne konkrete Anhaltspunkte einer Rechtsverletzung nicht zumutbar. Bei Bekanntwerden von Rechtsverletzungen werden rechtswidrige Verlinkungen umgehend entfernt.<\/p>\n<p>&nbsp;<\/p>\n<h3><strong>Schlussbestimmungen<\/strong><\/h3>\n<p>Die Haftungsbeschr\u00e4nkungen sind Teil des Internetangebotes der Landeshauptstadt Stuttgart, ohne die eine Nutzung unserer Webseiten nicht m\u00f6glich ist. Sofern Teile der Haftungsbeschr\u00e4nkungen oder sonstigen Regelungen unwirksam sein sollten, bleiben die \u00fcbrigen Bestimmungen davon unber\u00fchrt.<\/p>\n<p>[\/et_pb_text][\/et_pb_column][\/et_pb_row][\/et_pb_section]<\/p>\n","protected":false},"excerpt":{"rendered":"<p>Landeshauptstadt Stuttgart K\u00f6rperschaft des \u00f6ffentlichen Rechts;sie wird vertreten durch Oberb\u00fcrgermeister Dr. Frank Nopper. &nbsp; Hausanschrift RathausMarktplatz 170173 Stuttgart &nbsp; Postanschrift Landeshauptstadt Stuttgart70161 StuttgartTelefon: +49 711 216-0E-Mail: post@stuttgart.deUmsatzsteuer-Identifikationsnummer: DE 147793909 &nbsp; Verantwortliche Redaktion Verantwortlich i.S.d. \u00a7 18 Abs. 2 MStV: Sandra BaumholzLandeshauptstadt StuttgartAmt f\u00fcr Digitalisierung, Organisation und ITLeitung Stabsstelle: Strategische Planung, digitale Transformation und Innovation. Telefon: [&hellip;]<\/p>\n","protected":false},"author":1,"featured_media":0,"parent":0,"menu_order":0,"comment_status":"closed","ping_status":"closed","template":"","meta":{"_et_pb_use_builder":"on","_et_pb_old_content":"[et_pb_section fb_built=\"1\" _builder_version=\"4.24.0\" _module_preset=\"default\" global_colors_info=\"{}\"][et_pb_row _builder_version=\"4.24.0\" _module_preset=\"default\" global_colors_info=\"{}\"][et_pb_column type=\"4_4\" _builder_version=\"4.24.0\" _module_preset=\"default\" global_colors_info=\"{}\"][et_pb_heading title=\"Datenschutz\" _builder_version=\"4.24.0\" _module_preset=\"default\" title_font=\"|600|||||||\" custom_margin=\"||0px||false|false\" custom_padding=\"||0px||false|false\" global_colors_info=\"{}\"][\/et_pb_heading][et_pb_divider _builder_version=\"4.24.0\" _module_preset=\"default\" custom_margin=\"0px||||false|false\" custom_padding=\"0px||||false|false\" global_colors_info=\"{}\"][\/et_pb_divider][\/et_pb_column][\/et_pb_row][et_pb_row column_structure=\"1_4,3_4\" _builder_version=\"4.24.0\" _module_preset=\"default\" custom_margin=\"0px||||false|false\" custom_padding=\"0px||15px||false|false\" global_colors_info=\"{}\"][et_pb_column type=\"1_4\" _builder_version=\"4.24.0\" _module_preset=\"default\" global_colors_info=\"{}\"][\/et_pb_column][et_pb_column type=\"3_4\" _builder_version=\"4.24.0\" _module_preset=\"default\" global_colors_info=\"{}\"][et_pb_text _builder_version=\"4.24.0\" _module_preset=\"default\" text_font_size=\"15px\" custom_padding=\"||4px|||\" hover_enabled=\"0\" global_colors_info=\"{}\" sticky_enabled=\"0\"]<p><span style=\"color: black;\">F\u00fcr die Nutzung der Website smartcity-stuttgart.de und die digitale Kommunikation gilt die folgende Datenschutzerkl\u00e4rung. Diese Microsite ist ein Angebot der<\/span><\/p>\r\n<p><span style=\"color: black;\">Landeshauptstadt Stuttgart;<\/span><br \/><span style=\"color: black;\">K\u00f6rperschaft des \u00f6ffentlichen Rechts;<\/span><br \/><span style=\"color: black;\">sie wird vertreten durch Oberb\u00fcrgermeister Dr. Frank Nopper.<\/span><\/p>\r\n<p><span style=\"color: black;\">Hausanschrift:<\/span><br \/><span style=\"color: black;\">Rathaus<\/span><br \/><span style=\"color: black;\">Marktplatz 1<\/span><br \/><span style=\"color: black;\">70173 Stuttgart<\/span><\/p>\r\n<p><span style=\"color: black;\">Postanschrift:<\/span><br \/><span style=\"color: black;\">Landeshauptstadt Stuttgart<\/span><br \/><span style=\"color: black;\">70161 Stuttgart<\/span><\/p>\r\n<p><span style=\"color: black;\">Telefon: 0711 216\u22120<\/span><br \/><span style=\"color: black;\">E-Mail:\u00a0<\/span><span style=\"color: #009982;\"><a href=\"mailto:post@stuttgart.de\">post@stuttgart.de<\/a><\/span><\/p>\r\n<p><span style=\"color: black;\">Umsatzsteuer-Identifikationsnummer:<\/span><br \/><span style=\"color: black;\">DE 147793909<\/span><\/p>\r\n<p><span style=\"color: black;\"><\/span><\/p>\r\n<p>\u00a0<\/p>\r\n<h1><strong>1. Nutzungsdaten<\/strong><\/h1>\r\n<p>Bei jedem Zugriff auf www.smartcity-stuttgart.de und bei jedem Abruf einer Datei, werden automatisch \u00fcber diesen Vorgang allgemeine Daten in einer Protokolldatei gespeichert. Die Speicherung dient ausschlie\u00dflich systembezogenen und statistischen Zwecken (auf Grundlage von Art. 6 Abs. 1 Buchst. b) DSGVO), sowie in Ausnahmef\u00e4llen zur Anzeige von Straftaten (auf Grundlage von Art. 6 Abs. 1 Buchst. e) DSGVO).<\/p>\r\n<p>Eine Weitergabe der Daten an Dritte oder eine sonstige Auswertung findet nicht statt, es sei denn, es besteht eine gesetzliche Verpflichtung dazu.<\/p>\r\n<p>Im Einzelnen wird \u00fcber jeden Abruf folgender Datensatz gespeichert:<\/p>\r\n<ul>\r\n<li>Name der abgerufenen Datei<\/li>\r\n<li>Datum und Uhrzeit des Abrufs<\/li>\r\n<li>\u00fcbertragene Datenmenge<\/li>\r\n<li>Meldung, ob der Abruf erfolgreich war<\/li>\r\n<li>Beschreibung des Typs des verwendeten Webbrowsers<\/li>\r\n<li>verwendetes Betriebssystem<\/li>\r\n<li>Suchbegriffe mit Datum und Uhrzeit<\/li>\r\n<li>Provider<\/li>\r\n<\/ul>\r\n<p>\u00a0<\/p>\r\n<p>\u00a0<\/p>\r\n<h1><strong>2. Personenbezogene Daten<\/strong><\/h1>\r\n<p>Personenbezogene Daten werden von uns nur dann verarbeitet, wenn uns dies gesetzlich gestattet ist, oder Sie Ihre Einwilligung erteilt haben.<\/p>\r\n<p>a) Kontakt<br \/>Wenn Sie mit uns in Kontakt treten (z. B. \u00fcber Telefon, E-Mail oder Kontaktformular), speichern wir Ihre Daten auf Grundlage von Art. 6 Abs. 1 Buchst. b) DSGVO zum Zwecke der Bearbeitung Ihrer Anfrage, sowie f\u00fcr den Fall, dass eine weitere Korrespondenz stattfinden sollte. Ihre Daten werden gel\u00f6scht, sobald Ihre Anfrage vollst\u00e4ndig bearbeitet und\/oder beantwortet wurde. Im Rahmen des t\u00e4glichen Backups werden sie noch bis zu 30 Tage gespeichert.<\/p>\r\n<p>\u00a0<\/p>\r\n<p>\u00a0<\/p>\r\n<h1><strong>3. Cookies<\/strong><\/h1>\r\n<p>Wir setzen in einigen Bereichen unseres Internet-Angebots zus\u00e4tzlich sogenannte Cookies ein. Durch solche Dateielemente kann Ihr Computer als technische Einheit w\u00e4hrend Ihres Besuchs auf dieser Internetseite identifiziert werden, um Ihnen die Verwendung unserer Angebote \u2013 auch bei Wiederholungsbesuchen auf dieser Internetseite \u2013 zu erleichtern. So wird ein Cookie z. B. ben\u00f6tigt, um Ihnen in den Shops Funktionen wie den Warenkorb zur Verf\u00fcgung stellen zu k\u00f6nnen.<\/p>\r\n<p>Sie haben aber in der Regel die M\u00f6glichkeit, Ihren Internet-Browser so einzustellen, dass Sie \u00fcber das Auftreten von Cookies informiert werden, so dass Sie diese zulassen oder ausschlie\u00dfen, beziehungsweise bereits vorhandene Cookies l\u00f6schen k\u00f6nnen.<\/p>\r\n<p>Bitte verwenden Sie die Hilfefunktion Ihres Internetbrowsers, um Informationen zu der \u00c4nderung dieser Einstellungen zu erlangen. Wir weisen darauf hin, dass einzelne Funktionen unserer Seiten m\u00f6glicherweise nicht funktionieren, wenn Sie die Verwendung von Cookies deaktiviert haben.<\/p>\r\n<p>Cookies erlauben nicht, dass ein Server private Daten von Ihrem Computer oder die von einem anderen Server abgelegten Daten lesen kann. Sie richten auf Ihrem Rechner keinen Schaden an und enthalten keine Viren.<\/p>\r\n<p>Wir st\u00fctzen den Einsatz von Cookies auf Art. 6 Abs. 1 Buchst. f) DSGVO: die Verarbeitung erfolgt zur Verbesserung der Funktionsweise unseres Portals. Sie ist daher zur Wahrung unserer berechtigten Interessen erforderlich.<\/p>\r\n<p>\u00a0<\/p>\r\n<p>\u00a0<\/p>\r\n<h1><strong>4. Betroffenenrechte<\/strong><\/h1>\r\n<p>a) Auskunftsrecht<br \/>Sie haben das Recht, von uns eine Best\u00e4tigung dar\u00fcber zu verlangen, ob Sie betreffende personenbezogene Daten verarbeitet werden.<\/p>\r\n<p>Senden Sie hierf\u00fcr bitte einfach eine E-Mail an xxxxxxx<\/p>\r\n<p>b) Berichtigung\/L\u00f6schung\/Einschr\u00e4nkung der Verarbeitung<br \/>Des Weiteren haben Sie das Recht, von uns zu verlangen, dass<\/p>\r\n<p>Sie betreffende unrichtige personenbezogene Daten unverz\u00fcglich berichtigt werden (Recht auf Berichtigung);<br \/>Sie betreffende personenbezogene Daten unverz\u00fcglich gel\u00f6scht werden (Recht auf L\u00f6schung) und<br \/>die Verarbeitung eingeschr\u00e4nkt wird (Recht auf Einschr\u00e4nken der Verarbeitung).<br \/>Senden Sie hierf\u00fcr bitte einfach eine xxxxxxx<\/p>\r\n<p>c) Recht auf Daten\u00fcbertragbarkeit<br \/>Sie haben das Recht, Sie betreffende personenbezogene Daten, die Sie uns bereitgestellt haben, in einem strukturierten, g\u00e4ngigen und maschinenlesbaren Format zu erhalten und diese Daten einem anderen Verantwortlichen zu \u00fcbermitteln.<\/p>\r\n<p>Senden Sie hierf\u00fcr bitte einfach eine E-Mail an xxxxx<\/p>\r\n<p>d) Widerrufsrecht<br \/>Sie haben das Recht, Ihre Einwilligung jederzeit zu widerrufen. Durch den Widerruf der Einwilligung wird die Rechtm\u00e4\u00dfigkeit der aufgrund der Einwilligung bis zum Widerruf erfolgten Verarbeitung nicht ber\u00fchrt.<\/p>\r\n<p>Senden Sie hierf\u00fcr bitte einfach eine E-Mail an xxxxxxxx<\/p>\r\n<p>e) Widerspruchsrecht<br \/>Ist die Verarbeitung Sie betreffender personenbezogener Daten f\u00fcr die Wahrnehmung einer Aufgabe, die im \u00f6ffentlichen Interesse liegt (Art. 6 Abs. 1 Buchst. e) DSGVO) oder zur Wahrung unserer berechtigten Interessen (Art. 6 Abs. 1 Buchst. f) DSGVO) erforderlich, haben Sie das Recht, Widerspruch einzulegen.<\/p>\r\n<p>Senden Sie hierf\u00fcr bitte einfach eine E-Mail an xxxxxxxx<\/p>\r\n<p>f) Beschwerderecht<br \/>Sind Sie der Ansicht, dass die Verarbeitung der Sie betreffenden personenbezogenen Daten gegen die DSGVO verst\u00f6\u00dft, haben Sie unbeschadet anderweitiger Rechtsbehelfe das Recht auf Beschwerde bei einer Aufsichtsbeh\u00f6rde.<br \/>poststelle[at]lfdi.bwl.de<\/p>\r\n<p>\u00a0<\/p>\r\n<p>\u00a0<\/p>\r\n<h1><strong>5. Social Media<\/strong><\/h1>\r\n<p>Auf www.smartcity-stuttgart.de finden Sie jeweils am Seitenende die \u201eSocial Media\u201c-Integration. Diese Integration ist lediglich als Link zu Facebook, X, Instagram, LinkedIN, Youtube und XINGr eingebunden. Wenn Sie eines der Logos anklicken, werden Sie auf die entsprechende Internetseite weitergeleitet. Sind Sie zudem als Mitglied bei dem betreffenden Sozialen Netzwerk eingeloggt, so kann der Betreiber des sozialen Netzwerkes den Besuch auf unserer Seite Ihrem jeweiligen Nutzer-Account zuordnen.<br \/>Wenn Sie nicht m\u00f6chten, dass die sozialen Netzwerke Daten \u00fcber Ihren Besuch auf unserer Internetseite sammeln und speichern, m\u00fcssen Sie sich vor dem Klick auf das Logo aus Ihrem jeweiligen Nutzer-Account bei diesen sozialen Netzwerken ausloggen.<br \/>Aktivieren Sie die Daten\u00fcbermittlung durch Bet\u00e4tigen des entsprechenden Links kommt es zu folgender Daten\u00fcbertragung:<\/p>\r\n<p>a.) Facebook<\/p>\r\n<p>Auf unserer Seite ist das Logo des sozialen Netzwerks Facebook (Facebook Ireland Ltd., 4 Grand Canal Square, Grand Canal Harbour, Dublin 2, Irland) integriert.<\/p>\r\n<p>Das Logo wird erst aktiviert, wenn Sie es anklicken. Auf der Grundlage Ihrer Einwilligung gem. Art. 6 Abs. 1 lit. a DSGVO wird dann \u00fcber das Logo eine direkte Verbindung zwischen Ihrem Browser und dem Facebook-Server hergestellt. Facebook erh\u00e4lt dadurch die Information, dass Sie mit Ihrer IP-Adresse unsere Seite besucht haben. Wir sind f\u00fcr diese Datenerhebung und Weiterleitung an Facebook zusammen mit Facebook gemeinsam verantwortlich.<\/p>\r\n<p>Wir weisen darauf hin, dass f\u00fcr die weitere Verarbeitung der \u00fcbermittelten Daten sowie deren Nutzung Facebook verantwortlich ist. Weitere Informationen hierzu finden Sie in der Datenschutzerkl\u00e4rung von Facebook unter\u00a0\u00a0<a href=\"https:\/\/de-de.facebook.com\/policy.php\" rel=\"noopener\">https:\/\/de-de.facebook.com\/policy.php.<\/a><\/p>\r\n<p>Der Datenschutzbeauftragte von Facebook ist erreichbar unter\u00a0\u00a0<a href=\"http:\/\/www.facebook.com\/help\/contact\/540977946302970\">www.facebook.com\/help\/contact\/540977946302970.<\/a><\/p>\r\n<p>Wenn Sie nicht w\u00fcnschen, dass Facebook den Besuch unserer Seite Ihrem Facebook-Nutzerkonto zuordnen kann, loggen Sie sich bitte aus Ihrem Facebook-Benutzerkonto aus, oder aktivieren Sie die \u201eSeite-teilen\u201c-Funktion nicht.<\/p>\r\n<p>b.) X<\/p>\r\n<p>Auf unserer Webseite ist das Logo des sozialen Netzwerks Twitter integriert: Twitter Inc. Twitter, Inc. 1355 Market St, Suite 900, San Francisco, CA 94103, USA.<\/p>\r\n<p>Durch das Benutzen des Twitter-Logos werden die von Ihnen besuchten Seiten mit Ihrem Twitter-Account verkn\u00fcpft und anderen Nutzern bekannt gegeben. Dabei werden auch Daten an Twitter \u00fcbertragen.<\/p>\r\n<p>Wir weisen darauf hin, dass wir als Seitenbetreiber keine Kenntnis vom Inhalt der \u00fcbermittelten Daten sowie deren Nutzung durch Twitter erhalten. Weitere Informationen hierzu finden Sie in der Datenschutzerkl\u00e4rung von Twitter unter\u00a0\u00a0<a href=\"http:\/\/twitter.com\/privacy\">http:\/\/twitter.com\/privacy<\/a>.<\/p>\r\n<p>Ihre Datenschutzeinstellungen bei Twitter k\u00f6nnen Sie in den Konto-Einstellungen unter\u00a0 <a href=\"http:\/\/twitter.com\/account\/settings\">http:\/\/twitter.com\/account\/settings <\/a>\u00e4ndern.<\/p>\r\n<h6>Inhalte auf stuttgart.de von Twitter, Instagram und Youtube<\/h6>\r\n<p>Wir binden auf stuttgart.de Inhalte und Videos unserer Twitter-, Instagram- und Youtube-Kan\u00e4le ein. Diese Dienste sind standardm\u00e4\u00dfig inaktiv, Sie k\u00f6nnen sie aber \u00fcber die Seite Datenschutzeinstellungen jederzeit deaktivieren und aktivieren. Erst wenn Sie mit einem Klick die Buttons aktivieren und damit Ihre Zustimmung erkl\u00e4ren, die Inhalte, die wir \u00fcber Twitter, Instagram und Youtube gesendet haben, zu sehen, wird die Verbindung zu den Netzwerken hergestellt. Durch die Einbettungstechnik k\u00f6nnen generelle Rahmendaten wie z. B. Ihre IP-Adresse an die sozialen Netzwerke und Plattformen zur\u00fcck\u00fcbertragen werden.<\/p>\r\n<p>Wir weisen Sie daher darauf hin, dass Sie den hier angebotenen Dienst und dessen Funktionalit\u00e4ten in eigener Verantwortung nutzen.<\/p>\r\n<p>Die bei der Nutzung des Dienstes \u00fcber Sie erhobenen Daten werden von dem Anbieter verarbeitet und dabei gegebenenfalls in L\u00e4nder au\u00dferhalb der Europ\u00e4ischen Union \u00fcbermittelt. Wir haben keinen Einfluss auf die Art und den Umfang der durch den Anbieter verarbeiteten Daten, die Art der Verarbeitung und Nutzung oder die Weitergabe dieser Daten an Dritte, insbesondere in L\u00e4nder au\u00dferhalb der Europ\u00e4ischen Union.<\/p>\r\n<p>Angaben dar\u00fcber, welche Daten durch den Anbieter verarbeitet und zu welchen Zwecken genutzt werden, finden Sie in der Datenschutzerkl\u00e4rung des Dienstes, die sich hier einsehen k\u00f6nnen:<a href=\"https:\/\/twitter.com\/de\/privacy\"><\/a><\/p>\r\n<p><a href=\"https:\/\/twitter.com\/de\/privacy\">https:\/\/twitter.com\/de\/privacy<\/a><\/p>\r\n<p><a href=\"https:\/\/help.instagram.com\/155833707900388\">https:\/\/help.instagram.com\/155833707900388<\/a><\/p>\r\n<p><a href=\"http:\/\/www.google.de\/policies\/privacy\/\">www.google.de\/policies\/privacy\/<\/a><\/p>\r\n<p>Wir betten YouTube-Videos in unser Portal ein. Diese Videos sind auf www.youtube.com gespeichert. Sie werden mittels einer sog. \u201eFraming-Technologie\u201c auf unserem Portal angezeigt und k\u00f6nnen hier direkt abgespielt werden.<\/p>\r\n<p>Dieser Dienst ist standardm\u00e4\u00dfig inaktiv, Sie k\u00f6nnen ihn aber \u00fcber die Seite Datenschutz-Einstellungen oder vor dem Abspielen eines Videos auf unserer Seiten aktivieren und deaktivieren. Erst wenn Sie mit einem Klick Ihre Zustimmung erkl\u00e4ren, die Inhalte, die wir \u00fcber Youtube gesendet haben, zu sehen, wird die Verbindung zu diesem Dienst hergestellt. Durch die Einbettungstechnik k\u00f6nnen generelle Rahmendaten wie z. B. Ihre IP-Adresse an die sozialen Netzwerke und Plattformen zur\u00fcck\u00fcbertragen werden.<\/p>\r\n<p>Diese \u00dcbermittlung erfolgt unabh\u00e4ngig davon, ob Sie ein Nutzerkonto bei YouTube besitzen oder nicht. Sollten Sie bei einem Google-Nutzerkonto eingeloggt sein, werden Ihre Daten unmittelbar zu diesem Konto zugeordnet. Wenn Sie dies nicht w\u00fcnschen, m\u00fcssen Sie sich vor dem Abspielen des Videos aus Ihrem Nutzerkonto ausloggen. Die an YouTube \u00fcbermittelten Daten werden durch YouTube in Form von Nutzungsprofile gespeichert und f\u00fcr Werbungs- und Marktforschungszwecke sowie f\u00fcr die personalisierte Gestaltung der ihrer Website genutzt. Mit Hilfe dieser Auswertung kann YouTube (auch bei nicht eingeloggten Nutzern) bedarfsoptimierte Werbung generieren und weitere Nutzer von YouTube \u00fcber Ihren Besuch unseres Portals informieren. Sie k\u00f6nnen der Bildung dieser Nutzerprofile widersprechen. Hierzu m\u00fcssen Sie sich an YouTube richten.<\/p>\r\n<p>Wir weisen Sie daher darauf hin, dass Sie den hier angebotenen Dienst und dessen Funktionalit\u00e4ten in eigener Verantwortung nutzen.<\/p>\r\n<p>Die bei der Nutzung des Dienstes \u00fcber Sie erhobenen Daten werden von dem Anbieter verarbeitet und dabei gegebenenfalls in L\u00e4nder au\u00dferhalb der Europ\u00e4ischen Union \u00fcbermittelt. Wir haben keinen Einfluss auf die Art und den Umfang der durch den Anbieter verarbeiteten Daten, die Art der Verarbeitung und Nutzung oder die Weitergabe dieser Daten an Dritte, insbesondere in L\u00e4nder au\u00dferhalb der Europ\u00e4ischen Union.<\/p>\r\n<p>Sie k\u00f6nnen sich unter <a href=\"https:\/\/www.google.de\/intl\/de\/policies\/privacy\">https:\/\/www.google.de\/intl\/de\/policies\/privacy<\/a> weiter \u00fcber die Datenverarbeitung durch YouTube sowie zu Ihren Rechten und den Einstellm\u00f6glichkeiten Ihrer Datenschutzeinstellungen informieren und dort auch Ihre Einstellungen selbst \u00e4ndern. Verarbeitung personenbezogener Daten durch Google erfolgt auch in den USA. Google hat sich hierzu dem EU-US Privacy Shield unterworfen: <a href=\"https:\/\/www.privacyshield.gov\/EU\u2010US\u2010Framework\">https:\/\/www.privacyshield.gov\/EU-US-Framework.<\/a><\/p>\r\n<p>Rechtsgrundlage ist Ihre Einwilligung gem. Art.6 Abs. 1 Buchst. a DSGVO.<\/p>\r\n<p>Wir selbst verarbeiten keine Daten aus Ihrer Nutzung des Dienstes. Sollten wir allerdings Ihre Kommentare teilen oder auf diese antworten oder auch von uns aus Posts verfassen, die auf Ihr Profil verweisen, werden auch von uns die von Ihnen bei dem Dienst eingegebenen Daten, insbesondere Ihr (Nutzer-)Name und die unter Ihrem Account ver\u00f6ffentlichten Inhalte, insofern verarbeitet, als diese in unser Angebot einbezogen und unseren Fans zug\u00e4nglich gemacht werden.<\/p>\r\n<p>Wir nutzen folgende Soziale Netzwerke:<\/p>\r\n<p><a href=\"http:\/\/www.facebook.com\">www.facebook.com<\/a><\/p>\r\n<p><a href=\"http:\/\/www.twitter.com\">www.twitter.com<\/a><\/p>\r\n<p><a href=\"http:\/\/www.instagram.com\">www.instagram.com<\/a><\/p>\r\n<p><a href=\"http:\/\/www.linkedin.com\">www.linkedin.com<\/a><\/p>\r\n<p><a href=\"http:\/\/www.youtube.com\">www.youtube.com<\/a><\/p>\r\n<p><a href=\"http:\/\/www.xing.com\">www.xing.com<\/a><\/p>\r\n<p>Spezielle Informationen zur Verarbeitung personenbezogener Daten bei Nutzung der vorgehend aufgef\u00fchrten Sozialen Netzwerke finden Sie unter der separaten <a href=\"https:\/\/www.stuttgart.de\/datenschutz\/social-media\/social-media-konzept-der-landeshauptstadt-stuttgart.php\" target=\"_blank\" rel=\"noopener\"><span style=\"text-decoration: underline;\">Datenschutzerkl\u00e4rung zu unseren Onlinepr\u00e4senzen.<\/span><\/a><\/p>\r\n<p><span style=\"text-decoration: underline;\"><\/span><\/p>\r\n<p><span style=\"text-decoration: underline;\"><\/span><\/p>\r\n<p><span style=\"text-decoration: underline;\"><\/span><\/p>\r\n<p><span style=\"text-decoration: underline;\"><\/span><\/p>[\/et_pb_text][\/et_pb_column][\/et_pb_row][\/et_pb_section]","_et_gb_content_width":"","footnotes":""},"class_list":["post-1686","page","type-page","status-publish","hentry"],"_links":{"self":[{"href":"https:\/\/digitalmonitor.stuttgart.de\/index.php\/wp-json\/wp\/v2\/pages\/1686"}],"collection":[{"href":"https:\/\/digitalmonitor.stuttgart.de\/index.php\/wp-json\/wp\/v2\/pages"}],"about":[{"href":"https:\/\/digitalmonitor.stuttgart.de\/index.php\/wp-json\/wp\/v2\/types\/page"}],"author":[{"embeddable":true,"href":"https:\/\/digitalmonitor.stuttgart.de\/index.php\/wp-json\/wp\/v2\/users\/1"}],"replies":[{"embeddable":true,"href":"https:\/\/digitalmonitor.stuttgart.de\/index.php\/wp-json\/wp\/v2\/comments?post=1686"}],"version-history":[{"count":13,"href":"https:\/\/digitalmonitor.stuttgart.de\/index.php\/wp-json\/wp\/v2\/pages\/1686\/revisions"}],"predecessor-version":[{"id":3765,"href":"https:\/\/digitalmonitor.stuttgart.de\/index.php\/wp-json\/wp\/v2\/pages\/1686\/revisions\/3765"}],"wp:attachment":[{"href":"https:\/\/digitalmonitor.stuttgart.de\/index.php\/wp-json\/wp\/v2\/media?parent=1686"}],"curies":[{"name":"wp","href":"https:\/\/api.w.org\/{rel}","templated":true}]}}